{"id":7523,"date":"2019-01-28T23:04:45","date_gmt":"2019-01-28T22:04:45","guid":{"rendered":"https:\/\/www.steenkamper.de\/?post_type=tribe_events&#038;p=7523"},"modified":"2019-02-09T18:02:04","modified_gmt":"2019-02-09T17:02:04","slug":"planungswerkstatt","status":"publish","type":"tribe_events","link":"https:\/\/www.steenkamper.de\/index.php\/event\/planungswerkstatt\/","title":{"rendered":"Planungswerkstatt"},"content":{"rendered":"<p><span class=\"s2\">\u201ePlanungswerkstatt &#8211;\u00a0<\/span>Jubil\u00e4um 2020 + Saalrenovierung<span class=\"s2\">\u201c\u00a0<\/span><span class=\"s2\">mit anschl.\u00a0<\/span><span class=\"s2\">Helfer<\/span><span class=\"s2\">essen<\/span><\/p>\n<div><i><b>Planungswerkstatt\u00a0<\/b><\/i><i><b>am 6.4.2019 von 16-19h im Steenkampsaal\u00a0<\/b><\/i><i><b>&#8211; Thema: Jubil\u00e4um 2020 &#8211; &#8220;Zusammen 100 werden&#8221; <\/b><\/i><\/div>\n<div><i>\u00a0Liebe alteingesessene und neue\u00a0Nachbarn, wir m\u00f6chten mit Euch unser Jubil\u00e4umsjahr planen- und dabei auch besonders auf die Geschichten und Erfahrungen der langj\u00e4hrigen Bewohner der Siedlung bauen &#8211; daher kommt zahlreich <a dir=\"ltr\" href=\"x-apple-data-detectors:\/\/5\">am 6. April<\/a> in den Steenkampsaal damit wir zusammen planen k\u00f6nnen.<\/i><\/div>\n<p>Bitte hier die Teilnahme anmelden!!! oder telefonisch (AB) 040 65914134<\/p>\n<p><a href=\"https:\/\/i0.wp.com\/www.steenkamper.de\/wp-content\/uploads\/2019\/02\/zukunftswerkstatt19-magazin.jpg?ssl=1\"><img data-recalc-dims=\"1\" fetchpriority=\"high\" decoding=\"async\" data-attachment-id=\"7641\" data-permalink=\"https:\/\/www.steenkamper.de\/index.php\/2019\/02\/14\/planungswerkstatt-2020\/zukunftswerkstatt19-magazin\/\" data-orig-file=\"https:\/\/i0.wp.com\/www.steenkamper.de\/wp-content\/uploads\/2019\/02\/zukunftswerkstatt19-magazin.jpg?fit=1754%2C2481&amp;ssl=1\" data-orig-size=\"1754,2481\" data-comments-opened=\"1\" data-image-meta=\"{&quot;aperture&quot;:&quot;0&quot;,&quot;credit&quot;:&quot;&quot;,&quot;camera&quot;:&quot;&quot;,&quot;caption&quot;:&quot;&quot;,&quot;created_timestamp&quot;:&quot;0&quot;,&quot;copyright&quot;:&quot;&quot;,&quot;focal_length&quot;:&quot;0&quot;,&quot;iso&quot;:&quot;0&quot;,&quot;shutter_speed&quot;:&quot;0&quot;,&quot;title&quot;:&quot;&quot;,&quot;orientation&quot;:&quot;1&quot;}\" data-image-title=\"zukunftswerkstatt19-magazin\" data-image-description=\"\" data-image-caption=\"\" data-large-file=\"https:\/\/i0.wp.com\/www.steenkamper.de\/wp-content\/uploads\/2019\/02\/zukunftswerkstatt19-magazin.jpg?fit=724%2C1024&amp;ssl=1\" class=\"alignnone wp-image-7641 size-medium\" src=\"https:\/\/i0.wp.com\/www.steenkamper.de\/wp-content\/uploads\/2019\/02\/zukunftswerkstatt19-magazin.jpg?resize=212%2C300&#038;ssl=1\" alt=\"\" width=\"212\" height=\"300\" srcset=\"https:\/\/i0.wp.com\/www.steenkamper.de\/wp-content\/uploads\/2019\/02\/zukunftswerkstatt19-magazin.jpg?resize=212%2C300&amp;ssl=1 212w, https:\/\/i0.wp.com\/www.steenkamper.de\/wp-content\/uploads\/2019\/02\/zukunftswerkstatt19-magazin.jpg?resize=768%2C1086&amp;ssl=1 768w, https:\/\/i0.wp.com\/www.steenkamper.de\/wp-content\/uploads\/2019\/02\/zukunftswerkstatt19-magazin.jpg?resize=724%2C1024&amp;ssl=1 724w, https:\/\/i0.wp.com\/www.steenkamper.de\/wp-content\/uploads\/2019\/02\/zukunftswerkstatt19-magazin.jpg?resize=500%2C707&amp;ssl=1 500w, https:\/\/i0.wp.com\/www.steenkamper.de\/wp-content\/uploads\/2019\/02\/zukunftswerkstatt19-magazin.jpg?resize=450%2C637&amp;ssl=1 450w, https:\/\/i0.wp.com\/www.steenkamper.de\/wp-content\/uploads\/2019\/02\/zukunftswerkstatt19-magazin.jpg?w=1754&amp;ssl=1 1754w, https:\/\/i0.wp.com\/www.steenkamper.de\/wp-content\/uploads\/2019\/02\/zukunftswerkstatt19-magazin.jpg?w=1500&amp;ssl=1 1500w\" sizes=\"(max-width: 212px) 100vw, 212px\" \/><\/a><\/p>\n","protected":false},"excerpt":{"rendered":"<p>\u201ePlanungswerkstatt &#8211;\u00a0Jubil\u00e4um 2020 + Saalrenovierung\u201c\u00a0mit anschl.\u00a0Helferessen Planungswerkstatt\u00a0am 6.4.2019 von 16-19h im Steenkampsaal\u00a0&#8211; Thema: Jubil\u00e4um 2020 &#8211; &#8220;Zusammen 100 werden&#8221; \u00a0Liebe alteingesessene und neue\u00a0Nachbarn, wir m\u00f6chten mit Euch unser Jubil\u00e4umsjahr planen-&#8230; <\/p>\n<p><a class=\"teaser-more\" href=\"https:\/\/www.steenkamper.de\/index.php\/event\/planungswerkstatt\/\">weiter lesen<\/a><\/p>\n","protected":false},"author":6,"featured_media":0,"template":"","meta":{"_acf_changed":false,"_price":"","_stock":"","_tribe_ticket_header":"","_tribe_default_ticket_provider":"","_tribe_ticket_capacity":"0","_ticket_start_date":"","_ticket_end_date":"","_tribe_ticket_show_description":"","_tribe_ticket_show_not_going":false,"_tribe_ticket_use_global_stock":"","_tribe_ticket_global_stock_level":"","_global_stock_mode":"","_global_stock_cap":"","_tribe_rsvp_for_event":"","_tribe_ticket_going_count":"","_tribe_ticket_not_going_count":"","_tribe_tickets_list":"[]","_tribe_ticket_has_attendee_info_fields":false,"jetpack_post_was_ever_published":false,"_tribe_events_status":"","_tribe_events_status_reason":"","footnotes":"","_tec_slr_enabled":"","_tec_slr_layout":""},"tags":[],"tribe_events_cat":[],"class_list":["post-7523","tribe_events","type-tribe_events","status-publish","hentry"],"acf":[],"jetpack_sharing_enabled":true,"jetpack_likes_enabled":true,"ticketed":false,"_links":{"self":[{"href":"https:\/\/www.steenkamper.de\/index.php\/wp-json\/wp\/v2\/tribe_events\/7523","targetHints":{"allow":["GET"]}}],"collection":[{"href":"https:\/\/www.steenkamper.de\/index.php\/wp-json\/wp\/v2\/tribe_events"}],"about":[{"href":"https:\/\/www.steenkamper.de\/index.php\/wp-json\/wp\/v2\/types\/tribe_events"}],"author":[{"embeddable":true,"href":"https:\/\/www.steenkamper.de\/index.php\/wp-json\/wp\/v2\/users\/6"}],"version-history":[{"count":5,"href":"https:\/\/www.steenkamper.de\/index.php\/wp-json\/wp\/v2\/tribe_events\/7523\/revisions"}],"predecessor-version":[{"id":7694,"href":"https:\/\/www.steenkamper.de\/index.php\/wp-json\/wp\/v2\/tribe_events\/7523\/revisions\/7694"}],"wp:attachment":[{"href":"https:\/\/www.steenkamper.de\/index.php\/wp-json\/wp\/v2\/media?parent=7523"}],"wp:term":[{"taxonomy":"post_tag","embeddable":true,"href":"https:\/\/www.steenkamper.de\/index.php\/wp-json\/wp\/v2\/tags?post=7523"},{"taxonomy":"tribe_events_cat","embeddable":true,"href":"https:\/\/www.steenkamper.de\/index.php\/wp-json\/wp\/v2\/tribe_events_cat?post=7523"}],"curies":[{"name":"wp","href":"https:\/\/api.w.org\/{rel}","templated":true}]}}