{"id":36681,"date":"2026-06-03T08:53:15","date_gmt":"2026-06-03T06:53:15","guid":{"rendered":"https:\/\/www.steenkamper.de\/?post_type=tribe_events&#038;p=36681"},"modified":"2026-08-25T23:32:12","modified_gmt":"2026-08-25T21:32:12","slug":"sommerfest-2026","status":"publish","type":"tribe_events","link":"https:\/\/www.steenkamper.de\/index.php\/event\/sommerfest-2026\/","title":{"rendered":"Sommerfest 2026"},"content":{"rendered":"<h4 class=\"xdj266r x14z9mp xat24cr x1lziwak x1vvkbs\">Am ersten Septemberwochenende findet wieder das Sommerfest in der Steenkampsiedlung f\u00fcr jung und alt statt.<\/h4>\n<p><br class=\"html-br\" \/><strong>Samstag:<\/strong><br class=\"html-br\" \/>\u2022 Live Musik (Open Air)<br class=\"html-br\" \/>\u2022 Flohmarkt<br class=\"html-br\" \/>\u2022 Kaffee und Kuchen<br class=\"html-br\" \/>\u2022 Grill und Bier<br class=\"html-br\" \/>\u2022 Steenkamplauf<br class=\"html-br\" \/>\u2022 Tanzparty im Saal bis in die Nacht<\/p>\n<div class=\"x14z9mp xat24cr x1lziwak x1vvkbs xtlvy1s\"><strong>Sonntag:<\/strong><br class=\"html-br\" \/>\u2022 Live Musik (Open Air)<br class=\"html-br\" \/>\u2022 Kaffee und Kuchen<br class=\"html-br\" \/>\u2022 Grill und Bier<br class=\"html-br\" \/>\u2022 Boule <br class=\"html-br\" \/>\u2022 Spiele f\u00fcr die Kleinen<\/div>\n<div><\/div>\n<div><strong>Boulturnier: Sonntag 13:00-15:00 Uhr<\/strong><br \/>\nDie Teilnehmer:Innen k\u00f6nnen sich ab Samstag in die Liste eintragen, die dann vor dem Eingang des Steenkampsaals stehen wird.\u00a0Die Beteiligten k\u00f6nnen gerne ihre eigenen Kugeln mitbringen, wir stellen aber auch welche zur Verf\u00fcgung. Der Austragungsort ist auf dem Fu\u00dfweg Steenkamp, Richtung Ebertallee. F\u00fcr das diesj\u00e4hrige Turnier gibt es auch tolle Pokale und Preise.<\/div>\n<div><\/div>\n<div class=\"x14z9mp xat24cr x1lziwak x1vvkbs xtlvy1s\">Es wird an beiden Tagen der <strong>Steenkamp Express<\/strong> durch den Steenkamp fahren.<br \/>\nKinder k\u00f6nnen hier mitfahren.<\/div>\n<div class=\"x14z9mp xat24cr x1lziwak x1vvkbs xtlvy1s\">\n<figure id=\"attachment_28656\" aria-describedby=\"caption-attachment-28656\" style=\"width: 300px\" class=\"wp-caption alignnone\"><img data-recalc-dims=\"1\" fetchpriority=\"high\" decoding=\"async\" data-attachment-id=\"28656\" data-permalink=\"https:\/\/www.steenkamper.de\/index.php\/event\/sommerfest-2026\/img_2336-1\/\" data-orig-file=\"https:\/\/i0.wp.com\/www.steenkamper.de\/wp-content\/uploads\/2024\/09\/img_2336-1.jpg?fit=750%2C555&amp;ssl=1\" data-orig-size=\"750,555\" data-comments-opened=\"1\" data-image-meta=\"{&quot;aperture&quot;:&quot;0&quot;,&quot;credit&quot;:&quot;&quot;,&quot;camera&quot;:&quot;&quot;,&quot;caption&quot;:&quot;&quot;,&quot;created_timestamp&quot;:&quot;0&quot;,&quot;copyright&quot;:&quot;&quot;,&quot;focal_length&quot;:&quot;0&quot;,&quot;iso&quot;:&quot;0&quot;,&quot;shutter_speed&quot;:&quot;0&quot;,&quot;title&quot;:&quot;&quot;,&quot;orientation&quot;:&quot;1&quot;}\" data-image-title=\"img_2336-1\" data-image-description=\"\" data-image-caption=\"&lt;p&gt;Steenkamp Express auf dem Sommerfest&lt;\/p&gt;\n\" data-large-file=\"https:\/\/i0.wp.com\/www.steenkamper.de\/wp-content\/uploads\/2024\/09\/img_2336-1.jpg?fit=750%2C555&amp;ssl=1\" class=\"size-medium wp-image-28656\" src=\"https:\/\/i0.wp.com\/www.steenkamper.de\/wp-content\/uploads\/2024\/09\/img_2336-1.jpg?resize=300%2C222&#038;ssl=1\" alt=\"\" width=\"300\" height=\"222\" srcset=\"https:\/\/i0.wp.com\/www.steenkamper.de\/wp-content\/uploads\/2024\/09\/img_2336-1.jpg?resize=300%2C222&amp;ssl=1 300w, https:\/\/i0.wp.com\/www.steenkamper.de\/wp-content\/uploads\/2024\/09\/img_2336-1.jpg?resize=450%2C333&amp;ssl=1 450w, https:\/\/i0.wp.com\/www.steenkamper.de\/wp-content\/uploads\/2024\/09\/img_2336-1.jpg?resize=600%2C444&amp;ssl=1 600w, https:\/\/i0.wp.com\/www.steenkamper.de\/wp-content\/uploads\/2024\/09\/img_2336-1.jpg?w=750&amp;ssl=1 750w\" sizes=\"(max-width: 300px) 100vw, 300px\" \/><figcaption id=\"caption-attachment-28656\" class=\"wp-caption-text\"><em>Steenkamp Express auf dem Sommerfest<\/em><\/figcaption><\/figure>\n<div>\n<h4><strong>Line-Up auf der Open Air B\u00fchne auf der Vogelweide<\/strong><\/h4>\n<p><img data-recalc-dims=\"1\" decoding=\"async\" data-attachment-id=\"21244\" data-permalink=\"https:\/\/www.steenkamper.de\/3f1bd513-475e-4777-9b1f-b2246d977825\/\" data-orig-file=\"https:\/\/i0.wp.com\/www.steenkamper.de\/wp-content\/uploads\/2022\/10\/3F1BD513-475E-4777-9B1F-B2246D977825.jpg?fit=2049%2C1537&amp;ssl=1\" data-orig-size=\"2049,1537\" data-comments-opened=\"1\" data-image-meta=\"{&quot;aperture&quot;:&quot;2.4&quot;,&quot;credit&quot;:&quot;&quot;,&quot;camera&quot;:&quot;iPhone 11&quot;,&quot;caption&quot;:&quot;&quot;,&quot;created_timestamp&quot;:&quot;1662309716&quot;,&quot;copyright&quot;:&quot;&quot;,&quot;focal_length&quot;:&quot;1.54&quot;,&quot;iso&quot;:&quot;20&quot;,&quot;shutter_speed&quot;:&quot;0.0013966480446927&quot;,&quot;title&quot;:&quot;&quot;,&quot;orientation&quot;:&quot;1&quot;}\" data-image-title=\"Sommerfest 2022\" data-image-description=\"\" data-image-caption=\"&lt;p&gt;Sommerfest 2022&lt;\/p&gt;\n\" data-large-file=\"https:\/\/i0.wp.com\/www.steenkamper.de\/wp-content\/uploads\/2022\/10\/3F1BD513-475E-4777-9B1F-B2246D977825.jpg?fit=1024%2C768&amp;ssl=1\" class=\"alignnone wp-image-21244 \" src=\"https:\/\/i0.wp.com\/www.steenkamper.de\/wp-content\/uploads\/2022\/10\/3F1BD513-475E-4777-9B1F-B2246D977825.jpg?resize=300%2C225&#038;ssl=1\" alt=\"\" width=\"300\" height=\"225\" srcset=\"https:\/\/i0.wp.com\/www.steenkamper.de\/wp-content\/uploads\/2022\/10\/3F1BD513-475E-4777-9B1F-B2246D977825.jpg?resize=1024%2C768&amp;ssl=1 1024w, https:\/\/i0.wp.com\/www.steenkamper.de\/wp-content\/uploads\/2022\/10\/3F1BD513-475E-4777-9B1F-B2246D977825.jpg?resize=300%2C225&amp;ssl=1 300w, https:\/\/i0.wp.com\/www.steenkamper.de\/wp-content\/uploads\/2022\/10\/3F1BD513-475E-4777-9B1F-B2246D977825.jpg?resize=768%2C576&amp;ssl=1 768w, https:\/\/i0.wp.com\/www.steenkamper.de\/wp-content\/uploads\/2022\/10\/3F1BD513-475E-4777-9B1F-B2246D977825.jpg?resize=1536%2C1152&amp;ssl=1 1536w, https:\/\/i0.wp.com\/www.steenkamper.de\/wp-content\/uploads\/2022\/10\/3F1BD513-475E-4777-9B1F-B2246D977825.jpg?resize=450%2C338&amp;ssl=1 450w, https:\/\/i0.wp.com\/www.steenkamper.de\/wp-content\/uploads\/2022\/10\/3F1BD513-475E-4777-9B1F-B2246D977825.jpg?resize=1000%2C750&amp;ssl=1 1000w, https:\/\/i0.wp.com\/www.steenkamper.de\/wp-content\/uploads\/2022\/10\/3F1BD513-475E-4777-9B1F-B2246D977825.jpg?resize=600%2C450&amp;ssl=1 600w, https:\/\/i0.wp.com\/www.steenkamper.de\/wp-content\/uploads\/2022\/10\/3F1BD513-475E-4777-9B1F-B2246D977825.jpg?w=2000&amp;ssl=1 2000w\" sizes=\"(max-width: 300px) 100vw, 300px\" \/><\/p>\n<\/div>\n<\/div>\n<table class=\"worksheet\">\n<colgroup>\n<col \/>\n<col \/>\n<col \/><\/colgroup>\n<tbody>\n<tr>\n<td class=\"s0\"><\/td>\n<td class=\"s1\"><\/td>\n<td><\/td>\n<\/tr>\n<tr>\n<td class=\"s0\"><\/td>\n<td class=\"s2\"><strong>Programm Samstag 05.09.2026<\/strong><\/td>\n<td class=\"s3\"><\/td>\n<\/tr>\n<tr>\n<td class=\"s0\"><\/td>\n<td class=\"s4\"><\/td>\n<td class=\"s4\"><\/td>\n<\/tr>\n<tr>\n<td class=\"s0\"><\/td>\n<td class=\"s5\">Uhrzeit<\/td>\n<td class=\"s5\">Programm<\/td>\n<\/tr>\n<tr>\n<td class=\"s0\"><\/td>\n<td class=\"s6\">14:00<\/td>\n<td class=\"s4\">Tonia Szkurhan (Jazz)<\/td>\n<\/tr>\n<tr>\n<td class=\"s0\"><\/td>\n<td class=\"s6\">15:00<\/td>\n<td class=\"s4\">The Haters (Rock\/Sch\u00fcler-Band)<\/td>\n<\/tr>\n<tr>\n<td class=\"s0\"><\/td>\n<td class=\"s6\">15:30<\/td>\n<td class=\"s4\">Bingo Royal (Deutscher Indie-Rock)<\/td>\n<\/tr>\n<tr>\n<td class=\"s0\"><\/td>\n<td class=\"s6\">16:30<\/td>\n<td class=\"s7\">Theo Hansen Kombo (Jazz)<\/td>\n<\/tr>\n<tr>\n<td class=\"s0\"><\/td>\n<td class=\"s6\">17:30<\/td>\n<td class=\"s4\">Pause<\/td>\n<\/tr>\n<tr>\n<td class=\"s0\"><\/td>\n<td class=\"s6\">18:00<\/td>\n<td class=\"s0\">Weit Drau\u00dfen (Indie-Rock)<\/td>\n<\/tr>\n<tr>\n<td class=\"s0\"><\/td>\n<td class=\"s6\">19:00<\/td>\n<td class=\"s4\">Pause<\/td>\n<\/tr>\n<tr>\n<td class=\"s0\"><\/td>\n<td class=\"s6\">19:30<\/td>\n<td class=\"s4\">Kultfaktor (Indie-Rock, Post Punk, NNDW)<\/td>\n<\/tr>\n<tr>\n<td class=\"s0\"><\/td>\n<td class=\"s6\">20:30<\/td>\n<td class=\"s4\">Pause<\/td>\n<\/tr>\n<tr>\n<td class=\"s0\"><\/td>\n<td class=\"s6\">21:00<\/td>\n<td class=\"s4\">Shangolectro (Afrocuban Electro Dancefloor)<\/td>\n<\/tr>\n<tr>\n<td class=\"s0\"><\/td>\n<td class=\"s6\">22:00<\/td>\n<td class=\"s4\">Disko im Saal<\/td>\n<\/tr>\n<tr>\n<td class=\"s0\"><\/td>\n<td class=\"s4\"><\/td>\n<td class=\"s4\"><\/td>\n<\/tr>\n<tr>\n<td height=\"14\"><\/td>\n<td><\/td>\n<td><\/td>\n<\/tr>\n<tr>\n<td class=\"s0\"><\/td>\n<td class=\"s8\"><b>Programm Sonntag 06.09.2026<\/b><\/td>\n<td class=\"s9\"><\/td>\n<\/tr>\n<tr>\n<td class=\"s0\"><\/td>\n<td class=\"s0\"><\/td>\n<td class=\"s0\"><\/td>\n<\/tr>\n<tr>\n<td class=\"s0\"><\/td>\n<td class=\"s5\">Uhrzeit<\/td>\n<td class=\"s10\">Programm<\/td>\n<\/tr>\n<tr>\n<td class=\"s0\"><\/td>\n<td class=\"s6\">12:00<\/td>\n<td class=\"s4\">Mari &amp; the Looper (Italienische Lieder mit Loop Station)<\/td>\n<\/tr>\n<tr>\n<td class=\"s0\"><\/td>\n<td class=\"s6\">13:00<\/td>\n<td class=\"s4\">Combo Rosso (Latin\/Kleszmer mit Rockeinfl\u00fcssen (Deutsch und Spanisch))<\/td>\n<\/tr>\n<tr>\n<td class=\"s0\"><\/td>\n<td class=\"s6\">14:00<\/td>\n<td class=\"s4\">Pause<\/td>\n<\/tr>\n<tr>\n<td class=\"s0\"><\/td>\n<td class=\"s6\">14:30<\/td>\n<td class=\"s4\">Sir Bradley (Jazz)<\/td>\n<\/tr>\n<tr>\n<td class=\"s0\"><\/td>\n<td class=\"s6\">15:30<\/td>\n<td class=\"s4\">Pause<\/td>\n<\/tr>\n<tr>\n<td class=\"s0\"><\/td>\n<td class=\"s6\">16:00<\/td>\n<td class=\"s0\">Preisverleihung der Kinderspiele und des Bouleturniers<\/td>\n<\/tr>\n<tr>\n<td class=\"s0\"><\/td>\n<td class=\"s6\">16:30<\/td>\n<td class=\"s4\">Simon Sagt (Kinderlieder f\u00fcr Fortgeschrittene)<\/td>\n<\/tr>\n<tr>\n<td class=\"s0\"><\/td>\n<td class=\"s6\">17:30<\/td>\n<td class=\"s4\">Ende<\/td>\n<\/tr>\n<\/tbody>\n<\/table>\n<div class=\"x14z9mp xat24cr x1lziwak x1vvkbs xtlvy1s\">\n<p>&nbsp;<\/p>\n<\/div>\n<div><\/div>\n<div><em>\u00c4nderungen vorbehalten!<\/em><\/div>\n<div>\n<h4 class=\"xdj266r x14z9mp xat24cr x1lziwak x1vvkbs\"><img data-recalc-dims=\"1\" decoding=\"async\" data-attachment-id=\"36986\" data-permalink=\"https:\/\/www.steenkamper.de\/index.php\/gutenachbarschaft\/sommerfest-26-steenkamperx\/\" data-orig-file=\"https:\/\/i0.wp.com\/www.steenkamper.de\/wp-content\/uploads\/2026\/07\/sommerfest-26-steenkamperX-scaled.jpg?fit=1728%2C2560&amp;ssl=1\" data-orig-size=\"1728,2560\" data-comments-opened=\"1\" data-image-meta=\"{&quot;aperture&quot;:&quot;0&quot;,&quot;credit&quot;:&quot;&quot;,&quot;camera&quot;:&quot;&quot;,&quot;caption&quot;:&quot;&quot;,&quot;created_timestamp&quot;:&quot;0&quot;,&quot;copyright&quot;:&quot;&quot;,&quot;focal_length&quot;:&quot;0&quot;,&quot;iso&quot;:&quot;0&quot;,&quot;shutter_speed&quot;:&quot;0&quot;,&quot;title&quot;:&quot;&quot;,&quot;orientation&quot;:&quot;0&quot;,&quot;alt&quot;:&quot;&quot;}\" data-image-title=\"sommerfest-26-steenkamperX\" data-image-description=\"\" data-image-caption=\"\" data-large-file=\"https:\/\/i0.wp.com\/www.steenkamper.de\/wp-content\/uploads\/2026\/07\/sommerfest-26-steenkamperX-scaled.jpg?fit=691%2C1024&amp;ssl=1\" class=\"alignnone wp-image-36986 size-medium\" src=\"https:\/\/i0.wp.com\/www.steenkamper.de\/wp-content\/uploads\/2026\/07\/sommerfest-26-steenkamperX.jpg?resize=202%2C300&#038;ssl=1\" alt=\"\" width=\"202\" height=\"300\" srcset=\"https:\/\/i0.wp.com\/www.steenkamper.de\/wp-content\/uploads\/2026\/07\/sommerfest-26-steenkamperX-scaled.jpg?resize=202%2C300&amp;ssl=1 202w, https:\/\/i0.wp.com\/www.steenkamper.de\/wp-content\/uploads\/2026\/07\/sommerfest-26-steenkamperX-scaled.jpg?resize=691%2C1024&amp;ssl=1 691w, https:\/\/i0.wp.com\/www.steenkamper.de\/wp-content\/uploads\/2026\/07\/sommerfest-26-steenkamperX-scaled.jpg?resize=768%2C1138&amp;ssl=1 768w, https:\/\/i0.wp.com\/www.steenkamper.de\/wp-content\/uploads\/2026\/07\/sommerfest-26-steenkamperX-scaled.jpg?resize=1037%2C1536&amp;ssl=1 1037w, https:\/\/i0.wp.com\/www.steenkamper.de\/wp-content\/uploads\/2026\/07\/sommerfest-26-steenkamperX-scaled.jpg?resize=1382%2C2048&amp;ssl=1 1382w, https:\/\/i0.wp.com\/www.steenkamper.de\/wp-content\/uploads\/2026\/07\/sommerfest-26-steenkamperX-scaled.jpg?resize=300%2C444&amp;ssl=1 300w, https:\/\/i0.wp.com\/www.steenkamper.de\/wp-content\/uploads\/2026\/07\/sommerfest-26-steenkamperX-scaled.jpg?resize=600%2C889&amp;ssl=1 600w, https:\/\/i0.wp.com\/www.steenkamper.de\/wp-content\/uploads\/2026\/07\/sommerfest-26-steenkamperX-scaled.jpg?w=1728&amp;ssl=1 1728w\" sizes=\"(max-width: 202px) 100vw, 202px\" \/> <a href=\"https:\/\/www.steenkamper.de\/index.php\/flohmarkt-anmeldung\/\"><img data-recalc-dims=\"1\" loading=\"lazy\" decoding=\"async\" data-attachment-id=\"36994\" data-permalink=\"https:\/\/www.steenkamper.de\/index.php\/flohmarkt-anmeldung\/flohmarkt2026\/\" data-orig-file=\"https:\/\/i0.wp.com\/www.steenkamper.de\/wp-content\/uploads\/2026\/07\/Flohmarkt2026.png?fit=725%2C1040&amp;ssl=1\" data-orig-size=\"725,1040\" data-comments-opened=\"1\" data-image-meta=\"{&quot;aperture&quot;:&quot;0&quot;,&quot;credit&quot;:&quot;&quot;,&quot;camera&quot;:&quot;&quot;,&quot;caption&quot;:&quot;&quot;,&quot;created_timestamp&quot;:&quot;0&quot;,&quot;copyright&quot;:&quot;&quot;,&quot;focal_length&quot;:&quot;0&quot;,&quot;iso&quot;:&quot;0&quot;,&quot;shutter_speed&quot;:&quot;0&quot;,&quot;title&quot;:&quot;&quot;,&quot;orientation&quot;:&quot;0&quot;,&quot;alt&quot;:&quot;&quot;}\" data-image-title=\"Flohmarkt2026\" data-image-description=\"\" data-image-caption=\"\" data-large-file=\"https:\/\/i0.wp.com\/www.steenkamper.de\/wp-content\/uploads\/2026\/07\/Flohmarkt2026.png?fit=714%2C1024&amp;ssl=1\" class=\"alignnone wp-image-36994 size-medium\" src=\"https:\/\/i0.wp.com\/www.steenkamper.de\/wp-content\/uploads\/2026\/07\/Flohmarkt2026.png?resize=209%2C300&#038;ssl=1\" alt=\"\" width=\"209\" height=\"300\" srcset=\"https:\/\/i0.wp.com\/www.steenkamper.de\/wp-content\/uploads\/2026\/07\/Flohmarkt2026.png?resize=209%2C300&amp;ssl=1 209w, https:\/\/i0.wp.com\/www.steenkamper.de\/wp-content\/uploads\/2026\/07\/Flohmarkt2026.png?resize=714%2C1024&amp;ssl=1 714w, https:\/\/i0.wp.com\/www.steenkamper.de\/wp-content\/uploads\/2026\/07\/Flohmarkt2026.png?resize=300%2C430&amp;ssl=1 300w, https:\/\/i0.wp.com\/www.steenkamper.de\/wp-content\/uploads\/2026\/07\/Flohmarkt2026.png?resize=600%2C861&amp;ssl=1 600w, https:\/\/i0.wp.com\/www.steenkamper.de\/wp-content\/uploads\/2026\/07\/Flohmarkt2026.png?w=725&amp;ssl=1 725w\" sizes=\"(max-width: 209px) 100vw, 209px\" \/><\/a><\/h4>\n<\/div>\n","protected":false},"excerpt":{"rendered":"<p>Am ersten Septemberwochenende findet wieder das Sommerfest in der Steenkampsiedlung f\u00fcr jung und alt statt. Samstag:\u2022 Live Musik (Open Air)\u2022 Flohmarkt\u2022 Kaffee und Kuchen\u2022 Grill und Bier\u2022 Steenkamplauf\u2022 Tanzparty im [&hellip;]<\/p>\n","protected":false},"author":6,"featured_media":30380,"template":"","meta":{"_acf_changed":false,"site-sidebar-layout":"default","site-content-layout":"","ast-site-content-layout":"default","site-content-style":"default","site-sidebar-style":"default","ast-global-header-display":"","ast-banner-title-visibility":"","ast-main-header-display":"","ast-hfb-above-header-display":"","ast-hfb-below-header-display":"","ast-hfb-mobile-header-display":"","site-post-title":"","ast-breadcrumbs-content":"","ast-featured-img":"","footer-sml-layout":"","ast-disable-related-posts":"","theme-transparent-header-meta":"default","adv-header-id-meta":"","stick-header-meta":"","header-above-stick-meta":"","header-main-stick-meta":"","header-below-stick-meta":"","astra-migrate-meta-layouts":"set","ast-page-background-enabled":"default","ast-page-background-meta":{"desktop":{"background-color":"var(--ast-global-color-5)","background-image":"","background-repeat":"repeat","background-position":"center center","background-size":"auto","background-attachment":"scroll","background-type":"","background-media":"","overlay-type":"","overlay-color":"","overlay-opacity":"","overlay-gradient":""},"tablet":{"background-color":"","background-image":"","background-repeat":"repeat","background-position":"center center","background-size":"auto","background-attachment":"scroll","background-type":"","background-media":"","overlay-type":"","overlay-color":"","overlay-opacity":"","overlay-gradient":""},"mobile":{"background-color":"","background-image":"","background-repeat":"repeat","background-position":"center center","background-size":"auto","background-attachment":"scroll","background-type":"","background-media":"","overlay-type":"","overlay-color":"","overlay-opacity":"","overlay-gradient":""}},"ast-content-background-meta":{"desktop":{"background-color":"var(--ast-global-color-4)","background-image":"","background-repeat":"repeat","background-position":"center center","background-size":"auto","background-attachment":"scroll","background-type":"","background-media":"","overlay-type":"","overlay-color":"","overlay-opacity":"","overlay-gradient":""},"tablet":{"background-color":"var(--ast-global-color-4)","background-image":"","background-repeat":"repeat","background-position":"center center","background-size":"auto","background-attachment":"scroll","background-type":"","background-media":"","overlay-type":"","overlay-color":"","overlay-opacity":"","overlay-gradient":""},"mobile":{"background-color":"var(--ast-global-color-4)","background-image":"","background-repeat":"repeat","background-position":"center center","background-size":"auto","background-attachment":"scroll","background-type":"","background-media":"","overlay-type":"","overlay-color":"","overlay-opacity":"","overlay-gradient":""}},"_price":"","_stock":"","_tribe_ticket_header":"","_tribe_default_ticket_provider":"TEC\\Tickets\\Commerce\\Module","_tribe_ticket_capacity":"0","_ticket_start_date":"","_ticket_end_date":"","_tribe_ticket_show_description":"","_tribe_ticket_show_not_going":false,"_tribe_ticket_use_global_stock":"","_tribe_ticket_global_stock_level":"","_global_stock_mode":"","_global_stock_cap":"","_tribe_rsvp_for_event":"","_tribe_ticket_going_count":"","_tribe_ticket_not_going_count":"","_tribe_tickets_list":"[]","_tribe_ticket_has_attendee_info_fields":false,"_tribe_events_status":"","_tribe_events_status_reason":"","footnotes":"","_tec_slr_enabled":"","_tec_slr_layout":""},"tags":[],"tribe_events_cat":[],"class_list":["post-36681","tribe_events","type-tribe_events","status-publish","has-post-thumbnail","hentry"],"acf":[],"jetpack_sharing_enabled":true,"jetpack_likes_enabled":true,"ticketed":false,"_links":{"self":[{"href":"https:\/\/www.steenkamper.de\/index.php\/wp-json\/wp\/v2\/tribe_events\/36681","targetHints":{"allow":["GET"]}}],"collection":[{"href":"https:\/\/www.steenkamper.de\/index.php\/wp-json\/wp\/v2\/tribe_events"}],"about":[{"href":"https:\/\/www.steenkamper.de\/index.php\/wp-json\/wp\/v2\/types\/tribe_events"}],"author":[{"embeddable":true,"href":"https:\/\/www.steenkamper.de\/index.php\/wp-json\/wp\/v2\/users\/6"}],"version-history":[{"count":14,"href":"https:\/\/www.steenkamper.de\/index.php\/wp-json\/wp\/v2\/tribe_events\/36681\/revisions"}],"predecessor-version":[{"id":37199,"href":"https:\/\/www.steenkamper.de\/index.php\/wp-json\/wp\/v2\/tribe_events\/36681\/revisions\/37199"}],"wp:featuredmedia":[{"embeddable":true,"href":"https:\/\/www.steenkamper.de\/index.php\/wp-json\/wp\/v2\/media\/30380"}],"wp:attachment":[{"href":"https:\/\/www.steenkamper.de\/index.php\/wp-json\/wp\/v2\/media?parent=36681"}],"wp:term":[{"taxonomy":"post_tag","embeddable":true,"href":"https:\/\/www.steenkamper.de\/index.php\/wp-json\/wp\/v2\/tags?post=36681"},{"taxonomy":"tribe_events_cat","embeddable":true,"href":"https:\/\/www.steenkamper.de\/index.php\/wp-json\/wp\/v2\/tribe_events_cat?post=36681"}],"curies":[{"name":"wp","href":"https:\/\/api.w.org\/{rel}","templated":true}]}}