{"id":634,"date":"2015-12-22T00:00:00","date_gmt":"2015-12-22T00:00:00","guid":{"rendered":"http:\/\/wp.steenkamper.de\/index.php\/awpcp\/edit-ad\/"},"modified":"2015-12-30T07:39:07","modified_gmt":"2015-12-30T06:39:07","slug":"anzeige-bearbeiten","status":"publish","type":"page","link":"https:\/\/www.steenkamper.de\/index.php\/steenkamper-marktplatz-kleinanzeigen\/anzeige-bearbeiten\/","title":{"rendered":"Anzeige bearbeiten"},"content":{"rendered":"<p>[AWPCPEDITAD]<\/p>\n","protected":false},"excerpt":{"rendered":"<p>[AWPCPEDITAD]<\/p>\n","protected":false},"author":0,"featured_media":0,"parent":631,"menu_order":0,"comment_status":"closed","ping_status":"closed","template":"","meta":{"_acf_changed":false,"site-sidebar-layout":"default","site-content-layout":"","ast-site-content-layout":"default","site-content-style":"default","site-sidebar-style":"default","ast-global-header-display":"","ast-banner-title-visibility":"","ast-main-header-display":"","ast-hfb-above-header-display":"","ast-hfb-below-header-display":"","ast-hfb-mobile-header-display":"","site-post-title":"","ast-breadcrumbs-content":"","ast-featured-img":"","footer-sml-layout":"","ast-disable-related-posts":"","theme-transparent-header-meta":"","adv-header-id-meta":"","stick-header-meta":"","header-above-stick-meta":"","header-main-stick-meta":"","header-below-stick-meta":"","astra-migrate-meta-layouts":"default","ast-page-background-enabled":"default","ast-page-background-meta":{"desktop":{"background-color":"var(--ast-global-color-5)","background-image":"","background-repeat":"repeat","background-position":"center center","background-size":"auto","background-attachment":"scroll","background-type":"","background-media":"","overlay-type":"","overlay-color":"","overlay-opacity":"","overlay-gradient":""},"tablet":{"background-color":"","background-image":"","background-repeat":"repeat","background-position":"center center","background-size":"auto","background-attachment":"scroll","background-type":"","background-media":"","overlay-type":"","overlay-color":"","overlay-opacity":"","overlay-gradient":""},"mobile":{"background-color":"","background-image":"","background-repeat":"repeat","background-position":"center center","background-size":"auto","background-attachment":"scroll","background-type":"","background-media":"","overlay-type":"","overlay-color":"","overlay-opacity":"","overlay-gradient":""}},"ast-content-background-meta":{"desktop":{"background-color":"var(--ast-global-color-4)","background-image":"","background-repeat":"repeat","background-position":"center center","background-size":"auto","background-attachment":"scroll","background-type":"","background-media":"","overlay-type":"","overlay-color":"","overlay-opacity":"","overlay-gradient":""},"tablet":{"background-color":"var(--ast-global-color-4)","background-image":"","background-repeat":"repeat","background-position":"center center","background-size":"auto","background-attachment":"scroll","background-type":"","background-media":"","overlay-type":"","overlay-color":"","overlay-opacity":"","overlay-gradient":""},"mobile":{"background-color":"var(--ast-global-color-4)","background-image":"","background-repeat":"repeat","background-position":"center center","background-size":"auto","background-attachment":"scroll","background-type":"","background-media":"","overlay-type":"","overlay-color":"","overlay-opacity":"","overlay-gradient":""}},"_price":"","_stock":"","_tribe_ticket_header":"","_tribe_default_ticket_provider":"","_tribe_ticket_capacity":"0","_ticket_start_date":"","_ticket_end_date":"","_tribe_ticket_show_description":"","_tribe_ticket_show_not_going":false,"_tribe_ticket_use_global_stock":"","_tribe_ticket_global_stock_level":"","_global_stock_mode":"","_global_stock_cap":"","_tribe_rsvp_for_event":"","_tribe_ticket_going_count":"","_tribe_ticket_not_going_count":"","_tribe_tickets_list":"[]","_tribe_ticket_has_attendee_info_fields":false,"jetpack_post_was_ever_published":false,"footnotes":"","_tec_slr_enabled":"","_tec_slr_layout":""},"class_list":["post-634","page","type-page","status-publish","hentry"],"acf":[],"jetpack_sharing_enabled":true,"jetpack_shortlink":"https:\/\/wp.me\/P74Wuo-ae","jetpack_likes_enabled":true,"jetpack-related-posts":[{"id":635,"url":"https:\/\/www.steenkamper.de\/index.php\/steenkamper-marktplatz-kleinanzeigen\/anzeige-aufgeben\/","url_meta":{"origin":634,"position":0},"title":"Anzeige aufgeben","author":"","date":"22\/12\/2015","format":false,"excerpt":"[AWPCPPLACEAD]","rel":"","context":"\u00c4hnlicher Beitrag","block_context":{"text":"\u00c4hnlicher Beitrag","link":""},"img":{"alt_text":"","src":"","width":0,"height":0},"classes":[]},{"id":174,"url":"https:\/\/www.steenkamper.de\/index.php\/anzeigenpreise\/","url_meta":{"origin":634,"position":1},"title":"Anzeigenpreise","author":"admin","date":"15\/12\/2015","format":false,"excerpt":"Preisliste f\u00fcr Anzeigen in \u201eDer Steenkamper\u201c (Print) Auflage:\u00a01.500 St\u00fcck 2x j\u00e4hrlich Neue Preise g\u00fcltig ab Ausgabe 2\/2024 \u00bc Seite (43x125mm): \u00a0\u20ac 65 \/ Ausgabe \u2153 Seite (60x125mm): \u00a0\u20ac 90 \/ Ausgabe \u00bd Seite (90x125mm):\u00a0 \u20ac\u00a0135 \/ Ausgabe Anzeigen-Kontakt: Max Lips Tel.: 040 659 141 32 steenkamper(at)lips100.de redaktion(at)steenkamper.de Wenn Sie mit\u2026","rel":"","context":"\u00c4hnlicher Beitrag","block_context":{"text":"\u00c4hnlicher Beitrag","link":""},"img":{"alt_text":"","src":"","width":0,"height":0},"classes":[]},{"id":1410,"url":"https:\/\/www.steenkamper.de\/index.php\/affiliates-werbung\/","url_meta":{"origin":634,"position":2},"title":"Affiliates &#038; Werbung","author":"Max","date":"07\/02\/2016","format":false,"excerpt":"Auf unserer Webseite sind Links und Werbebanner enthalten. Wenn du auf einen Affiliate Link klickst, dann erhalten wir, wenn du z.B. etwas kaufst, eine kleine Provision. F\u00fcr dich \u00e4ndert sich dabei nichts und es fallen auch keine Geb\u00fchren oder \u00e4hnliches an. Wenn du also \u00fcber einen Affiliate Link der Steenkamper\u2026","rel":"","context":"\u00c4hnlicher Beitrag","block_context":{"text":"\u00c4hnlicher Beitrag","link":""},"img":{"alt_text":"","src":"","width":0,"height":0},"classes":[]},{"id":11952,"url":"https:\/\/www.steenkamper.de\/index.php\/spenden\/","url_meta":{"origin":634,"position":3},"title":"SPENDEN","author":"Max","date":"18\/09\/2020","format":false,"excerpt":"Unser Verein freut sich \u00fcber Spenden, die unsere umfangreiche Nachbarschaftsarbeit unterst\u00fctzen. Oder Sie werden F\u00f6rdermitglied oder Sie f\u00f6rdern das Erscheinen unserer Vereinszeitung Der Steenkamper, indem Sie eine Anzeige schalten und als F\u00f6rderer des Vereins auf unserer Webseite genannt werden. Leider ist die Heimst\u00e4ttervereinigung Steenkamp e.V. nicht als gemeinn\u00fctziger Verein eingetragen,\u2026","rel":"","context":"\u00c4hnlicher Beitrag","block_context":{"text":"\u00c4hnlicher Beitrag","link":""},"img":{"alt_text":"","src":"https:\/\/i0.wp.com\/www.steenkamper.de\/wp-content\/uploads\/2020\/09\/qrIBAN.jpg?resize=350%2C200&ssl=1","width":350,"height":200,"srcset":"https:\/\/i0.wp.com\/www.steenkamper.de\/wp-content\/uploads\/2020\/09\/qrIBAN.jpg?resize=350%2C200&ssl=1 1x, https:\/\/i0.wp.com\/www.steenkamper.de\/wp-content\/uploads\/2020\/09\/qrIBAN.jpg?resize=525%2C300&ssl=1 1.5x, https:\/\/i0.wp.com\/www.steenkamper.de\/wp-content\/uploads\/2020\/09\/qrIBAN.jpg?resize=700%2C400&ssl=1 2x"},"classes":[]},{"id":421,"url":"https:\/\/www.steenkamper.de\/index.php\/umgangsformen\/","url_meta":{"origin":634,"position":4},"title":"Umgangsformen","author":"Max","date":"16\/12\/2015","format":false,"excerpt":"Nutzungsbedingungen und Umgangsformen auf Steenkamper.de Auf dem Marktplatz, in den Kommentaren und\u00a0allgem. auf Steenkamper.de Liebe Nachbarn, bitte schreiben Sie auf dem Marktplatz und in den Kommentaren nicht unter einem Pseudonym, sondern stehen Sie mit Ihrem echten Namen zu Ihrer Meinung. Wir w\u00fcnschen uns eine rege Beteiligung und eine gro\u00dfe Meinungsvielfalt.\u2026","rel":"","context":"\u00c4hnlicher Beitrag","block_context":{"text":"\u00c4hnlicher Beitrag","link":""},"img":{"alt_text":"","src":"","width":0,"height":0},"classes":[]},{"id":20,"url":"https:\/\/www.steenkamper.de\/index.php\/verein\/","url_meta":{"origin":634,"position":5},"title":"Verein","author":"admin","date":"14\/12\/2015","format":false,"excerpt":"Die Heimst\u00e4ttervereinigung Steenkamp e.V. ist die Keimzelle der Steenkampsiedlung und der SAGA. Seit Bestehen des Vereines (1920) ist Ihr Sinn und Zweck in der Satzung fest gelegt:\u00a0 \u201cDer Verein will durch den Zusammenschluss der Heimst\u00e4tter und Heimst\u00e4tterinnen in der Siedlung Steenkamp eine gemeinsame Interessenvertretung der Mieter und Mieterinnen, der Eigent\u00fcmer\u2026","rel":"","context":"\u00c4hnlicher Beitrag","block_context":{"text":"\u00c4hnlicher Beitrag","link":""},"img":{"alt_text":"","src":"https:\/\/i1.wp.com\/www.steenkamper.de\/wp-content\/uploads\/2020\/09\/qrIBAN.jpg?resize=350%2C200&ssl=1","width":350,"height":200},"classes":[]}],"ticketed":false,"_links":{"self":[{"href":"https:\/\/www.steenkamper.de\/index.php\/wp-json\/wp\/v2\/pages\/634","targetHints":{"allow":["GET"]}}],"collection":[{"href":"https:\/\/www.steenkamper.de\/index.php\/wp-json\/wp\/v2\/pages"}],"about":[{"href":"https:\/\/www.steenkamper.de\/index.php\/wp-json\/wp\/v2\/types\/page"}],"replies":[{"embeddable":true,"href":"https:\/\/www.steenkamper.de\/index.php\/wp-json\/wp\/v2\/comments?post=634"}],"version-history":[{"count":2,"href":"https:\/\/www.steenkamper.de\/index.php\/wp-json\/wp\/v2\/pages\/634\/revisions"}],"predecessor-version":[{"id":657,"href":"https:\/\/www.steenkamper.de\/index.php\/wp-json\/wp\/v2\/pages\/634\/revisions\/657"}],"up":[{"embeddable":true,"href":"https:\/\/www.steenkamper.de\/index.php\/wp-json\/wp\/v2\/pages\/631"}],"wp:attachment":[{"href":"https:\/\/www.steenkamper.de\/index.php\/wp-json\/wp\/v2\/media?parent=634"}],"curies":[{"name":"wp","href":"https:\/\/api.w.org\/{rel}","templated":true}]}}