{"id":5263,"date":"2017-11-16T23:07:56","date_gmt":"2017-11-16T22:07:56","guid":{"rendered":"http:\/\/wp.steenkamper.de\/?page_id=5263"},"modified":"2018-09-15T15:05:45","modified_gmt":"2018-09-15T13:05:45","slug":"engagierte-nachbarn","status":"publish","type":"page","link":"https:\/\/www.steenkamper.de\/index.php\/engagierte-nachbarn\/","title":{"rendered":"Engagierte Nachbarn"},"content":{"rendered":"<p>Eine lebendige Nachbarschaft lebt von dem Engagement ihrer Bewohner.<\/p>\n<p>F\u00fcr eine gute Vernetzung und Koordination der vielf\u00e4ltigen Aktivit\u00e4ten unserer sehr gro\u00dfen Nachbarschaft ist die Mehrheit der Steenkamphaushalte in der Heimst\u00e4ttervereinigung\u00a0Steenkamp e.V. organisiert.<\/p>\n<p>W\u00e4hrend sich der Vorstand um die formalen Vereinsgesch\u00e4fte k\u00fcmmert, f\u00fcllen die Nachbarn das Ganze mit Leben. Entweder indem sie sich in eine Helferliste eintragen lassen um je nach Zeitbudget kleinere oder gr\u00f6\u00dfere Einzelaufgaben zu \u00fcbernehmen.<\/p>\n<p>Oder indem sie sich \u00fcber einen l\u00e4ngeren Zeitraum f\u00fcr ein bestimmtes Thema engagieren. Auch das k\u00f6nnen Sie nat\u00fcrlich als Einzelperson. Aber es gibt auch die M\u00f6glichkeit, sich in sogenannten \u201eAussch\u00fcssen\u201c mit Nachbarn zusammen zu schlie\u00dfen.<\/p>\n<p>Der Vorteil an der Organisation in Aussch\u00fcssen ist, dass Sie leichter Mitstreiter gewinnen k\u00f6nnen, die M\u00f6glichkeit erhalten auch nach Au\u00dfen f\u00fcr den Verein aufzutreten, dass Sie f\u00fcr Ihre Aktivit\u00e4ten Mittel aus dem Vereinsetat in Anspruch nehmen k\u00f6nnen und dass Ihr Engagement \u00fcber die Vereinshaftpflicht abgedeckt ist.<\/p>\n<p>Sie k\u00f6nnen sich dabei einem laufenden Ausschuss anschlie\u00dfen oder nach R\u00fccksprache mit dem Vorstand einen neuen Gr\u00fcnden. Die formale Ausschussorganisation ist in \u00a7 2 unserer Satzung geregelt.<\/p>\n<p><b>Die Aussch\u00fcsse zur Gestaltung nachbarschaftlicher Belange<\/b><\/p>\n<p>Es wird aber nicht nur gefeiert sondern auch viel gestaltet und gearbeitet.<\/p>\n<p>Das Engagement der Nachbarn f\u00fcr die Gestaltung des Quartiers und des Miteinanders ist in sogenannten \u201eAussch\u00fcssen\u201c locker organisiert. Jeder Nachbar kann einen Ausschuss gr\u00fcnden und Aktionen durchf\u00fchren, sofern diese im weiteren Sinne dem Vereinszweck und damit den nachbarlichen Interessen dient.<\/p>\n<p>Derzeit sind folgende Aussch\u00fcsse aktiv:<\/p>\n<p><b>Verkehrsausschuss<br \/>\n<\/b>Bearbeitung verkehrlicher Fragestellungen in und um die Siedlung. Themen sind z. B. die Einf\u00fchrung Tempo 20 in der Siedlung, die Temporeduzierung auf 30 km\/h auf der Haupterschlie\u00dfungsstra\u00dfe Ebertallee sowie die Mitgestaltung des Ausbaus der Ebertallee, allgemeine und spezielle Fragen der Verkehrssicherheit und des ruhenden Verkehrs. Zu den Themen werden bei Bedarf Versammlungen abgehalten, Unterschriften gesammelt, der Austausch mit der Politik, B\u00fcrgerinitiativen und anderen Nachbarschaften gesucht.<\/p>\n<p><b>Ausschuss Baukultur<\/b><br \/>\nIm Mittelpunkt steht der Erhalt der baukulturellen Besonderheit der Gartenstadtsiedlung Steenkamp mit Austausch der Nachbarn und ehrenamtliche Beratung bei der Geb\u00e4udesanierung durch Experten aus der Nachbarschaft.<\/p>\n<p>Zudem wird die Siedlung im Wettbewerbsverfahren zur Bebauung der benachbarten \u201eTrabrennbahn Bahrenfeld\u201c mit 2500 Wohneinheiten durch ein Mitglied des Ausschusses vertreten.<\/p>\n<p><b>Gartenausschuss<\/b><br \/>\nEr verbindet die Gartenordnung der SAGA mit Fragen des Naturschutzes und bietet Austausch von G\u00e4rtnerwissen und Gartenpflanzen.<\/p>\n<p><b>Ausschuss Vogelweide<br \/>\n<\/b>Die Mitglieder k\u00fcmmern sich im Austausch mit dem Bezirksamt Altona um die Neugestaltung und Pflege der \u00f6ffentlichen Gr\u00fcnfl\u00e4chen insbesondere des zentralen Platzes \u201eVogelweide\u201c vor dem Steenkampsaal. Rasenm\u00e4hen und M\u00fclleimer leeren geh\u00f6rt ebenso zu den selbstgew\u00e4hlten Aufgaben wie die Beteiligung weiterer Nachbarn zu Nutzungs- und Gestaltungsfragen und die Organisation nachbarlicher Aktionen zur Pflege und Versch\u00f6nerung der \u00f6ffentlichen Gr\u00fcnfl\u00e4chen. Die Gruppe organisiert auch die j\u00e4hrliche Teilnahme an der Aktion \u201eHamburg r\u00e4umt auf\u201c.<\/p>\n<p><b>Mieter- und Eigent\u00fcmerausschuss<\/b><br \/>\nDieser Ausschuss bietet Austausch und informelle Hilfestellung in Miet- und Eigentumsfragen.<\/p>\n<p><b>Zukunft Steenkampsaal- die Saalretter<br \/>\n<\/b>Der Ausschuss hat sich 2015\/16 erfolgreich f\u00fcr den Abschluss eines tragf\u00e4higen Mietvertrages mit der SAGA engagiert und ein Finanzierungskonzept f\u00fcr die ersten 10 Jahre erarbeitet. Derzeit pr\u00fcft der Ausschuss den Ankauf des Saales und bereitet die \u00fcberf\u00e4llige Renovierung vor.<\/p>\n<p><b>Tauschen, helfen und teilen<br \/>\n<\/b>Der Ausschuss hat sich auf der Zukunftskonferenz 2017 gegr\u00fcndet und ist derzeit dabei, eine Tauschbox an zentraler Stelle zu errichten. Weitere Zukunftsprojekte sind u. a. ein Repaircaf\u00e9 und bessere Nutzung des \u201eMarktplatzes\u201c unserer Internetplattform.<\/p>\n<p><b>Sonderausschuss Fl\u00fcchtlingsunterst\u00fctzung<br \/>\n<\/b>Besonders hervorzuheben ist die Leistung, die der<b> <\/b>Ausschuss Fl\u00fcchtlingsunterst\u00fctzung<b> <\/b>in den vergangenen zwei Jahren geleistet hat. Eine Beschreibung der umfassenden Aktivit\u00e4ten <a href=\"https:\/\/www.steenkamper.de\/index.php\/fluechtlingsarbeit\/\">hier<\/a>.<\/p>\n<p>&nbsp;<\/p>\n<p><strong><em><a href=\"https:\/\/www.steenkamper.de\/index.php\/ausschuesse\/\">Ansprechpartner der Aussch\u00fcsse hier<\/a><\/em><\/strong><\/p>\n","protected":false},"excerpt":{"rendered":"<p>Eine lebendige Nachbarschaft lebt von dem Engagement ihrer Bewohner. F\u00fcr eine gute Vernetzung und Koordination der vielf\u00e4ltigen Aktivit\u00e4ten unserer sehr gro\u00dfen Nachbarschaft ist die Mehrheit der Steenkamphaushalte in der Heimst\u00e4ttervereinigung\u00a0Steenkamp&#8230; <\/p>\n<p><a class=\"teaser-more\" href=\"https:\/\/www.steenkamper.de\/index.php\/engagierte-nachbarn\/\">weiter lesen<\/a><\/p>\n","protected":false},"author":6,"featured_media":0,"parent":0,"menu_order":0,"comment_status":"closed","ping_status":"closed","template":"","meta":{"_acf_changed":false,"_price":"","_stock":"","_tribe_ticket_header":"","_tribe_default_ticket_provider":"","_tribe_ticket_capacity":"0","_ticket_start_date":"","_ticket_end_date":"","_tribe_ticket_show_description":"","_tribe_ticket_show_not_going":false,"_tribe_ticket_use_global_stock":"","_tribe_ticket_global_stock_level":"","_global_stock_mode":"","_global_stock_cap":"","_tribe_rsvp_for_event":"","_tribe_ticket_going_count":"","_tribe_ticket_not_going_count":"","_tribe_tickets_list":"[]","_tribe_ticket_has_attendee_info_fields":false,"jetpack_post_was_ever_published":false,"footnotes":"","_tec_slr_enabled":"","_tec_slr_layout":""},"class_list":["post-5263","page","type-page","status-publish","hentry"],"acf":[],"jetpack_sharing_enabled":true,"jetpack_shortlink":"https:\/\/wp.me\/P74Wuo-1mT","jetpack_likes_enabled":true,"jetpack-related-posts":[{"id":146,"url":"https:\/\/www.steenkamper.de\/index.php\/ausschuesse\/","url_meta":{"origin":5263,"position":0},"title":"Aussch\u00fcsse","author":"admin","date":"15\/12\/2015","format":false,"excerpt":"und Arbeitsgruppen (AGs) Die\u00a0Vereinsarbeit der Heimst\u00e4ttervereinigung Steenkamp e.V. wird getragen\u00a0durch aktive Mitglieder. Diese\u00a0Aktivit\u00e4ten werden durch\u00a0verschiedene\u00a0Aussch\u00fcssen koordiniert. Sollten Sie Interesse an der Mitarbeit in einem dieser Aussch\u00fcsse haben, melden Sie sich bitte bei der entsprechenden Kontaktperson, oder wenden Sie sich direkt an den Vorstand. Per Mail\u00a0oder \u00fcber unseren Briefkasten Steenkamp 37,\u2026","rel":"","context":"\u00c4hnlicher Beitrag","block_context":{"text":"\u00c4hnlicher Beitrag","link":""},"img":{"alt_text":"","src":"","width":0,"height":0},"classes":[]},{"id":247,"url":"https:\/\/www.steenkamper.de\/index.php\/fluechtlingsarbeit\/","url_meta":{"origin":5263,"position":1},"title":"Ausschuss Fl\u00fcchtlingsunterst\u00fctzung","author":"Max","date":"15\/12\/2015","format":false,"excerpt":"Caf\u00e9 VogelweideDas Caf\u00e9 ist seit April 2022 nach einer l\u00e4ngeren Coronapause wieder aktiv. Alle Steenkamper\/innen sind eingeladen mit neuen Nachbarn\/innen Deutsch zu kl\u00f6nen und zu Tee\/Kaffee\/Kuchen zusammenzusitzen. Kuchenspenden (geschnittene) sind sehr erw\u00fcnscht, um das Buffet zu erweitern. Sie k\u00f6nnen ab 15.00h abgegeben werden. Das Caf\u00e9 findet ab 16.00h bis 17.30h\u2026","rel":"","context":"\u00c4hnlicher Beitrag","block_context":{"text":"\u00c4hnlicher Beitrag","link":""},"img":{"alt_text":"","src":"https:\/\/i0.wp.com\/www.steenkamper.de\/wp-content\/uploads\/2016\/09\/IMG_2805-300x141.png?resize=350%2C200&ssl=1","width":350,"height":200},"classes":[]},{"id":5242,"url":"https:\/\/www.steenkamper.de\/index.php\/steenkamper-medien\/","url_meta":{"origin":5263,"position":2},"title":"Steenkamper Medien","author":"Max","date":"16\/11\/2017","format":false,"excerpt":"Mitgliederzeitung,\u00a0Newsletter,\u00a0Webseite,\u00a0Nachbarschaftsplan,\u00a0Festschrift,etc. Mitgliederzeitung \u201eDer Steenkamper\u201c Steenkamper Archiv\u00a0(hier auch die aktuelle Ausgabe) Zweimal j\u00e4hrlich gibt die Heimst\u00e4ttervereinigung eine Mitgliederzeitung mit dem Titel\u201eDer Steenkamper\u201c mit einer Auflage von 1.500 St\u00fcck heraus. In 2016 wurden das redaktionelle Konzept und das Layout durch Fachleute aus der Nachbarschaft ehrenamtlich komplett erneuert. Die Redaktion freut sich \u00fcber\u2026","rel":"","context":"\u00c4hnlicher Beitrag","block_context":{"text":"\u00c4hnlicher Beitrag","link":""},"img":{"alt_text":"","src":"https:\/\/i0.wp.com\/www.steenkamper.de\/wp-content\/uploads\/2021\/02\/Nachbarschaftsplan2021-2-scaled.jpg?resize=350%2C200&ssl=1","width":350,"height":200,"srcset":"https:\/\/i0.wp.com\/www.steenkamper.de\/wp-content\/uploads\/2021\/02\/Nachbarschaftsplan2021-2-scaled.jpg?resize=350%2C200&ssl=1 1x, https:\/\/i0.wp.com\/www.steenkamper.de\/wp-content\/uploads\/2021\/02\/Nachbarschaftsplan2021-2-scaled.jpg?resize=525%2C300&ssl=1 1.5x, https:\/\/i0.wp.com\/www.steenkamper.de\/wp-content\/uploads\/2021\/02\/Nachbarschaftsplan2021-2-scaled.jpg?resize=700%2C400&ssl=1 2x, https:\/\/i0.wp.com\/www.steenkamper.de\/wp-content\/uploads\/2021\/02\/Nachbarschaftsplan2021-2-scaled.jpg?resize=1050%2C600&ssl=1 3x, https:\/\/i0.wp.com\/www.steenkamper.de\/wp-content\/uploads\/2021\/02\/Nachbarschaftsplan2021-2-scaled.jpg?resize=1400%2C800&ssl=1 4x"},"classes":[]},{"id":257,"url":"https:\/\/www.steenkamper.de\/index.php\/mitglied-werden\/","url_meta":{"origin":5263,"position":3},"title":"Mitglied werden","author":"Max","date":"15\/12\/2015","format":false,"excerpt":"Du bist gern dabei \u2013 willst Du nicht auch dazugeh\u00f6ren? Du genie\u00dft das Sommerfest auf der Vogelweide, machst mit bei unseren Quizabenden oder tanzt mit in den Mai?Dann kennst Du schon das Herz der Steenkampsiedlung \u2013 unsere lebendige Nachbarschaft. Vielleicht ist jetzt genau der richtige Moment, offiziell Teil davon zu\u2026","rel":"","context":"\u00c4hnlicher Beitrag","block_context":{"text":"\u00c4hnlicher Beitrag","link":""},"img":{"alt_text":"","src":"","width":0,"height":0},"classes":[]},{"id":17778,"url":"https:\/\/www.steenkamper.de\/index.php\/science-city-bahrenfeld\/","url_meta":{"origin":5263,"position":4},"title":"Science City Bahrenfeld","author":"Max","date":"31\/12\/2021","format":false,"excerpt":"Ausschuss \u201eScience City und die Steenkampsiedlung\"Kontakt: Alexander SchwertnerEbertallee 187\u00a0 Email:\u00a0alschwert(at)gmx.de siehe \u201eDer Steenkamper\u201c Ausgabe 1\/2024 Seite 24&25 aus der Mitgliederzeitung \u201eDer Steenkamper\u201c Ausgabe 2\/2022 Seite 18 Bitte nutzt die Kommentarfunktion (unten) um wichtige Punkte noch zu erg\u00e4nzen!Damit unsere Steenkamper-Interessen mit in die Planungen einflie\u00dfen k\u00f6nnen, soll demn\u00e4chst ein Positionspapier an\u2026","rel":"","context":"Mit 1 Kommentar","block_context":{"text":"Mit 1 Kommentar","link":"https:\/\/www.steenkamper.de\/index.php\/science-city-bahrenfeld\/#comments"},"img":{"alt_text":"","src":"https:\/\/i0.wp.com\/www.steenkamper.de\/wp-content\/uploads\/2024\/01\/AusschussScienCity.png?resize=350%2C200&ssl=1","width":350,"height":200,"srcset":"https:\/\/i0.wp.com\/www.steenkamper.de\/wp-content\/uploads\/2024\/01\/AusschussScienCity.png?resize=350%2C200&ssl=1 1x, https:\/\/i0.wp.com\/www.steenkamper.de\/wp-content\/uploads\/2024\/01\/AusschussScienCity.png?resize=525%2C300&ssl=1 1.5x, https:\/\/i0.wp.com\/www.steenkamper.de\/wp-content\/uploads\/2024\/01\/AusschussScienCity.png?resize=700%2C400&ssl=1 2x, https:\/\/i0.wp.com\/www.steenkamper.de\/wp-content\/uploads\/2024\/01\/AusschussScienCity.png?resize=1050%2C600&ssl=1 3x, https:\/\/i0.wp.com\/www.steenkamper.de\/wp-content\/uploads\/2024\/01\/AusschussScienCity.png?resize=1400%2C800&ssl=1 4x"},"classes":[]},{"id":20,"url":"https:\/\/www.steenkamper.de\/index.php\/verein\/","url_meta":{"origin":5263,"position":5},"title":"Verein","author":"admin","date":"14\/12\/2015","format":false,"excerpt":"Die Heimst\u00e4ttervereinigung Steenkamp e.V. ist die Keimzelle der Steenkampsiedlung und der SAGA. Seit Bestehen des Vereines (1920) ist Ihr Sinn und Zweck in der Satzung fest gelegt:\u00a0 \u201cDer Verein will durch den Zusammenschluss der Heimst\u00e4tter und Heimst\u00e4tterinnen in der Siedlung Steenkamp eine gemeinsame Interessenvertretung der Mieter und Mieterinnen, der Eigent\u00fcmer\u2026","rel":"","context":"\u00c4hnlicher Beitrag","block_context":{"text":"\u00c4hnlicher Beitrag","link":""},"img":{"alt_text":"","src":"https:\/\/i1.wp.com\/www.steenkamper.de\/wp-content\/uploads\/2020\/09\/qrIBAN.jpg?resize=350%2C200&ssl=1","width":350,"height":200},"classes":[]}],"ticketed":false,"_links":{"self":[{"href":"https:\/\/www.steenkamper.de\/index.php\/wp-json\/wp\/v2\/pages\/5263","targetHints":{"allow":["GET"]}}],"collection":[{"href":"https:\/\/www.steenkamper.de\/index.php\/wp-json\/wp\/v2\/pages"}],"about":[{"href":"https:\/\/www.steenkamper.de\/index.php\/wp-json\/wp\/v2\/types\/page"}],"author":[{"embeddable":true,"href":"https:\/\/www.steenkamper.de\/index.php\/wp-json\/wp\/v2\/users\/6"}],"replies":[{"embeddable":true,"href":"https:\/\/www.steenkamper.de\/index.php\/wp-json\/wp\/v2\/comments?post=5263"}],"version-history":[{"count":4,"href":"https:\/\/www.steenkamper.de\/index.php\/wp-json\/wp\/v2\/pages\/5263\/revisions"}],"predecessor-version":[{"id":7067,"href":"https:\/\/www.steenkamper.de\/index.php\/wp-json\/wp\/v2\/pages\/5263\/revisions\/7067"}],"wp:attachment":[{"href":"https:\/\/www.steenkamper.de\/index.php\/wp-json\/wp\/v2\/media?parent=5263"}],"curies":[{"name":"wp","href":"https:\/\/api.w.org\/{rel}","templated":true}]}}