{"id":29497,"date":"2025-06-09T23:19:07","date_gmt":"2025-06-09T21:19:07","guid":{"rendered":"https:\/\/www.steenkamper.de\/?page_id=29497"},"modified":"2025-09-13T07:40:41","modified_gmt":"2025-09-13T05:40:41","slug":"sommerfest-2025-helferinnen-listen","status":"publish","type":"page","link":"https:\/\/www.steenkamper.de\/index.php\/sommerfest-2025-helferinnen-listen\/","title":{"rendered":"Sommerfest 2025 Helfer*innen-Listen"},"content":{"rendered":"\n<p class=\"has-cool-to-warm-spectrum-gradient-background has-background has-white-color has-text-color has-link-color has-medium-font-size wp-elements-e564477053a2f3bd389be69878049c9a\"><strong>Wir brauchen wieder viele \u201eHelfende H\u00e4nde\u201c f\u00fcr ein tolles Sommerfest!<\/strong><\/p>\n\n\n\n<p class=\"has-vivid-green-cyan-color has-text-color has-link-color wp-elements-77613a82841b7951b0f7567e1982a8e3\">Bitte trage Dich hier f\u00fcr die gew\u00fcnschten Schichten ein.<br>Dieses Jahr ist unsere Helfer*innen-Liste anders organisiert. <br>Wir versuchen es etwas \u00fcbersichtlicher zu gestalten, damit die Anmeldung leichter f\u00e4llt. <br>Eine Abmeldung von einer Schicht \/ einem Dienst ist nat\u00fcrlich auch m\u00f6glich. Gut w\u00e4re allerdings nicht kurz vorher!<\/p>\n\n\n\n<p class=\"has-vivid-green-cyan-color has-text-color has-link-color wp-elements-0f6157ab3ef968f67adad09fde4f593f\"><em>Es wird nach eurer Emailadresse gefragt. Diese ist NUR f\u00fcr die Organisatoren sichtbar.<\/em><br><em>Eure Telefonnummer oder Emailadresse ist NICHT sichtbar f\u00fcr andere! Nur das Orga-Team hat die M\u00f6glichkeit dich zu kontaktieren.<\/em><\/p>\n\n\n\n<p class=\"has-link-color wp-elements-b413343c88a1f415d5996cf4e5a78728\">Fragen zur Liste, gerne an Max Lips:&nbsp;<br>Mail:&nbsp;<a target=\"_blank\" rel=\"noreferrer noopener\" href=\"\">redaktion@steenkamper.de<\/a><br>TEL.:&nbsp;<a target=\"_blank\" rel=\"noreferrer noopener\" href=\"\">040 659 141 32<\/a><\/p>\n\n\n\n<p class=\"has-link-color wp-elements-2ac8537ee1ab2a4b603f3afb7dc11268\"><strong>Kontakt Planungsgruppe Sommerfest<\/strong>&nbsp;<br>Christiane Willim<br>Mail: <a href=\"mailto:christianewillim@gmx.de\">christianewillim(at)gmx.de<\/a><br>Tel. 040 880 52 44&nbsp;<\/p>\n\n\n\n<hr class=\"wp-block-separator has-alpha-channel-opacity\"\/>\n\n\n\n<div class=\"wp-block-media-text is-stacked-on-mobile\" style=\"grid-template-columns:15% auto\"><figure class=\"wp-block-media-text__media\"><a href=\"https:\/\/i0.wp.com\/www.steenkamper.de\/wp-content\/uploads\/2025\/06\/Helferliste2025.png?ssl=1\" target=\"_blank\" rel=\" noreferrer noopener\"><img data-recalc-dims=\"1\" fetchpriority=\"high\" decoding=\"async\" width=\"568\" height=\"564\" data-attachment-id=\"29569\" data-permalink=\"https:\/\/www.steenkamper.de\/index.php\/sommerfest-2025-helferinnen-listen\/helferliste2025\/\" data-orig-file=\"https:\/\/i0.wp.com\/www.steenkamper.de\/wp-content\/uploads\/2025\/06\/Helferliste2025.png?fit=568%2C564&amp;ssl=1\" data-orig-size=\"568,564\" data-comments-opened=\"1\" data-image-meta=\"{&quot;aperture&quot;:&quot;0&quot;,&quot;credit&quot;:&quot;&quot;,&quot;camera&quot;:&quot;&quot;,&quot;caption&quot;:&quot;&quot;,&quot;created_timestamp&quot;:&quot;0&quot;,&quot;copyright&quot;:&quot;&quot;,&quot;focal_length&quot;:&quot;0&quot;,&quot;iso&quot;:&quot;0&quot;,&quot;shutter_speed&quot;:&quot;0&quot;,&quot;title&quot;:&quot;&quot;,&quot;orientation&quot;:&quot;0&quot;}\" data-image-title=\"Helferliste2025\" data-image-description=\"\" data-image-caption=\"\" data-large-file=\"https:\/\/i0.wp.com\/www.steenkamper.de\/wp-content\/uploads\/2025\/06\/Helferliste2025.png?fit=568%2C564&amp;ssl=1\" src=\"https:\/\/i0.wp.com\/www.steenkamper.de\/wp-content\/uploads\/2025\/06\/Helferliste2025.png?resize=568%2C564&#038;ssl=1\" alt=\"\" class=\"wp-image-29569 size-full\" srcset=\"https:\/\/i0.wp.com\/www.steenkamper.de\/wp-content\/uploads\/2025\/06\/Helferliste2025.png?w=568&amp;ssl=1 568w, https:\/\/i0.wp.com\/www.steenkamper.de\/wp-content\/uploads\/2025\/06\/Helferliste2025.png?resize=300%2C298&amp;ssl=1 300w, https:\/\/i0.wp.com\/www.steenkamper.de\/wp-content\/uploads\/2025\/06\/Helferliste2025.png?resize=150%2C150&amp;ssl=1 150w, https:\/\/i0.wp.com\/www.steenkamper.de\/wp-content\/uploads\/2025\/06\/Helferliste2025.png?resize=450%2C447&amp;ssl=1 450w, https:\/\/i0.wp.com\/www.steenkamper.de\/wp-content\/uploads\/2025\/06\/Helferliste2025.png?resize=200%2C200&amp;ssl=1 200w, https:\/\/i0.wp.com\/www.steenkamper.de\/wp-content\/uploads\/2025\/06\/Helferliste2025.png?resize=80%2C80&amp;ssl=1 80w, https:\/\/i0.wp.com\/www.steenkamper.de\/wp-content\/uploads\/2025\/06\/Helferliste2025.png?resize=100%2C100&amp;ssl=1 100w\" sizes=\"(max-width: 568px) 100vw, 568px\" \/><\/a><\/figure><div class=\"wp-block-media-text__content\">\n<p class=\"has-text-align-center has-vivid-cyan-blue-color has-text-color has-link-color has-medium-font-size wp-elements-74f0b1ecaac86992d56e23ccc3e1369f\">\ud83d\udc48\ud83c\udffc QR-Code zu dieser Seite <br>(zum weitergeben)<\/p>\n<\/div><\/div>\n\n\n\n<hr class=\"wp-block-separator has-alpha-channel-opacity\"\/>\n\n\n<div class=\"is-default-size wp-block-site-logo\"><a href=\"https:\/\/www.steenkamper.de\/\" class=\"custom-logo-link\" rel=\"home\"><img decoding=\"async\" width=\"438\" height=\"254\" src=\"https:\/\/i0.wp.com\/www.steenkamper.de\/wp-content\/uploads\/2019\/10\/STEEKAMPERLOGO-1.png?fit=438%2C254&amp;ssl=1\" class=\"custom-logo\" alt=\"Die Steenkamper\" srcset=\"https:\/\/i0.wp.com\/www.steenkamper.de\/wp-content\/uploads\/2019\/10\/STEEKAMPERLOGO-1.png?w=438&amp;ssl=1 438w, https:\/\/i0.wp.com\/www.steenkamper.de\/wp-content\/uploads\/2019\/10\/STEEKAMPERLOGO-1.png?resize=300%2C174&amp;ssl=1 300w\" sizes=\"(max-width: 438px) 100vw, 438px\" data-attachment-id=\"8996\" data-permalink=\"https:\/\/www.steenkamper.de\/steekamperlogo-2\/\" data-orig-file=\"https:\/\/i0.wp.com\/www.steenkamper.de\/wp-content\/uploads\/2019\/10\/STEEKAMPERLOGO-1.png?fit=438%2C254&amp;ssl=1\" data-orig-size=\"438,254\" data-comments-opened=\"1\" data-image-meta=\"{&quot;aperture&quot;:&quot;0&quot;,&quot;credit&quot;:&quot;&quot;,&quot;camera&quot;:&quot;&quot;,&quot;caption&quot;:&quot;&quot;,&quot;created_timestamp&quot;:&quot;0&quot;,&quot;copyright&quot;:&quot;&quot;,&quot;focal_length&quot;:&quot;0&quot;,&quot;iso&quot;:&quot;0&quot;,&quot;shutter_speed&quot;:&quot;0&quot;,&quot;title&quot;:&quot;&quot;,&quot;orientation&quot;:&quot;0&quot;}\" data-image-title=\"STEEKAMPERLOGO\" data-image-description=\"\" data-image-caption=\"\" data-large-file=\"https:\/\/i0.wp.com\/www.steenkamper.de\/wp-content\/uploads\/2019\/10\/STEEKAMPERLOGO-1.png?fit=438%2C254&amp;ssl=1\" \/><\/a><\/div>\n\n\n<hr class=\"wp-block-separator has-alpha-channel-opacity\"\/>\n\n\n\n<h2 class=\"wp-block-heading has-background has-white-color has-text-color has-link-color wp-elements-8077e5dc9b49b3e4bfc67e45764d0c49\" style=\"background:linear-gradient(135deg,rgb(5,102,63) 0%,rgb(8,248,160) 100%)\"><strong>Auf-&amp;Abbau:<\/strong><\/h2>\n\n\n\n<h2 class=\"wp-block-heading\"><strong>STEENKAMP-EXPRESS:<\/strong><\/h2>\n\n\n\n<p><em>Wir suchen helfende H\u00e4nde, die sich an der Abholung und (nach dem Fest) wieder Wegbringen der Bahn beteiligen. Letztes Jahr mu\u00dfte aufgrund von Helfer*innen Mangel der \u201eSteenkamp-Express\u201c abgesagt werden.<br>Die genaue Hilfe wird von Claus Thiele koordiniert. Die Bahn und Schienen m\u00fcssen im Eisenbahnmuseum Aum\u00fchle abgeholt werden und da auch wieder hingebracht werden\u2026<\/em><br><em>Wer hier helfen m\u00f6chte mu\u00df nicht zwingend mit nach Aum\u00fchle. Wir brauchen auch Hilfe hier im Steenkamp.<br>Es sollten sich mind. 3-4 Helfer*innen melden!<\/em><br><div class=\"rtec-outer-wrap\"><div class=\"rtec-attendance-display\"><span>Teilnehmer: 4 \/ \u221e<\/span><\/div><div id=\"rtec\" class=\"rtec\" data-event=\"29466\"><p class=\"rtec-success-message tribe-events-notices\">SORRY, die Anmeldung f\u00fcr diese Veranstaltung ist geschlossen.<\/p><\/div><\/div><\/p>\n\n\n\n<p><br><strong>Samstag 13:30-14:00&nbsp; Schienenverlegen <strong> im Steenkamp<\/strong> &#8211; 5&nbsp;Helfer<\/strong>:<br><div class=\"rtec-outer-wrap\"><div class=\"rtec-attendance-display\"><span>Teilnehmer: 4 \/ \u221e<\/span><\/div><div id=\"rtec\" class=\"rtec\" data-event=\"29919\"><p class=\"rtec-success-message tribe-events-notices\">SORRY, die Anmeldung f\u00fcr diese Veranstaltung ist geschlossen.<\/p><\/div><\/div><br><\/p>\n\n\n\n<hr class=\"wp-block-separator has-alpha-channel-opacity\"\/>\n\n\n\n<h2 class=\"wp-block-heading\"><strong>AUFBAU am Freitag:<\/strong><\/h2>\n\n\n\n<p><strong>18 &#8211; 20 Uhr<br><\/strong><em>Wir brauchen f\u00fcr den Aufbau am Fr. viele Helfer*innen f\u00fcr den Aufbau von den Zelten (Kaffeezelt, Bandzelt, Grillzelt &amp; Laufzelt). Alles was am Freitag schon aufgebaut wird mu\u00df nicht am Samstag<\/em><br><div class=\"rtec-outer-wrap rtec-shortcode\">\n\t<div class=\"rtec-attendance-display\"><span>Teilnehmer: 19 \/ 20<\/span><\/div>\t<div id=\"rtec\" class=\"rtec rtec-form-1\" data-rtec-success-message=\"Perfekt! Bitte \u00fcberpr\u00fcfe Deinen E-Mail-Posteingang auf eine Best\u00e4tigungsnachricht.\r\nFalls Du doch nicht teilnehmen kannst, ist in der Best\u00e4tigungsmail auch ein Link zur Aufhebung der Anmeldung.\" data-event=\"29464\">\n\t\t<button type=\"button\" id=\"rtec-form-toggle-button\" class=\"rtec-register-button rtec-form-toggle-button rtec-js-show rtec-custom-hover\" style=\"background-color: #dd6161; color: #ffffff;\">hier anmelden<span class=\"tribe-bar-toggle-arrow\"><\/span><\/button><h3 class=\"rtec-js-hide\">hier anmelden<\/h3><div class=\"rtec-form-wrapper rtec-toggle-on-click rtec-js-hide\" data-remaining=\"1000\" style=\"background-color: #;width: 100%;\">\n\n\t<div class=\"rtec-attendance tribe-events-notices\"><p>Nur noch ein Platz!<\/p><\/div>\t<div class=\"rtec-field-group-menu\"><\/div>\n\n\t<form method=\"post\" action=\"\" id=\"rtec-form\" class=\"rtec-form\">\n\n\t\t<input type=\"hidden\" name=\"rtec_email_submission\" value=\"1\" \/>\n\t\t<input type=\"hidden\" name=\"rtec_event_id\" value=\"29464\" \/>\n\t\t\n\t\t<div class=\"rtec-field-group rtec-field-group-main\">\n\t\t\t<span class=\"rtec-fg-header\"><span class=\"rtec-fg-identifier\"><\/span><\/span>\n\t\t\t<div class=\"rtec-form-fields-wrapper\">\n\t\n<div class=\"rtec-form-field rtec-first rtec-field-text\" data-rtec-error-message=\"Bitte hier Deinen Vornamen eintragen\" data-rtec-type=\"text\">\n\t\t<label for=\"rtec_first\" class=\"rtec-field-label\" aria-label=\"Vorname&#042;\">Vorname&#042;<\/label>\n\t\t<div class=\"rtec-input-wrapper\">\n\t\t\t\t<input type=\"text\" name=\"rtec_first\" value=\"\" class=\"rtec-field-input\" id=\"rtec_first\" data-rtec-min=\"1\" data-rtec-max=\"no-max\" aria-required=\"true\" aria-invalid=\"false\" \/>\n\t\t\t\t\t\t<\/div>\n<\/div>\n\n<div class=\"rtec-form-field rtec-last rtec-field-text\" data-rtec-error-message=\"Bitte hier Deinen Nachnamen eintragen\" data-rtec-type=\"text\">\n\t\t<label for=\"rtec_last\" class=\"rtec-field-label\" aria-label=\"Nachname&#042;\">Nachname&#042;<\/label>\n\t\t<div class=\"rtec-input-wrapper\">\n\t\t\t\t<input type=\"text\" name=\"rtec_last\" value=\"\" class=\"rtec-field-input\" id=\"rtec_last\" data-rtec-min=\"1\" data-rtec-max=\"no-max\" aria-required=\"true\" aria-invalid=\"false\" \/>\n\t\t\t\t\t\t<\/div>\n<\/div>\n\n<div class=\"rtec-form-field rtec-email rtec-field-text\" data-rtec-error-message=\"Bitte gebe eine g\u00fcltige E-Mail-Adresse an.\" data-rtec-type=\"text\">\n\t\t<label for=\"rtec_email\" class=\"rtec-field-label\" aria-label=\"Email&#042;\">Email&#042;<\/label>\n\t\t<div class=\"rtec-input-wrapper\">\n\t\t\t\t<input type=\"text\" name=\"rtec_email\" value=\"\" class=\"rtec-field-input\" id=\"rtec_email\" data-rtec-valid-email=\"true\" aria-required=\"true\" aria-invalid=\"false\" \/>\n\t\t\t\t\t\t<\/div>\n<\/div>\n\n<div class=\"rtec-form-field rtec-phone rtec-field-text\" data-rtec-error-message=\"Gebe bitte eine g\u00fcltige Telefonnummer mit Vorwahl ein\" data-rtec-type=\"text\">\n\t\t<label for=\"rtec_phone\" class=\"rtec-field-label\" aria-label=\"Telefon&#042;\">Telefon&#042;<\/label>\n\t\t<div class=\"rtec-input-wrapper\">\n\t\t\t\t<input type=\"text\" name=\"rtec_phone\" value=\"\" class=\"rtec-field-input\" id=\"rtec_phone\" data-rtec-valid-count=\"\"  data-rtec-count-what=\"numbers\" aria-required=\"true\" aria-invalid=\"false\" \/>\n\t\t\t\t\t\t<\/div>\n<\/div>\n\n<div class=\"rtec-form-field rtec-other rtec-field-text\" data-rtec-error-message=\"\" data-rtec-type=\"text\">\n\t\t<label for=\"rtec_other\" class=\"rtec-field-label\" aria-label=\"Anmerkung \/ Kommentar \/ Dienst \/ Wunsch\">Anmerkung \/ Kommentar \/ Dienst \/ Wunsch<\/label>\n\t\t<div class=\"rtec-input-wrapper\">\n\t\t\t\t<input type=\"text\" name=\"rtec_other\" value=\"\" class=\"rtec-field-input\" id=\"rtec_other\" data-rtec-min=\"1\" data-rtec-max=\"no-max\" aria-required=\"false\" aria-invalid=\"false\" \/>\n\t\t\t\t\t\t<\/div>\n<\/div>\n\n<div class=\"rtec-form-field rtec-custom1 rtec-field-text\" data-rtec-error-message=\"Bitte Strasse und HausNr. angeben\" data-rtec-type=\"text\">\n\t\t<label for=\"rtec_custom1\" class=\"rtec-field-label\" aria-label=\"Strasse + Hausnummer\">Strasse + Hausnummer<\/label>\n\t\t<div class=\"rtec-input-wrapper\">\n\t\t\t\t<input type=\"text\" name=\"rtec_custom1\" value=\"\" class=\"rtec-field-input\" id=\"rtec_custom1\" data-rtec-min=\"1\" data-rtec-max=\"no-max\" aria-required=\"false\" aria-invalid=\"false\" \/>\n\t\t\t\t\t\t<\/div>\n<\/div>\n\n<div class=\"rtec-form-field rtec-custom2 rtec-field-text\" data-rtec-error-message=\"hier fehlt die PLZ\" data-rtec-type=\"text\">\n\t\t<label for=\"rtec_custom2\" class=\"rtec-field-label\" aria-label=\"PLZ\">PLZ<\/label>\n\t\t<div class=\"rtec-input-wrapper\">\n\t\t\t\t<input type=\"text\" name=\"rtec_custom2\" value=\"\" class=\"rtec-field-input\" id=\"rtec_custom2\" data-rtec-min=\"1\" data-rtec-max=\"no-max\" aria-required=\"false\" aria-invalid=\"false\" \/>\n\t\t\t\t\t\t<\/div>\n<\/div>\n\n<div class=\"rtec-form-field rtec-custom3 rtec-field-text\" data-rtec-error-message=\"Bitte trage ein ob Du Mitglied der Heimst\u00e4ttervereinigung Steenkamp e.V. bist!\" data-rtec-type=\"text\">\n\t\t<label for=\"rtec_custom3\" class=\"rtec-field-label\" aria-label=\"Mitglied in der Heimst\u00e4ttervereinigung Steenkamp e.V. ? (ja\/nein)&#042;\">Mitglied in der Heimst\u00e4ttervereinigung Steenkamp e.V. ? (ja\/nein)&#042;<\/label>\n\t\t<div class=\"rtec-input-wrapper\">\n\t\t\t\t<input type=\"text\" name=\"rtec_custom3\" value=\"\" class=\"rtec-field-input\" id=\"rtec_custom3\" data-rtec-min=\"1\" data-rtec-max=\"no-max\" aria-required=\"true\" aria-invalid=\"false\" \/>\n\t\t\t\t\t\t<\/div>\n<\/div>\n\n<div class=\"rtec-form-field rtec-terms_conditions rtec-field-checkbox\" data-rtec-error-message=\"Dies ist erforderlich\" data-rtec-type=\"checkbox\">\n\t\t<div class=\"rtec-input-wrapper\">\n\t\t\t\t\t<div class=\"rtec-checkbox-option-wrap\">\n\t\t\t\t<input type=\"checkbox\" name=\"rtec_terms_conditions\" class=\"rtec-field-input\" id=\"rtec_terms_conditions-1\" data-rtec-valid-options=\"true\" aria-required=\"true\" aria-invalid=\"false\" value=\"Ich akzeptiere die Speicherung meiner Daten im Sinne der Datenschutzerkl\u00e4rung der Heimst\u00e4ttervereinigung Steenkamp e.V. und der europ\u00e4ische Datenschutzgrundverordnung (DSGVO)\"\n\t\t\t\t\t\t\t\t\t\t\t\t\t\t\t\t\t\t\/><label for=\"rtec_terms_conditions-1\">Ich akzeptiere die Speicherung meiner Daten im Sinne der Datenschutzerkl\u00e4rung der Heimst\u00e4ttervereinigung Steenkamp e.V. und der europ\u00e4ische Datenschutzgrundverordnung (DSGVO)&#042;<\/label>\n\t\t\t<\/div>\n\t\t\t\t\t<a href=\"https:\/\/www.steenkamper.de\/index.php\/datenschutzerklaerung\/\" target=\"_blank\">Datenschutzerkl\u00e4rung<\/a>\t\t\t<\/div>\n<\/div>\n\n<div class=\"rtec-form-field rtec-recaptcha rtec-field-text\" data-rtec-error-message=\"FEHLER!!! Bitte versuche es erneut...\" data-rtec-type=\"text\">\n\t\t<label for=\"rtec_recaptcha\" class=\"rtec-field-label\" aria-label=\"SPAM-Schutz: Was ist 4 &#043; 2&#042;\">SPAM-Schutz: Was ist 4 &#043; 2&#042;<\/label>\n\t\t<div class=\"rtec-input-wrapper\">\n\t\t\t\t<input type=\"text\" name=\"rtec_recaptcha\" value=\"\" class=\"rtec-field-input\" id=\"rtec_recaptcha\" data-rtec-recaptcha=\"true\" aria-required=\"true\" aria-invalid=\"false\" \/>\n\t\t\t<input type=\"hidden\" name=\"rtec_recaptcha_sum\" value=\"6\" \/>\t\t\t<\/div>\n<\/div>\n<\/div>\n\t\t<\/div>\n\n\t\t<div class=\"rtec-form-field rtec-user-comments\" style=\"display: none;\">\n\t\t\t<label for=\"rtec_user_comments\" class=\"rtec_text_label\">Comments<\/label>\n\t\t\t<div class=\"rtec-input-wrapper\">\n\t\t\t\t<input type=\"text\" name=\"rtec_user_comments\" value=\"\" id=\"rtec_user_comments\" \/>\n\t\t\t\t<p>Wenn Sie ein Mensch sind, f\u00fcllen Sie dieses Feld nicht aus<\/p>\n\t\t\t<\/div>\n\t\t<\/div>\n\n\t\t<div class=\"rtec-form-buttons\">\n\t\t\t<input type=\"submit\" class=\"rtec-submit-button rtec-custom-hover\" name=\"rtec_submit\" value=\"anmelden\" style=\"background-color: #dd6161; color: #ffffff;\"\/>\n\t\t<\/div>\n\n\t<\/form>\n\n\t<div class=\"rtec-spinner\">\n\t\t<img data-recalc-dims=\"1\" decoding=\"async\" title=\"Tribe Loading Animation Image\" class=\"tribe-events-spinner-medium\" src=\"https:\/\/i0.wp.com\/www.steenkamper.de\/wp-content\/plugins\/the-events-calendar\/src\/resources\/images\/tribe-loading.gif?w=750&#038;ssl=1\" alt=\"Loading gif\">\t<\/div>\n\n<\/div>\n\t\t\n\t\t\t<span class=\"rtec-already-registered-reveal\" style=\"display: none;\"><a href=\"JavaScript:void(0);\">Bereits registriert?<\/a><\/span>\n\t\t\t<p class=\"rtec-already-registered-js-remove\"><strong>Bereits registriert?<\/strong><\/p>\n\n\t\t\t<div class=\"rtec-already-registered-options rtec-is-visitor\">\n\t\t\t\t<p>Verwende dieses Tool, um Ihre Registrierung zu verwalten.<\/p>\n\t\t\t\t<div class=\"rtec-event-meta\">\n\n\t\t\t\t\t<form id=\"rtec-options-form\" action=\"https:\/\/www.steenkamper.de\/index.php\/event\/sommerfest-2025-helferinnen-anmeldung-aufbau-zelte\/\" method=\"post\">\n\t\t\t\t\t\t<div class=\"rtec-form-field rtec-field-text\" data-rtec-error-message=\"erforderlich\" data-rtec-type=\"text\">\n\t\t\t\t\t\t\t<label for=\"rtec-visitor_email\" class=\"rtec-field-label\" aria-label=\"Gebe Deine registrierte E-Mail-Adresse ein\">Gebe Deine registrierte E-Mail-Adresse ein*<\/label>\n\t\t\t\t\t\t\t<div class=\"rtec-input-wrapper\">\n\t\t\t\t\t\t\t\t<input name=\"rtec-visitor_email\" value=\"\" class=\"rtec-field-input\" id=\"rtec-visitor_email\" data-rtec-min=\"0\" data-rtec-max=\"no-max\" aria-required=\"true\" aria-invalid=\"false\" type=\"text\">\n\t\t\t\t\t\t\t<\/div>\n\t\t\t\t\t\t<\/div>\n\t\t\t\t\t\t<input type=\"hidden\" id=\"rtec_nonce\" name=\"rtec_nonce\" value=\"b2c18b7415\" \/><input type=\"hidden\" name=\"_wp_http_referer\" value=\"\/index.php\/wp-json\/wp\/v2\/pages\/29497\" \/>\t\t\t\t\t\t<input type=\"hidden\" name=\"event_id\" value=\"29464\">\n\t\t\t\t\t\t\t\t\t\t\t\t\t<input type=\"submit\" name=\"rtec_visitor_submit\" value=\"Sende den Link zum Aufheben der Registrierung\">\n\t\t\t\t\t\t\t\t\t\t\t<\/form>\n\t\t\t\t<\/div>\n\t\t\t<\/div>\n\t\t\n\t\t\t<\/div>\n<\/div>\n<br><\/p>\n\n\n\n<hr class=\"wp-block-separator has-alpha-channel-opacity\"\/>\n\n\n\n<h2 class=\"wp-block-heading\"><strong>AUFBAU am Samstag:<\/strong><\/h2>\n\n\n\n<p><strong>9 &#8211; 11 Uhr<\/strong><br><em>Der Grill mu\u00df aufgebaut und angeschlossen werden, der Getr\u00e4nkewagen vorbereitet werden, Bierb\u00e4nke und Tische aufgestellt, die Musik-B\u00fchne aufgebaut. Wenn am Fr. nicht alle Zelte aufgebaut wurden m\u00fcssen auch och die restlichen Zelte aufgebaut werden.<\/em><br><div class=\"rtec-outer-wrap\"><div class=\"rtec-attendance-display\"><span>Teilnehmer: 12 \/ \u221e<\/span><\/div><div id=\"rtec\" class=\"rtec\" data-event=\"29469\"><p class=\"rtec-success-message tribe-events-notices\">SORRY, die Anmeldung f\u00fcr diese Veranstaltung ist geschlossen.<\/p><\/div><\/div><br><\/p>\n\n\n\n<hr class=\"wp-block-separator has-alpha-channel-opacity\"\/>\n\n\n\n<h2 class=\"wp-block-heading\">AUFBAU am Sonntag:<\/h2>\n\n\n\n<p class=\"has-vivid-red-color has-text-color has-link-color wp-elements-33d5037794a798601d1b8c99f0e474ed\"><em><strong>ACHTUNG von 11-12h ist der Open-Air-Gottesdienst <\/strong><\/em><br><em>auf der Vogelweide, w\u00e4hrend des Gottesdienstes <strong>bitte RUHE!<\/strong><\/em><\/p>\n\n\n\n<p><strong>9-10Uhr<\/strong><br>Aufr\u00e4umen der Vogelweide vor dem Gottesdienst und Aufbau<br><div class=\"rtec-outer-wrap\"><div class=\"rtec-attendance-display\"><span>Teilnehmer: 5 \/ \u221e<\/span><\/div><div id=\"rtec\" class=\"rtec\" data-event=\"29945\"><p class=\"rtec-success-message tribe-events-notices\">SORRY, die Anmeldung f\u00fcr diese Veranstaltung ist geschlossen.<\/p><\/div><\/div><br><br><strong>9.30 &#8211; 10.30 Uhr<\/strong><br><strong>Aufr\u00e4umen &amp; Vorbereitung<\/strong>:<em> <\/em><br><em>Getr\u00e4nkewagen Tische, Grill, etc.<br><\/em><div class=\"rtec-outer-wrap\"><div class=\"rtec-attendance-display\"><span>Teilnehmer: 3 \/ \u221e<\/span><\/div><div id=\"rtec\" class=\"rtec\" data-event=\"29484\"><p class=\"rtec-success-message tribe-events-notices\">SORRY, die Anmeldung f\u00fcr diese Veranstaltung ist geschlossen.<\/p><\/div><\/div><\/p>\n\n\n\n<hr class=\"wp-block-separator has-alpha-channel-opacity\"\/>\n\n\n\n<h2 class=\"wp-block-heading\"><strong>ABBAU am Sonntag:<\/strong><\/h2>\n\n\n\n<p><strong>ca. 17\/17.30 Uhr<\/strong><br><div class=\"rtec-outer-wrap\"><div class=\"rtec-attendance-display\"><span>Teilnehmer: 13 \/ \u221e<\/span><\/div><div id=\"rtec\" class=\"rtec\" data-event=\"29495\"><p class=\"rtec-success-message tribe-events-notices\">SORRY, die Anmeldung f\u00fcr diese Veranstaltung ist geschlossen.<\/p><\/div><\/div><br><\/p>\n\n\n\n<hr class=\"wp-block-separator has-alpha-channel-opacity\"\/>\n\n\n\n<h2 class=\"wp-block-heading has-background has-white-color has-text-color has-link-color wp-elements-431ef92827ebd98a3f39c1a4d69fcdcf\" style=\"background:linear-gradient(135deg,rgb(1,86,136) 0%,rgb(174,163,247) 100%)\"><strong>Samstag:<\/strong><\/h2>\n\n\n\n<h2 class=\"wp-block-heading\"><strong>9 &#8211; 11 Uhr<\/strong><\/h2>\n\n\n\n<p><strong>Aufbau: Tische, B\u00e4nke, Sonnenschirme, Wimpelketten, Lichterkette, etc.<\/strong><br><em><em>Der Grill mu\u00df aufgebaut und angeschlossen werden, der Getr\u00e4nkewagen vorbereitet werden, Bierb\u00e4nke und Tische aufgestellt, die Musik-B\u00fchne aufgebaut. Wenn am Fr. nicht alle Zelte aufgebaut wurden m\u00fcssen auch och die restlichen Zelte aufgebaut werden.<\/em><\/em><br><div class=\"rtec-outer-wrap\"><div class=\"rtec-attendance-display\"><span>Teilnehmer: 12 \/ \u221e<\/span><\/div><div id=\"rtec\" class=\"rtec\" data-event=\"29469\"><p class=\"rtec-success-message tribe-events-notices\">SORRY, die Anmeldung f\u00fcr diese Veranstaltung ist geschlossen.<\/p><\/div><\/div><\/p>\n\n\n\n<hr class=\"wp-block-separator has-alpha-channel-opacity\"\/>\n\n\n\n<h2 class=\"wp-block-heading\"><strong>Steenkamplauf<\/strong><\/h2>\n\n\n\n<p><strong>10.30 &#8211; ca. 13.30 Uhr<\/strong><br><em>Wir brauchen Helfer*innen f\u00fcr <br>die Anmeldung (2x 10.30-11.45h) und <br>zum Zeitnehmen (3x 11.30-ca.13.30h)<\/em><br><div class=\"rtec-outer-wrap\"><div class=\"rtec-attendance-display\"><span>Teilnehmer: 6 \/ \u221e<\/span><\/div><div id=\"rtec\" class=\"rtec\" data-event=\"29471\"><p class=\"rtec-success-message tribe-events-notices\">SORRY, die Anmeldung f\u00fcr diese Veranstaltung ist geschlossen.<\/p><\/div><\/div><br><\/p>\n\n\n\n<hr class=\"wp-block-separator has-alpha-channel-opacity\"\/>\n\n\n\n<h2 class=\"wp-block-heading\"><strong>12 &#8211; 14 Uhr<\/strong><\/h2>\n\n\n\n<p>Getr\u00e4nkewagen (4x), Grill (5x), Kaffeezelt (4x)<\/p>\n\n\n\n<p class=\"has-vivid-cyan-blue-color has-text-color has-link-color wp-elements-af1a46aa46177d496b053ce3163c8ba7\"><em>\ud83d\udc6e\ud83c\udffc\u200d\u2640\ufe0f\u261d\ud83c\udffc Alkoholische Getr\u00e4nke d\u00fcrfen erst mit 18 ausgeschenkt werden. Deswegen haben wir dieses Jahr einen \u201eLimo-Verkaufsstand\u201c f\u00fcr und von Kindern. F\u00fcr diesen kann man sich <strong>nicht<\/strong> online anmelden. Die Orga l\u00e4uft vor Ort mit dem Getr\u00e4nkewagen. <\/em><\/p>\n\n\n\n<div class=\"wp-block-buttons is-layout-flex wp-block-buttons-is-layout-flex\">\n<div class=\"wp-block-button is-style-fill\"><a class=\"wp-block-button__link has-vivid-red-background-color has-background wp-element-button\" href=\"https:\/\/lukify.app\/jwghww?l=6460\" style=\"border-radius:10px\" target=\"_blank\" rel=\"noreferrer noopener\">12-14<\/a><\/div>\n<\/div>\n\n\n\n<hr class=\"wp-block-separator has-alpha-channel-opacity\"\/>\n\n\n\n<h2 class=\"wp-block-heading\"><strong>14 &#8211; 16.30 Uhr<\/strong><\/h2>\n\n\n\n<p>Getr\u00e4nkewagen (4x), Grill (5x), Kaffeezelt (4x)<\/p>\n\n\n\n<div class=\"wp-block-buttons is-layout-flex wp-block-buttons-is-layout-flex\">\n<div class=\"wp-block-button is-style-fill\"><a class=\"wp-block-button__link has-vivid-red-background-color has-background wp-element-button\" href=\"https:\/\/lukify.app\/jwghww?l=3504\" style=\"border-radius:10px\" target=\"_blank\" rel=\"noreferrer noopener\">14-16.30<\/a><\/div>\n<\/div>\n\n\n\n<hr class=\"wp-block-separator has-alpha-channel-opacity\"\/>\n\n\n\n<h2 class=\"wp-block-heading\"><strong>16.30 &#8211; 18.30 Uhr<\/strong><\/h2>\n\n\n\n<p>Getr\u00e4nkewagen (4x), Grill (5x), Kaffeezelt (4x),<br>Bar vorbereiten (3x) -&gt;<strong>19-20Uhr ist Kinderdisco<\/strong><\/p>\n\n\n\n<div class=\"wp-block-buttons is-layout-flex wp-block-buttons-is-layout-flex\">\n<div class=\"wp-block-button is-style-fill\"><a class=\"wp-block-button__link has-vivid-red-background-color has-background wp-element-button\" href=\"https:\/\/lukify.app\/jwghww?l=1828\" style=\"border-radius:10px\" target=\"_blank\" rel=\"noreferrer noopener\">16.30-18.30<\/a><\/div>\n<\/div>\n\n\n\n<hr class=\"wp-block-separator has-alpha-channel-opacity\"\/>\n\n\n\n<h2 class=\"wp-block-heading\"><strong>18.30 &#8211; 20.30 Uhr<\/strong><\/h2>\n\n\n\n<p>Getr\u00e4nkewagen (4x), Grill (5x), <br>(im Saal: 19-20Uhr Kinderdisco)<\/p>\n\n\n\n<div class=\"wp-block-buttons is-layout-flex wp-block-buttons-is-layout-flex\">\n<div class=\"wp-block-button is-style-fill\"><a class=\"wp-block-button__link has-vivid-red-background-color has-background wp-element-button\" href=\"https:\/\/lukify.app\/jwghww?l=4130\" style=\"border-radius:10px\" target=\"_blank\" rel=\"noreferrer noopener\">18.30-20.30<\/a><\/div>\n<\/div>\n\n\n\n<hr class=\"wp-block-separator has-alpha-channel-opacity\"\/>\n\n\n\n<h2 class=\"wp-block-heading\"><strong>20.30 &#8211; 22.30 Uhr<\/strong><\/h2>\n\n\n\n<p><em>\ud83d\udc6e\ud83c\udffc\u200d\u2640\ufe0f\u261d\ud83c\udffc <mark style=\"background-color:rgba(0, 0, 0, 0)\" class=\"has-inline-color has-vivid-cyan-blue-color\">Alkoholische Getr\u00e4nke d\u00fcrfen erst mit 18 ausgeschenkt werden.<\/mark><\/em><br>Getr\u00e4nkewagen (4x), Grill (5x), <br>Bar (3x), T\u00fcr (2x)<\/p>\n\n\n\n<div class=\"wp-block-buttons is-layout-flex wp-block-buttons-is-layout-flex\">\n<div class=\"wp-block-button is-style-fill\"><a class=\"wp-block-button__link has-vivid-red-background-color has-background wp-element-button\" href=\"https:\/\/lukify.app\/jwghww?l=9870\" style=\"border-radius:10px\" target=\"_blank\" rel=\"noreferrer noopener\">20.30-22.30<\/a><\/div>\n<\/div>\n\n\n\n<hr class=\"wp-block-separator has-alpha-channel-opacity\"\/>\n\n\n\n<h2 class=\"wp-block-heading\"><strong>22.30 &#8211; 0.00 Uhr<\/strong><\/h2>\n\n\n\n<p><em>\ud83d\udc6e\ud83c\udffc\u200d\u2640\ufe0f\u261d\ud83c\udffc <mark style=\"background-color:rgba(0, 0, 0, 0)\" class=\"has-inline-color has-vivid-cyan-blue-color\">Alkoholische Getr\u00e4nke d\u00fcrfen erst mit 18 ausgeschenkt werden.<\/mark><\/em><br>Bar (3x), T\u00fcr (2x)<\/p>\n\n\n\n<div class=\"wp-block-buttons is-layout-flex wp-block-buttons-is-layout-flex\">\n<div class=\"wp-block-button is-style-fill\"><a class=\"wp-block-button__link has-vivid-red-background-color has-background wp-element-button\" href=\"https:\/\/lukify.app\/jwghww?l=2894\" style=\"border-radius:10px\" target=\"_blank\" rel=\"noreferrer noopener\">22.30-0.00<\/a><\/div>\n<\/div>\n\n\n\n<hr class=\"wp-block-separator has-alpha-channel-opacity\"\/>\n\n\n\n<h2 class=\"wp-block-heading\"><strong>0.00 &#8211; 2.00 Uhr<\/strong><\/h2>\n\n\n\n<p><em>\ud83d\udc6e\ud83c\udffc\u200d\u2640\ufe0f\u261d\ud83c\udffc <mark style=\"background-color:rgba(0, 0, 0, 0)\" class=\"has-inline-color has-vivid-cyan-blue-color\">Alkoholische Getr\u00e4nke d\u00fcrfen erst mit 18 ausgeschenkt werden.<\/mark><\/em><br>Bar (3x)<\/p>\n\n\n\n<div class=\"wp-block-buttons is-layout-flex wp-block-buttons-is-layout-flex\">\n<div class=\"wp-block-button is-style-fill\"><a class=\"wp-block-button__link has-vivid-red-background-color has-background wp-element-button\" href=\"https:\/\/lukify.app\/jwghww?l=3759\" style=\"border-radius:10px\" target=\"_blank\" rel=\"noreferrer noopener\">0-2<\/a><\/div>\n<\/div>\n\n\n\n<hr class=\"wp-block-separator has-alpha-channel-opacity\"\/>\n\n\n\n<h2 class=\"wp-block-heading has-background has-white-color has-text-color has-link-color wp-elements-79a58a6e6b37632a3c833171e40ac46b\" style=\"background:linear-gradient(135deg,rgb(69,17,78) 0%,rgb(199,81,192) 69%,rgb(65,88,208) 100%)\"><strong>Sonntag:<\/strong><\/h2>\n\n\n\n<h2 class=\"wp-block-heading\"><strong>9.30 &#8211; 10.30 Uhr<\/strong><\/h2>\n\n\n\n<p><strong>Aufr\u00e4umen &amp; Vorbereitung<\/strong>:<em> <\/em><br><em>Getr\u00e4nkewagen Tische, Grill, etc.<br><mark style=\"background-color:rgba(0, 0, 0, 0)\" class=\"has-inline-color has-vivid-red-color\"><strong>ACHTUNG von 11-12h ist der Open-Air-Gottesdienst <\/strong>auf der Vogelweide, w\u00e4hrend des Gottesdienstes <strong>bitte RUHE!<\/strong><\/mark><\/em><br><div class=\"rtec-outer-wrap\"><div class=\"rtec-attendance-display\"><span>Teilnehmer: 3 \/ \u221e<\/span><\/div><div id=\"rtec\" class=\"rtec\" data-event=\"29484\"><p class=\"rtec-success-message tribe-events-notices\">SORRY, die Anmeldung f\u00fcr diese Veranstaltung ist geschlossen.<\/p><\/div><\/div><\/p>\n\n\n\n<hr class=\"wp-block-separator has-alpha-channel-opacity\"\/>\n\n\n\n<h2 class=\"wp-block-heading\"><strong>Kinderspiele am Sonntag:<\/strong><\/h2>\n\n\n\n<p><strong>13.30 &#8211; 16 Uhr<\/strong><br><em>Am Sonntag finden die Kinderspiele statt. <strong>Um 13.30h<\/strong> ist die Ausgabe der Spiele vor\/im Steenkampsaal.<br>Es wird ca. 10 Spielstationen geben mit jeweils 1-2 Helfer*innen<br>Info-Tisch mit ca. 3 Helfer*innen<\/em><br>(Bis ca. 16 Uhr)<br><div class=\"rtec-outer-wrap\"><div class=\"rtec-attendance-display\"><span>Teilnehmer: 11 \/ \u221e<\/span><\/div><div id=\"rtec\" class=\"rtec\" data-event=\"29486\"><p class=\"rtec-success-message tribe-events-notices\">SORRY, die Anmeldung f\u00fcr diese Veranstaltung ist geschlossen.<\/p><\/div><\/div><\/p>\n\n\n\n<hr class=\"wp-block-separator has-alpha-channel-opacity\"\/>\n\n\n\n<h2 class=\"wp-block-heading\"><strong>12 &#8211; 14 Uhr<\/strong><\/h2>\n\n\n\n<p class=\"has-vivid-cyan-blue-color has-text-color has-link-color wp-elements-af1a46aa46177d496b053ce3163c8ba7\"><em>\ud83d\udc6e\ud83c\udffc\u200d\u2640\ufe0f\u261d\ud83c\udffc Alkoholische Getr\u00e4nke d\u00fcrfen erst mit 18 ausgeschenkt werden. Deswegen haben wir dieses Jahr einen \u201eLimo-Verkaufsstand\u201c f\u00fcr und von Kindern. F\u00fcr diesen kann man sich <strong>nicht<\/strong> online anmelden. Die Orga l\u00e4uft vor Ort mit dem Getr\u00e4nkewagen. <\/em><\/p>\n\n\n\n<p>Getr\u00e4nkewagen (4x), Grill (5x), Kaffeezelt (4x)<br><mark style=\"background-color:rgba(0, 0, 0, 0)\" class=\"has-inline-color has-vivid-red-color\"><em><strong>ACHTUNG\u26a0\ufe0f<\/strong><\/em><br><em><strong>von 11-12h ist der Open-Air-Gottesdienst <\/strong>auf der Vogelweide, <\/em><br><em>w\u00e4hrend des Gottesdienstes <strong>bitte RUHE!<\/strong><\/em><\/mark><\/p>\n\n\n\n<div class=\"wp-block-buttons is-layout-flex wp-block-buttons-is-layout-flex\">\n<div class=\"wp-block-button\"><a class=\"wp-block-button__link has-vivid-red-background-color has-background wp-element-button\" href=\"https:\/\/lukify.app\/jwghww?l=9549\" style=\"border-radius:10px\" target=\"_blank\" rel=\"noreferrer noopener\">12-14<\/a><\/div>\n<\/div>\n\n\n\n<hr class=\"wp-block-separator has-alpha-channel-opacity\"\/>\n\n\n\n<h2 class=\"wp-block-heading\"><strong>14 &#8211; 16 Uhr<\/strong><\/h2>\n\n\n\n<p>Getr\u00e4nkewagen (4x), Grill (5x), Kaffeezelt (4x)<\/p>\n\n\n\n<div class=\"wp-block-buttons is-layout-flex wp-block-buttons-is-layout-flex\">\n<div class=\"wp-block-button\"><a class=\"wp-block-button__link has-vivid-red-background-color has-background wp-element-button\" href=\"https:\/\/lukify.app\/jwghww?l=8803\" style=\"border-radius:10px\" target=\"_blank\" rel=\"noreferrer noopener\">14-16<\/a><\/div>\n<\/div>\n\n\n\n<hr class=\"wp-block-separator has-alpha-channel-opacity\"\/>\n\n\n\n<h2 class=\"wp-block-heading\"><strong>16 &#8211; Ende (ca. 17\/17.30 Uhr)<\/strong><\/h2>\n\n\n\n<p>Getr\u00e4nkewagen (4x), Grill (5x), Kaffeezelt (4x)<\/p>\n\n\n\n<div class=\"wp-block-buttons is-layout-flex wp-block-buttons-is-layout-flex\">\n<div class=\"wp-block-button\"><a class=\"wp-block-button__link has-vivid-red-background-color has-background wp-element-button\" href=\"https:\/\/lukify.app\/jwghww?l=5746\" style=\"border-radius:10px\" target=\"_blank\" rel=\"noreferrer noopener\">16-17.30<\/a><\/div>\n<\/div>\n\n\n\n<hr class=\"wp-block-separator has-alpha-channel-opacity\"\/>\n\n\n<div class=\"is-default-size wp-block-site-logo\"><a href=\"https:\/\/www.steenkamper.de\/\" class=\"custom-logo-link\" rel=\"home\"><img decoding=\"async\" width=\"438\" height=\"254\" src=\"https:\/\/i0.wp.com\/www.steenkamper.de\/wp-content\/uploads\/2019\/10\/STEEKAMPERLOGO-1.png?fit=438%2C254&amp;ssl=1\" class=\"custom-logo\" alt=\"Die Steenkamper\" srcset=\"https:\/\/i0.wp.com\/www.steenkamper.de\/wp-content\/uploads\/2019\/10\/STEEKAMPERLOGO-1.png?w=438&amp;ssl=1 438w, https:\/\/i0.wp.com\/www.steenkamper.de\/wp-content\/uploads\/2019\/10\/STEEKAMPERLOGO-1.png?resize=300%2C174&amp;ssl=1 300w\" sizes=\"(max-width: 438px) 100vw, 438px\" data-attachment-id=\"8996\" data-permalink=\"https:\/\/www.steenkamper.de\/steekamperlogo-2\/\" data-orig-file=\"https:\/\/i0.wp.com\/www.steenkamper.de\/wp-content\/uploads\/2019\/10\/STEEKAMPERLOGO-1.png?fit=438%2C254&amp;ssl=1\" data-orig-size=\"438,254\" data-comments-opened=\"1\" data-image-meta=\"{&quot;aperture&quot;:&quot;0&quot;,&quot;credit&quot;:&quot;&quot;,&quot;camera&quot;:&quot;&quot;,&quot;caption&quot;:&quot;&quot;,&quot;created_timestamp&quot;:&quot;0&quot;,&quot;copyright&quot;:&quot;&quot;,&quot;focal_length&quot;:&quot;0&quot;,&quot;iso&quot;:&quot;0&quot;,&quot;shutter_speed&quot;:&quot;0&quot;,&quot;title&quot;:&quot;&quot;,&quot;orientation&quot;:&quot;0&quot;}\" data-image-title=\"STEEKAMPERLOGO\" data-image-description=\"\" data-image-caption=\"\" data-large-file=\"https:\/\/i0.wp.com\/www.steenkamper.de\/wp-content\/uploads\/2019\/10\/STEEKAMPERLOGO-1.png?fit=438%2C254&amp;ssl=1\" \/><\/a><\/div>\n\n\n<hr class=\"wp-block-separator has-alpha-channel-opacity\"\/>\n\n\n\n<figure class=\"wp-block-image size-large\"><img data-recalc-dims=\"1\" decoding=\"async\" width=\"750\" height=\"563\" data-attachment-id=\"21244\" data-permalink=\"https:\/\/www.steenkamper.de\/3f1bd513-475e-4777-9b1f-b2246d977825\/\" data-orig-file=\"https:\/\/i0.wp.com\/www.steenkamper.de\/wp-content\/uploads\/2022\/10\/3F1BD513-475E-4777-9B1F-B2246D977825.jpg?fit=2049%2C1537&amp;ssl=1\" data-orig-size=\"2049,1537\" data-comments-opened=\"1\" data-image-meta=\"{&quot;aperture&quot;:&quot;2.4&quot;,&quot;credit&quot;:&quot;&quot;,&quot;camera&quot;:&quot;iPhone 11&quot;,&quot;caption&quot;:&quot;&quot;,&quot;created_timestamp&quot;:&quot;1662309716&quot;,&quot;copyright&quot;:&quot;&quot;,&quot;focal_length&quot;:&quot;1.54&quot;,&quot;iso&quot;:&quot;20&quot;,&quot;shutter_speed&quot;:&quot;0.0013966480446927&quot;,&quot;title&quot;:&quot;&quot;,&quot;orientation&quot;:&quot;1&quot;}\" data-image-title=\"Sommerfest 2022\" data-image-description=\"\" data-image-caption=\"&lt;p&gt;Sommerfest 2022&lt;\/p&gt;\n\" data-large-file=\"https:\/\/i0.wp.com\/www.steenkamper.de\/wp-content\/uploads\/2022\/10\/3F1BD513-475E-4777-9B1F-B2246D977825.jpg?fit=750%2C563&amp;ssl=1\" src=\"https:\/\/i0.wp.com\/www.steenkamper.de\/wp-content\/uploads\/2022\/10\/3F1BD513-475E-4777-9B1F-B2246D977825.jpg?resize=750%2C563&#038;ssl=1\" alt=\"\" class=\"wp-image-21244\" srcset=\"https:\/\/i0.wp.com\/www.steenkamper.de\/wp-content\/uploads\/2022\/10\/3F1BD513-475E-4777-9B1F-B2246D977825.jpg?resize=1024%2C768&amp;ssl=1 1024w, https:\/\/i0.wp.com\/www.steenkamper.de\/wp-content\/uploads\/2022\/10\/3F1BD513-475E-4777-9B1F-B2246D977825.jpg?resize=300%2C225&amp;ssl=1 300w, https:\/\/i0.wp.com\/www.steenkamper.de\/wp-content\/uploads\/2022\/10\/3F1BD513-475E-4777-9B1F-B2246D977825.jpg?resize=768%2C576&amp;ssl=1 768w, https:\/\/i0.wp.com\/www.steenkamper.de\/wp-content\/uploads\/2022\/10\/3F1BD513-475E-4777-9B1F-B2246D977825.jpg?resize=1536%2C1152&amp;ssl=1 1536w, https:\/\/i0.wp.com\/www.steenkamper.de\/wp-content\/uploads\/2022\/10\/3F1BD513-475E-4777-9B1F-B2246D977825.jpg?resize=450%2C338&amp;ssl=1 450w, https:\/\/i0.wp.com\/www.steenkamper.de\/wp-content\/uploads\/2022\/10\/3F1BD513-475E-4777-9B1F-B2246D977825.jpg?resize=1000%2C750&amp;ssl=1 1000w, https:\/\/i0.wp.com\/www.steenkamper.de\/wp-content\/uploads\/2022\/10\/3F1BD513-475E-4777-9B1F-B2246D977825.jpg?resize=600%2C450&amp;ssl=1 600w\" sizes=\"(max-width: 750px) 100vw, 750px\" \/><figcaption class=\"wp-element-caption\">Sommerfest 2022<\/figcaption><\/figure>\n\n\n\n<figure class=\"wp-block-image size-large\"><img data-recalc-dims=\"1\" loading=\"lazy\" decoding=\"async\" width=\"750\" height=\"563\" data-attachment-id=\"21239\" data-permalink=\"https:\/\/www.steenkamper.de\/12f86552-0b89-4171-b018-3dfc4f94c915\/\" data-orig-file=\"https:\/\/i0.wp.com\/www.steenkamper.de\/wp-content\/uploads\/2022\/10\/12F86552-0B89-4171-B018-3DFC4F94C915.jpg?fit=2049%2C1537&amp;ssl=1\" data-orig-size=\"2049,1537\" data-comments-opened=\"1\" data-image-meta=\"{&quot;aperture&quot;:&quot;1.8&quot;,&quot;credit&quot;:&quot;&quot;,&quot;camera&quot;:&quot;iPhone 11&quot;,&quot;caption&quot;:&quot;&quot;,&quot;created_timestamp&quot;:&quot;1662236030&quot;,&quot;copyright&quot;:&quot;&quot;,&quot;focal_length&quot;:&quot;4.25&quot;,&quot;iso&quot;:&quot;320&quot;,&quot;shutter_speed&quot;:&quot;0.02&quot;,&quot;title&quot;:&quot;&quot;,&quot;orientation&quot;:&quot;0&quot;}\" data-image-title=\"Sommerfest 2022\" data-image-description=\"\" data-image-caption=\"&lt;p&gt;Sommerfest 2022&lt;\/p&gt;\n\" data-large-file=\"https:\/\/i0.wp.com\/www.steenkamper.de\/wp-content\/uploads\/2022\/10\/12F86552-0B89-4171-B018-3DFC4F94C915.jpg?fit=750%2C563&amp;ssl=1\" src=\"https:\/\/i0.wp.com\/www.steenkamper.de\/wp-content\/uploads\/2022\/10\/12F86552-0B89-4171-B018-3DFC4F94C915.jpg?resize=750%2C563&#038;ssl=1\" alt=\"\" class=\"wp-image-21239\" srcset=\"https:\/\/i0.wp.com\/www.steenkamper.de\/wp-content\/uploads\/2022\/10\/12F86552-0B89-4171-B018-3DFC4F94C915.jpg?resize=1024%2C768&amp;ssl=1 1024w, https:\/\/i0.wp.com\/www.steenkamper.de\/wp-content\/uploads\/2022\/10\/12F86552-0B89-4171-B018-3DFC4F94C915.jpg?resize=300%2C225&amp;ssl=1 300w, https:\/\/i0.wp.com\/www.steenkamper.de\/wp-content\/uploads\/2022\/10\/12F86552-0B89-4171-B018-3DFC4F94C915.jpg?resize=768%2C576&amp;ssl=1 768w, https:\/\/i0.wp.com\/www.steenkamper.de\/wp-content\/uploads\/2022\/10\/12F86552-0B89-4171-B018-3DFC4F94C915.jpg?resize=1536%2C1152&amp;ssl=1 1536w, https:\/\/i0.wp.com\/www.steenkamper.de\/wp-content\/uploads\/2022\/10\/12F86552-0B89-4171-B018-3DFC4F94C915.jpg?resize=450%2C338&amp;ssl=1 450w, https:\/\/i0.wp.com\/www.steenkamper.de\/wp-content\/uploads\/2022\/10\/12F86552-0B89-4171-B018-3DFC4F94C915.jpg?resize=1000%2C750&amp;ssl=1 1000w, https:\/\/i0.wp.com\/www.steenkamper.de\/wp-content\/uploads\/2022\/10\/12F86552-0B89-4171-B018-3DFC4F94C915.jpg?resize=600%2C450&amp;ssl=1 600w\" sizes=\"(max-width: 750px) 100vw, 750px\" \/><figcaption class=\"wp-element-caption\">Sommerfest 2022<\/figcaption><\/figure>\n\n\n\n<figure class=\"wp-block-image size-full\"><img data-recalc-dims=\"1\" loading=\"lazy\" decoding=\"async\" width=\"750\" height=\"1061\" data-attachment-id=\"29978\" data-permalink=\"https:\/\/www.steenkamper.de\/index.php\/event\/flohmarkt-2025\/sommerfest-25\/\" data-orig-file=\"https:\/\/i0.wp.com\/www.steenkamper.de\/wp-content\/uploads\/2025\/06\/sommerfest-25-scaled.jpg?fit=1810%2C2560&amp;ssl=1\" data-orig-size=\"1810,2560\" data-comments-opened=\"1\" data-image-meta=\"{&quot;aperture&quot;:&quot;0&quot;,&quot;credit&quot;:&quot;&quot;,&quot;camera&quot;:&quot;&quot;,&quot;caption&quot;:&quot;&quot;,&quot;created_timestamp&quot;:&quot;0&quot;,&quot;copyright&quot;:&quot;&quot;,&quot;focal_length&quot;:&quot;0&quot;,&quot;iso&quot;:&quot;0&quot;,&quot;shutter_speed&quot;:&quot;0&quot;,&quot;title&quot;:&quot;&quot;,&quot;orientation&quot;:&quot;0&quot;}\" data-image-title=\"sommerfest-25\" data-image-description=\"\" data-image-caption=\"\" data-large-file=\"https:\/\/i0.wp.com\/www.steenkamper.de\/wp-content\/uploads\/2025\/06\/sommerfest-25-scaled.jpg?fit=724%2C1024&amp;ssl=1\" src=\"https:\/\/i0.wp.com\/www.steenkamper.de\/wp-content\/uploads\/2025\/06\/sommerfest-25-scaled.jpg?resize=750%2C1061&#038;ssl=1\" alt=\"\" class=\"wp-image-29978\" srcset=\"https:\/\/i0.wp.com\/www.steenkamper.de\/wp-content\/uploads\/2025\/06\/sommerfest-25-scaled.jpg?w=1810&amp;ssl=1 1810w, https:\/\/i0.wp.com\/www.steenkamper.de\/wp-content\/uploads\/2025\/06\/sommerfest-25-scaled.jpg?resize=212%2C300&amp;ssl=1 212w, https:\/\/i0.wp.com\/www.steenkamper.de\/wp-content\/uploads\/2025\/06\/sommerfest-25-scaled.jpg?resize=724%2C1024&amp;ssl=1 724w, https:\/\/i0.wp.com\/www.steenkamper.de\/wp-content\/uploads\/2025\/06\/sommerfest-25-scaled.jpg?resize=768%2C1086&amp;ssl=1 768w, https:\/\/i0.wp.com\/www.steenkamper.de\/wp-content\/uploads\/2025\/06\/sommerfest-25-scaled.jpg?resize=1086%2C1536&amp;ssl=1 1086w, https:\/\/i0.wp.com\/www.steenkamper.de\/wp-content\/uploads\/2025\/06\/sommerfest-25-scaled.jpg?resize=1448%2C2048&amp;ssl=1 1448w, https:\/\/i0.wp.com\/www.steenkamper.de\/wp-content\/uploads\/2025\/06\/sommerfest-25-scaled.jpg?resize=450%2C636&amp;ssl=1 450w, https:\/\/i0.wp.com\/www.steenkamper.de\/wp-content\/uploads\/2025\/06\/sommerfest-25-scaled.jpg?resize=300%2C424&amp;ssl=1 300w, https:\/\/i0.wp.com\/www.steenkamper.de\/wp-content\/uploads\/2025\/06\/sommerfest-25-scaled.jpg?resize=600%2C848&amp;ssl=1 600w, https:\/\/i0.wp.com\/www.steenkamper.de\/wp-content\/uploads\/2025\/06\/sommerfest-25-scaled.jpg?w=1500&amp;ssl=1 1500w\" sizes=\"(max-width: 750px) 100vw, 750px\" \/><\/figure>\n","protected":false},"excerpt":{"rendered":"<p>Wir brauchen wieder viele \u201eHelfende H\u00e4nde\u201c f\u00fcr ein tolles Sommerfest! Bitte trage Dich hier f\u00fcr die gew\u00fcnschten Schichten ein.Dieses Jahr ist unsere Helfer*innen-Liste anders organisiert. Wir versuchen es etwas \u00fcbersichtlicher&#8230; <\/p>\n<p><a class=\"teaser-more\" href=\"https:\/\/www.steenkamper.de\/index.php\/sommerfest-2025-helferinnen-listen\/\">weiter lesen<\/a><\/p>\n","protected":false},"author":6,"featured_media":21240,"parent":0,"menu_order":0,"comment_status":"closed","ping_status":"closed","template":"","meta":{"_acf_changed":false,"_price":"","_stock":"","_tribe_ticket_header":"","_tribe_default_ticket_provider":"","_tribe_ticket_capacity":"0","_ticket_start_date":"","_ticket_end_date":"","_tribe_ticket_show_description":"","_tribe_ticket_show_not_going":false,"_tribe_ticket_use_global_stock":"","_tribe_ticket_global_stock_level":"","_global_stock_mode":"","_global_stock_cap":"","_tribe_rsvp_for_event":"","_tribe_ticket_going_count":"","_tribe_ticket_not_going_count":"","_tribe_tickets_list":"[]","_tribe_ticket_has_attendee_info_fields":false,"jetpack_post_was_ever_published":false,"footnotes":"","_tec_slr_enabled":"","_tec_slr_layout":""},"class_list":["post-29497","page","type-page","status-publish","has-post-thumbnail","hentry"],"acf":[],"jetpack_sharing_enabled":true,"jetpack_shortlink":"https:\/\/wp.me\/P74Wuo-7FL","jetpack_likes_enabled":true,"jetpack-related-posts":[{"id":9671,"url":"https:\/\/www.steenkamper.de\/index.php\/helfer-anmeldung\/","url_meta":{"origin":29497,"position":0},"title":"HELFER ANMELDUNG","author":"Max","date":"23\/12\/2019","format":false,"excerpt":"TEST - PROBELAUF - TEST Im Jubil\u00e4umsjahr werden wir viele Helfer*innen brauchen. Um die Organisation besser und einfacher zu gestalten, werden wir ein neues online Werkzeug daf\u00fcr verwenden. Bitte tragt euch als Helfer*in dort ein, dort kann sich Jede*r f\u00fcr seinen pers\u00f6nlichen Helferdienst vom Grillstand, \u00fcber Tresen, bis zu den\u2026","rel":"","context":"\u00c4hnlicher Beitrag","block_context":{"text":"\u00c4hnlicher Beitrag","link":""},"img":{"alt_text":"","src":"","width":0,"height":0},"classes":[]},{"id":6716,"url":"https:\/\/www.steenkamper.de\/index.php\/sommerfest-helfer-anmeldung\/","url_meta":{"origin":29497,"position":1},"title":"Sommerfest HELFER Anmeldung","author":"Max","date":"12\/07\/2018","format":false,"excerpt":"Helfer\u00a0f\u00fcr das Sommerfest 2018 bitte auf \"hier anmelden\" dr\u00fccken und eintragen oder telefonisch 040 659 141 34 Bitte unbedingt die T\u00e4tigkeit\/Hilfe im Textfeld \"Anmerkung\/Kommentar\" angeben! Falls die Anmeldung NICHT funktioniert, k\u00f6nnte es an der nicht richtigen URL liegen. (Es gab eine technische Umstellung der Webseite.) Bitte in der Adresszeile im\u2026","rel":"","context":"\u00c4hnlicher Beitrag","block_context":{"text":"\u00c4hnlicher Beitrag","link":""},"img":{"alt_text":"","src":"","width":0,"height":0},"classes":[]},{"id":8413,"url":"https:\/\/www.steenkamper.de\/index.php\/sommerfest-helfer-anmeldung-2019\/","url_meta":{"origin":29497,"position":2},"title":"Sommerfest HELFER Anmeldung 2019","author":"Max","date":"29\/06\/2019","format":false,"excerpt":"Helfer\u00a0f\u00fcr das Sommerfest 2019\u00a0bitte auf \u201ehier anmelden\u201c dr\u00fccken und eintragenoder telefonisch 040 659 141 34 Bitte unbedingt die\u00a0T\u00e4tigkeit\/Hilfe\u00a0im\u00a0Textfeld \u201eAnmerkung\/Kommentar\u201c\u00a0angeben! Dieses Jahr ist mit vielen Besuchen zu rechnen!Letztes Jahr war am Samstag schon der Kuchen aufgegessen, deswegen dieBitte:\u00a0Spendet Kuchen! HELFER Freitag (neu!):F\u00fcr den\u00a0Aufbau der beiden gro\u00dfen Zelte (f\u00fcr die B\u00fchne auf\u2026","rel":"","context":"\u00c4hnlicher Beitrag","block_context":{"text":"\u00c4hnlicher Beitrag","link":""},"img":{"alt_text":"","src":"","width":0,"height":0},"classes":[]},{"id":30784,"url":"https:\/\/www.steenkamper.de\/index.php\/termine-2025\/","url_meta":{"origin":29497,"position":3},"title":"Termine 2025","author":"Max","date":"02\/01\/2026","format":false,"excerpt":"(Link zu: \"das war 2024\") 202511.1. Helfer*innen Aktion Saal ausr\u00e4umen 11-14h2.1. - 21.2.\u00a0Saal gesperrt (Fu\u00dfbodensanierung) \u26d4\ufe0f22.2. Helfer*innen Aktion Saal einr\u00e4umen 11-14h1.3. Hamburg r\u00e4umt auf! 14h4.4. Bingo! 19h5.4. Mitgliederversammlung 16h11.4. Kultursalon \/ Lichtspielabend 19.30h25.4. Quiz-Abend 19h30.4. Tanz in den Mai 20h9.5. Bingo! 19h13.6. Bingo! 19h25.6. Energie-Gruppe Info-Veranstaltung 18h16.7. Ausschuss Science City\u2026","rel":"","context":"\u00c4hnlicher Beitrag","block_context":{"text":"\u00c4hnlicher Beitrag","link":""},"img":{"alt_text":"","src":"","width":0,"height":0},"classes":[]},{"id":1794,"url":"https:\/\/www.steenkamper.de\/index.php\/fluechtlingsarbeit\/willkommens-ag\/","url_meta":{"origin":29497,"position":4},"title":"Willkommens AG","author":"Max","date":"26\/02\/2016","format":false,"excerpt":"Das ist... Im M\u00e4rz 2017 wird aller Voraussicht nach aus der Erstaufnahme im Albert-Einstein-Ring eine Folgeunterkunft.\u00a0 Das bedeutet, wie auch schon in der Notkestra\u00dfe 25, dass an zwei Tagen in der Woche Menschen aufgenommen werden. Es ist gut m\u00f6glich, dass es wieder solche Aktivit\u00e4ten der Steenkamper\/innen geben wird, der Kontakt\u2026","rel":"","context":"\u00c4hnlicher Beitrag","block_context":{"text":"\u00c4hnlicher Beitrag","link":""},"img":{"alt_text":"welcome","src":"https:\/\/i0.wp.com\/wp.steenkamper.de\/wp-content\/uploads\/2015\/12\/welcome-300x194.jpg?resize=350%2C200","width":350,"height":200},"classes":[]},{"id":24,"url":"https:\/\/www.steenkamper.de\/index.php\/termine\/","url_meta":{"origin":29497,"position":5},"title":"Termine","author":"admin","date":"14\/12\/2015","format":false,"excerpt":"\u00a0Kalender URL\u00a0 \u00a0 \u00a0 \u00a0Kalender abonnieren (Link zu: \"das war 2025\") 202623.1. Bingo! 19h21.2. Quizabend 19h22.2. Hamburg r\u00e4umt auf! 14h27.2. Bingo! 19h13.3. Kultursalon\u00a0 F\u00c4LLT AUS!27.3. Bingo! 19h11.4. Mitgliederversammlung 16h17.4. Kultursalon 19.30h24.4. Bingo! 19h30.4. Tanz in den Mai 22.5. Bingo! 19h27.5. AG SteenkampEnergie12.6. Kultursalon 19.30h27.6. Quizabend 19h5. & 6.9. Sommerfest28.8. Kultursalon\u2026","rel":"","context":"\u00c4hnlicher Beitrag","block_context":{"text":"\u00c4hnlicher Beitrag","link":""},"img":{"alt_text":"","src":"","width":0,"height":0},"classes":[]}],"ticketed":false,"_links":{"self":[{"href":"https:\/\/www.steenkamper.de\/index.php\/wp-json\/wp\/v2\/pages\/29497","targetHints":{"allow":["GET"]}}],"collection":[{"href":"https:\/\/www.steenkamper.de\/index.php\/wp-json\/wp\/v2\/pages"}],"about":[{"href":"https:\/\/www.steenkamper.de\/index.php\/wp-json\/wp\/v2\/types\/page"}],"author":[{"embeddable":true,"href":"https:\/\/www.steenkamper.de\/index.php\/wp-json\/wp\/v2\/users\/6"}],"replies":[{"embeddable":true,"href":"https:\/\/www.steenkamper.de\/index.php\/wp-json\/wp\/v2\/comments?post=29497"}],"version-history":[{"count":81,"href":"https:\/\/www.steenkamper.de\/index.php\/wp-json\/wp\/v2\/pages\/29497\/revisions"}],"predecessor-version":[{"id":30370,"href":"https:\/\/www.steenkamper.de\/index.php\/wp-json\/wp\/v2\/pages\/29497\/revisions\/30370"}],"wp:featuredmedia":[{"embeddable":true,"href":"https:\/\/www.steenkamper.de\/index.php\/wp-json\/wp\/v2\/media\/21240"}],"wp:attachment":[{"href":"https:\/\/www.steenkamper.de\/index.php\/wp-json\/wp\/v2\/media?parent=29497"}],"curies":[{"name":"wp","href":"https:\/\/api.w.org\/{rel}","templated":true}]}}