{"id":286,"date":"2015-12-16T11:34:09","date_gmt":"2015-12-16T09:34:09","guid":{"rendered":"https:\/\/steenkamper.wordpress.com\/?page_id=286"},"modified":"2024-11-13T07:39:42","modified_gmt":"2024-11-13T06:39:42","slug":"kooperationspartner","status":"publish","type":"page","link":"https:\/\/www.steenkamper.de\/index.php\/kooperationspartner\/","title":{"rendered":"Kooperationspartner\/Links"},"content":{"rendered":"<p><b><a href=\"http:\/\/www.xn--stadthof-frderkreis-z6b.de\" target=\"_blank\" rel=\"noopener noreferrer\">Nachbarschaftscaf\u00e9 \u201eDas Caf\u00e9\u201c des F\u00f6rderkreis Stadthof e.V.&nbsp;<\/a><br \/>\n<\/b>direkt an der Vogelweide, Steenkamp 16<br \/>\nDas Caf\u00e9 \u00f6ffnet seine T\u00fcr jeweils freitags und samstags von 14.00- 18.00 Uhr.<\/p>\n<p><b><a href=\"http:\/\/www.melanchthonkirche-hamburg.de\" target=\"_blank\" rel=\"noopener noreferrer\">Ev. Melanchthon-Kirchengemeinde Hamburg-Flottbek<\/a><br \/>\n<\/b>in der&nbsp;Ebertallee 30<b><br \/>\n<\/b>Es finden Gottesdienste mit Taufen beim Sommerfest statt sowie Gottesdienste mit Tschernobylkindern und den \u201eSteenkampsingern\u201c.<\/p>\n<p><b><a href=\"http:\/\/www.koala-hamburg.de\/banotke\/\" target=\"_blank\" rel=\"noopener noreferrer\">Sozialkaufhaus \u201eBaNotke\u201c<br \/>\n<\/a><\/b>Spenden die bisher \u00fcber die Fl\u00fcchtlingshilfe der Heimst\u00e4ttervereinigung vergeben wurden, werden nun \u00fcber das Sozialkaufhaus verteilt.<\/p>\n<p><b><a href=\"http:\/\/offen-ist-in.de\/index.php\/about\/wir-im-stadtteil\" target=\"_blank\" rel=\"noopener noreferrer\">Jugendzentrum \u201eJuno 23\u201c<br \/>\n<\/a><\/b>Unter gro\u00dfem Engagement von Jugendlichen und Eltern aus der Siedlung Steenkamp wurde seit 1986 das ehemalige Offizierscasino und sp\u00e4tere Schule umgebaut und eingerichtet.<\/p>\n<p><b><a href=\"http:\/\/www.blau-weiss-osdorf.de\" target=\"_blank\" rel=\"noopener noreferrer\">Spielmannszug \u201eBlau-Weiss Osdorf\u201c<br \/>\n<\/a><\/b>Der Spielmannszug f\u00fchrt den j\u00e4hrlichen Laternenumzug an.<\/p>\n<p><b><a href=\"https:\/\/www.bahrenfeldauftrab.de\" target=\"_blank\" rel=\"noopener\">Bahrenfeld auf Trab<\/a><\/b><br \/>\nBahrenfeld auf Trab ist eine Stadtteilinitiative und m\u00f6chte ein Forum f\u00fcr Bahrenfelder B\u00fcrgerinnen und B\u00fcrger bieten.<\/p>\n<p><b><a href=\"http:\/\/www.soeth-verlag.de\/files\/bahrenfelder201701web.pdf\" target=\"_blank\" rel=\"noopener noreferrer\">B\u00fcrgerverein Bahrenfeld von 1879 e.V. <\/a><br \/>\n<\/b>Gelegentlicher Austausch zu Themen im Stadtteil Bahrenfeld.<\/p>\n<p><b>Bezirksamt Altona, Gartenbauabteilung<br \/>\n<\/b>Austausch und gegenseitige Unterst\u00fctzung bei Fragen der Gestaltung und Pflege der \u00f6ffentlichen Gr\u00fcnfl\u00e4chen in der Siedlung.<\/p>\n<p><b>Bezirksversammlung Altona und Bezirksamtsleitung<br \/>\n<\/b>Fraktions\u00fcbergreifende Unterst\u00fctzung bei den Saalverhandlungen.<\/p>\n<p><b><a href=\"https:\/\/www.saga.hamburg\/unternehmensgruppe\/ueber-uns\/gestern-heute-morgen\" target=\"_blank\" rel=\"noopener noreferrer\">SAGA <\/a><br \/>\n<\/b>St\u00e4dtisches Wohnungsunternehmen als Vermieter zahlreicher Nachbarn und des Steenkampsaales. Gew\u00e4hrung eines g\u00fcnstigen Mietzinses.<br \/>\nKontakt: 040 42666 666 Mo.-Do. 8-18h Fr. 8-16h<br \/>\nNotdienst bei technischen St\u00f6rungen: 040 20006868<\/p>\n","protected":false},"excerpt":{"rendered":"<p>Nachbarschaftscaf\u00e9 \u201eDas Caf\u00e9\u201c des F\u00f6rderkreis Stadthof e.V.&nbsp; direkt an der Vogelweide, Steenkamp 16 Das Caf\u00e9 \u00f6ffnet seine T\u00fcr jeweils freitags und samstags von 14.00- 18.00 Uhr. Ev. Melanchthon-Kirchengemeinde Hamburg-Flottbek in [&hellip;]<\/p>\n","protected":false},"author":6,"featured_media":0,"parent":0,"menu_order":0,"comment_status":"closed","ping_status":"closed","template":"","meta":{"_acf_changed":false,"site-sidebar-layout":"default","site-content-layout":"","ast-site-content-layout":"default","site-content-style":"default","site-sidebar-style":"default","ast-global-header-display":"","ast-banner-title-visibility":"","ast-main-header-display":"","ast-hfb-above-header-display":"","ast-hfb-below-header-display":"","ast-hfb-mobile-header-display":"","site-post-title":"","ast-breadcrumbs-content":"","ast-featured-img":"","footer-sml-layout":"","ast-disable-related-posts":"","theme-transparent-header-meta":"","adv-header-id-meta":"","stick-header-meta":"","header-above-stick-meta":"","header-main-stick-meta":"","header-below-stick-meta":"","astra-migrate-meta-layouts":"default","ast-page-background-enabled":"default","ast-page-background-meta":{"desktop":{"background-color":"var(--ast-global-color-5)","background-image":"","background-repeat":"repeat","background-position":"center center","background-size":"auto","background-attachment":"scroll","background-type":"","background-media":"","overlay-type":"","overlay-color":"","overlay-opacity":"","overlay-gradient":""},"tablet":{"background-color":"","background-image":"","background-repeat":"repeat","background-position":"center center","background-size":"auto","background-attachment":"scroll","background-type":"","background-media":"","overlay-type":"","overlay-color":"","overlay-opacity":"","overlay-gradient":""},"mobile":{"background-color":"","background-image":"","background-repeat":"repeat","background-position":"center center","background-size":"auto","background-attachment":"scroll","background-type":"","background-media":"","overlay-type":"","overlay-color":"","overlay-opacity":"","overlay-gradient":""}},"ast-content-background-meta":{"desktop":{"background-color":"var(--ast-global-color-4)","background-image":"","background-repeat":"repeat","background-position":"center center","background-size":"auto","background-attachment":"scroll","background-type":"","background-media":"","overlay-type":"","overlay-color":"","overlay-opacity":"","overlay-gradient":""},"tablet":{"background-color":"var(--ast-global-color-4)","background-image":"","background-repeat":"repeat","background-position":"center center","background-size":"auto","background-attachment":"scroll","background-type":"","background-media":"","overlay-type":"","overlay-color":"","overlay-opacity":"","overlay-gradient":""},"mobile":{"background-color":"var(--ast-global-color-4)","background-image":"","background-repeat":"repeat","background-position":"center center","background-size":"auto","background-attachment":"scroll","background-type":"","background-media":"","overlay-type":"","overlay-color":"","overlay-opacity":"","overlay-gradient":""}},"_price":"","_stock":"","_tribe_ticket_header":"","_tribe_default_ticket_provider":"","_tribe_ticket_capacity":"0","_ticket_start_date":"","_ticket_end_date":"","_tribe_ticket_show_description":"","_tribe_ticket_show_not_going":false,"_tribe_ticket_use_global_stock":"","_tribe_ticket_global_stock_level":"","_global_stock_mode":"","_global_stock_cap":"","_tribe_rsvp_for_event":"","_tribe_ticket_going_count":"","_tribe_ticket_not_going_count":"","_tribe_tickets_list":"[]","_tribe_ticket_has_attendee_info_fields":false,"jetpack_post_was_ever_published":false,"footnotes":"","_tec_slr_enabled":"","_tec_slr_layout":""},"class_list":["post-286","page","type-page","status-publish","hentry"],"acf":[],"jetpack_sharing_enabled":false,"jetpack_shortlink":"https:\/\/wp.me\/P74Wuo-4C","jetpack_likes_enabled":true,"jetpack-related-posts":[{"id":247,"url":"https:\/\/www.steenkamper.de\/index.php\/fluechtlingsarbeit\/","url_meta":{"origin":286,"position":0},"title":"Ausschuss Fl\u00fcchtlingsunterst\u00fctzung","author":"Max","date":"15\/12\/2015","format":false,"excerpt":"Caf\u00e9 VogelweideDas Caf\u00e9 ist seit April 2022 nach einer l\u00e4ngeren Coronapause wieder aktiv. Alle Steenkamper\/innen sind eingeladen mit neuen Nachbarn\/innen Deutsch zu kl\u00f6nen und zu Tee\/Kaffee\/Kuchen zusammenzusitzen. Kuchenspenden (geschnittene) sind sehr erw\u00fcnscht, um das Buffet zu erweitern. Sie k\u00f6nnen ab 15.00h abgegeben werden. Das Caf\u00e9 findet ab 16.00h bis 17.30h\u2026","rel":"","context":"\u00c4hnlicher Beitrag","block_context":{"text":"\u00c4hnlicher Beitrag","link":""},"img":{"alt_text":"","src":"https:\/\/i0.wp.com\/www.steenkamper.de\/wp-content\/uploads\/2016\/09\/IMG_2805-300x141.png?resize=350%2C200&ssl=1","width":350,"height":200},"classes":[]},{"id":3237,"url":"https:\/\/www.steenkamper.de\/index.php\/fluechtlingsarbeit\/cafe-vogelweide\/","url_meta":{"origin":286,"position":1},"title":"Caf\u00e9 Vogelweide","author":"Max","date":"31\/01\/2017","format":false,"excerpt":"Termine 2026 KEIN Caf\u00e9 im Dezember 2025 25.1., 22.2., 29,3., kein Caf\u00e9 im Apr., 31.5., 28.6., kein Caf\u00e9 im Juli, 30.8., 27.9., kein Caf\u00e9 im Okt., 8.11., 13.12. Was machen wir? Kl\u00f6nen, Kuchen verspeisen, spielen, malen, sich austauschen, Mandalas malen, Deutsch reden, neue Kontakte kn\u00fcpfen, lachen, Fotos machen, bei Regen\u2026","rel":"","context":"\u00c4hnlicher Beitrag","block_context":{"text":"\u00c4hnlicher Beitrag","link":""},"img":{"alt_text":"","src":"https:\/\/i0.wp.com\/www.steenkamper.de\/wp-content\/uploads\/2025\/12\/CafeVogelweide_ALLE_TERMINE_2026-220x300.jpg?resize=350%2C200&ssl=1","width":350,"height":200},"classes":[]},{"id":3374,"url":"https:\/\/www.steenkamper.de\/index.php\/fluechtlingsarbeit\/fluechtlings-ags\/","url_meta":{"origin":286,"position":2},"title":"Fl\u00fcchtlings AGs","author":"Max","date":"14\/02\/2017","format":false,"excerpt":"Ausschuss Fl\u00fcchtlingsunterst\u00fctzung Steenkamp: Friederike Petrelli: 040 31790366 Gertrud Krapp: 040 8005165 Friedhelm Moggert-K\u00e4geler: 0160 99165211 Aktiv Caf\u00e9 \"Vogelweide\" Jeden letzten Sonntag treffen sich alte und neue Nachbar\/innen im Steenkampsaal bei Kaffee und Kuchen... weiterlesen Archiv Deutschkiosk, ein Angebor f\u00fcr gefl\u00fcchtete Menschen aus der Ukraine Juni 2023 - Oktober 2023, Deutschkurse\u2026","rel":"","context":"\u00c4hnlicher Beitrag","block_context":{"text":"\u00c4hnlicher Beitrag","link":""},"img":{"alt_text":"","src":"","width":0,"height":0},"classes":[]},{"id":9584,"url":"https:\/\/www.steenkamper.de\/index.php\/kalenderblatt\/","url_meta":{"origin":286,"position":3},"title":"Kalenderblatt","author":"Max","date":"10\/12\/2019","format":false,"excerpt":"Spannende Siedlungsgeschichte(n): neu entdeckenKalenderbl\u00e4tter \/ Schautafeln in der SteenkampsiedlungIm Jubil\u00e4umsjahr 2020 werden an wechselnden Orten monatlich neue Tafeln mit Bildern und Texten zu jeweils einem interessanten Aspekt der Siedlungsgeschichte aufgestellt, auch mit Blick auf heute. Auf jeder Tafel soll es einen Link (QR-Code) zu weiterf\u00fchrenden Informationen und\/oder Fotos geben.Wussten Sie,\u2026","rel":"","context":"\u00c4hnlicher Beitrag","block_context":{"text":"\u00c4hnlicher Beitrag","link":""},"img":{"alt_text":"","src":"https:\/\/i0.wp.com\/www.steenkamper.de\/wp-content\/uploads\/2019\/12\/logo-steenkamp-jubilaeum-KLEIN.png?resize=350%2C200&ssl=1","width":350,"height":200,"srcset":"https:\/\/i0.wp.com\/www.steenkamper.de\/wp-content\/uploads\/2019\/12\/logo-steenkamp-jubilaeum-KLEIN.png?resize=350%2C200&ssl=1 1x, https:\/\/i0.wp.com\/www.steenkamper.de\/wp-content\/uploads\/2019\/12\/logo-steenkamp-jubilaeum-KLEIN.png?resize=525%2C300&ssl=1 1.5x, https:\/\/i0.wp.com\/www.steenkamper.de\/wp-content\/uploads\/2019\/12\/logo-steenkamp-jubilaeum-KLEIN.png?resize=700%2C400&ssl=1 2x, https:\/\/i0.wp.com\/www.steenkamper.de\/wp-content\/uploads\/2019\/12\/logo-steenkamp-jubilaeum-KLEIN.png?resize=1050%2C600&ssl=1 3x"},"classes":[]},{"id":5644,"url":"https:\/\/www.steenkamper.de\/index.php\/termine-2017\/","url_meta":{"origin":286,"position":4},"title":"Termine 2017","author":"Max","date":"27\/12\/2017","format":false,"excerpt":"Januar 22.1.\u00a0Fl\u00fcchtlingshilfe\u00a0- Caf\u00e9 \"Vogelweide\" im Steenkampsaal\u00a015-17h 28.&29.1. Theatergruppe IdeenReich B\u00fchnenkunst \"Meerschaum oder Windsbraut\" 19h Februar 14.2. Puppen Theater\u00a016h 18.2. Zukunftswerkstatt\u00a016-19h 19.2. Kinderfasching\u00a015h im Steenkampsaal 26.2.\u00a0Fl\u00fcchtlingshilfe\u00a0- Caf\u00e9 \"Vogelweide\" im Steenkampsaal\u00a015-17h M\u00e4rz 6.-17.3.\u00a0Fr\u00fchjahrs-\/Ski-Schulferien 25.3.\u00a0Hamburg r\u00e4umt auf Treffpunkt 15h vorm Saal 26.3.\u00a0Fl\u00fcchtlingshilfe\u00a0- Caf\u00e9 \"Vogelweide\" im Steenkampsaal\u00a015-17h April 8.4. \u00a0Steenkampsalon\u00a0ab 20.30h 22.4.\u00a0Fl\u00fcchtlingshilfe\u00a0- Caf\u00e9 \"Vogelweide\"\u2026","rel":"","context":"\u00c4hnlicher Beitrag","block_context":{"text":"\u00c4hnlicher Beitrag","link":""},"img":{"alt_text":"","src":"","width":0,"height":0},"classes":[]},{"id":7395,"url":"https:\/\/www.steenkamper.de\/index.php\/termine-2018-2\/","url_meta":{"origin":286,"position":5},"title":"Termine 2018","author":"Max","date":"15\/12\/2018","format":false,"excerpt":"das war 2018: Januar 10.1. Ausschusstreffen Fl\u00fcchtlingsausschuss\u00a019.30h 27.1.\u00a0Fl\u00fcchtlingsausschuss\u00a0- Caf\u00e9 \"Vogelweide\" im Steenkampsaal\u00a015-17h diesmal Samstag und \"Tanz-Caf\u00e9\"!\u00a0\u26a0\u00a0SAMSTAG!!! 28.1. Kinderfasching 15h Februar 3.2. Kultursalon 20h 13.2. Puppen Theater\u00a016h 17.2. Zukunftswerkstatt 2018\u00a016-19h 25.2.\u00a0Fl\u00fcchtlingsausschuss\u00a0- Caf\u00e9 \"Vogelweide\" im Steenkampsaal\u00a015-17h M\u00e4rz 3.-18.3. Schulferien\/Osterferien 21.3. Mitgliederversammlung\u00a019h 24.3. Hamburg r\u00e4umt auf 15h 25.3.\u00a0Fl\u00fcchtlingsausschuss\u00a0- Caf\u00e9 \"Vogelweide\" im Steenkampsaal\u00a015-17h April\u2026","rel":"","context":"\u00c4hnlicher Beitrag","block_context":{"text":"\u00c4hnlicher Beitrag","link":""},"img":{"alt_text":"","src":"","width":0,"height":0},"classes":[]}],"ticketed":false,"_links":{"self":[{"href":"https:\/\/www.steenkamper.de\/index.php\/wp-json\/wp\/v2\/pages\/286","targetHints":{"allow":["GET"]}}],"collection":[{"href":"https:\/\/www.steenkamper.de\/index.php\/wp-json\/wp\/v2\/pages"}],"about":[{"href":"https:\/\/www.steenkamper.de\/index.php\/wp-json\/wp\/v2\/types\/page"}],"author":[{"embeddable":true,"href":"https:\/\/www.steenkamper.de\/index.php\/wp-json\/wp\/v2\/users\/6"}],"replies":[{"embeddable":true,"href":"https:\/\/www.steenkamper.de\/index.php\/wp-json\/wp\/v2\/comments?post=286"}],"version-history":[{"count":11,"href":"https:\/\/www.steenkamper.de\/index.php\/wp-json\/wp\/v2\/pages\/286\/revisions"}],"predecessor-version":[{"id":28870,"href":"https:\/\/www.steenkamper.de\/index.php\/wp-json\/wp\/v2\/pages\/286\/revisions\/28870"}],"wp:attachment":[{"href":"https:\/\/www.steenkamper.de\/index.php\/wp-json\/wp\/v2\/media?parent=286"}],"curies":[{"name":"wp","href":"https:\/\/api.w.org\/{rel}","templated":true}]}}