{"id":283,"date":"2015-12-16T11:24:37","date_gmt":"2015-12-16T09:24:37","guid":{"rendered":"https:\/\/steenkamper.wordpress.com\/?page_id=283"},"modified":"2022-10-01T18:10:53","modified_gmt":"2022-10-01T16:10:53","slug":"bilder","status":"publish","type":"page","link":"https:\/\/www.steenkamper.de\/index.php\/bilder\/","title":{"rendered":"Bilder"},"content":{"rendered":"<p><a href=\"https:\/\/www.steenkamper.de\/index.php\/bilder-historische\/\">historische Bilder<\/a>\u00a0 \u00a0 \u00a0 \u00a0<a href=\"https:\/\/www.steenkamper.de\/index.php\/bilder-heute\/\">die Siedlung &#8220;heute&#8221;<\/a><\/p>\n<p class=\"jetpack-slideshow-noscript robots-nocontent\">Diese Diashow ben\u00f6tigt JavaScript.<\/p><div id=\"gallery-283-1-slideshow\" class=\"jetpack-slideshow-window jetpack-slideshow jetpack-slideshow-black\" data-trans=\"fade\" data-autostart=\"1\" data-gallery=\"[{&quot;src&quot;:&quot;https:\\\/\\\/i0.wp.com\\\/www.steenkamper.de\\\/wp-content\\\/uploads\\\/2018\\\/01\\\/GesaThomsen.jpg?fit=1024%2C768\\u0026ssl=1&quot;,&quot;id&quot;:&quot;5856&quot;,&quot;title&quot;:&quot;GesaThomsen&quot;,&quot;alt&quot;:&quot;&quot;,&quot;caption&quot;:&quot;Sievertstr.&quot;,&quot;itemprop&quot;:&quot;image&quot;},{&quot;src&quot;:&quot;https:\\\/\\\/i0.wp.com\\\/www.steenkamper.de\\\/wp-content\\\/uploads\\\/2017\\\/09\\\/IMG_0134.jpg?fit=1024%2C768\\u0026ssl=1&quot;,&quot;id&quot;:&quot;4751&quot;,&quot;title&quot;:&quot;IMG_0134&quot;,&quot;alt&quot;:&quot;&quot;,&quot;caption&quot;:&quot;Sommerfest 2017&quot;,&quot;itemprop&quot;:&quot;image&quot;},{&quot;src&quot;:&quot;https:\\\/\\\/i0.wp.com\\\/www.steenkamper.de\\\/wp-content\\\/uploads\\\/2017\\\/06\\\/IMG_0097.jpg?fit=1024%2C768\\u0026ssl=1&quot;,&quot;id&quot;:&quot;4033&quot;,&quot;title&quot;:&quot;Steenkamp&quot;,&quot;alt&quot;:&quot;&quot;,&quot;caption&quot;:&quot;Steenkamp&quot;,&quot;itemprop&quot;:&quot;image&quot;},{&quot;src&quot;:&quot;https:\\\/\\\/i0.wp.com\\\/www.steenkamper.de\\\/wp-content\\\/uploads\\\/2022\\\/10\\\/4405C854-EE45-4165-8B99-287BBD76BB60.jpg?fit=1024%2C768\\u0026ssl=1&quot;,&quot;id&quot;:&quot;21242&quot;,&quot;title&quot;:&quot;Sommerfest 2022&quot;,&quot;alt&quot;:&quot;&quot;,&quot;caption&quot;:&quot;Sommerfest 2022&quot;,&quot;itemprop&quot;:&quot;image&quot;},{&quot;src&quot;:&quot;https:\\\/\\\/i0.wp.com\\\/www.steenkamper.de\\\/wp-content\\\/uploads\\\/2022\\\/10\\\/81247F7F-FCFC-4EFE-B838-89D753992C11.jpg?fit=1024%2C768\\u0026ssl=1&quot;,&quot;id&quot;:&quot;21243&quot;,&quot;title&quot;:&quot;Sommerfest 2022&quot;,&quot;alt&quot;:&quot;&quot;,&quot;caption&quot;:&quot;Sommerfest 2022&quot;,&quot;itemprop&quot;:&quot;image&quot;},{&quot;src&quot;:&quot;https:\\\/\\\/i0.wp.com\\\/www.steenkamper.de\\\/wp-content\\\/uploads\\\/2017\\\/06\\\/IMG_0101.jpg?fit=1024%2C768\\u0026ssl=1&quot;,&quot;id&quot;:&quot;4037&quot;,&quot;title&quot;:&quot;Ebertallee&quot;,&quot;alt&quot;:&quot;&quot;,&quot;caption&quot;:&quot;Ebertallee&quot;,&quot;itemprop&quot;:&quot;image&quot;},{&quot;src&quot;:&quot;https:\\\/\\\/i0.wp.com\\\/www.steenkamper.de\\\/wp-content\\\/uploads\\\/2017\\\/06\\\/IMG_0100.jpg?fit=1024%2C768\\u0026ssl=1&quot;,&quot;id&quot;:&quot;4032&quot;,&quot;title&quot;:&quot;Vogelweide&quot;,&quot;alt&quot;:&quot;&quot;,&quot;caption&quot;:&quot;Vogelweide&quot;,&quot;itemprop&quot;:&quot;image&quot;},{&quot;src&quot;:&quot;https:\\\/\\\/i0.wp.com\\\/www.steenkamper.de\\\/wp-content\\\/uploads\\\/2022\\\/10\\\/A2942B28-9303-4810-A8CF-1B7DD2478040.jpg?fit=1024%2C768\\u0026ssl=1&quot;,&quot;id&quot;:&quot;21241&quot;,&quot;title&quot;:&quot;Fassadenfarben \\u0026#8211; Sommerfest 2022&quot;,&quot;alt&quot;:&quot;&quot;,&quot;caption&quot;:&quot;Sommerfest 2022 \\u0026#8211; Fassadenfarben&quot;,&quot;itemprop&quot;:&quot;image&quot;},{&quot;src&quot;:&quot;https:\\\/\\\/i0.wp.com\\\/www.steenkamper.de\\\/wp-content\\\/uploads\\\/2021\\\/12\\\/IMG_1919.jpeg?fit=800%2C600\\u0026ssl=1&quot;,&quot;id&quot;:&quot;17603&quot;,&quot;title&quot;:&quot;IMG_1919&quot;,&quot;alt&quot;:&quot;&quot;,&quot;caption&quot;:&quot;Buchpr\\u00e4sentation Festschrift \\u201e100 Jahre Steenkamp\\u201c 2021&quot;,&quot;itemprop&quot;:&quot;image&quot;},{&quot;src&quot;:&quot;https:\\\/\\\/i0.wp.com\\\/www.steenkamper.de\\\/wp-content\\\/uploads\\\/2016\\\/10\\\/Vogelweide2.png?fit=1024%2C604\\u0026ssl=1&quot;,&quot;id&quot;:&quot;2618&quot;,&quot;title&quot;:&quot;vogelweide2&quot;,&quot;alt&quot;:&quot;&quot;,&quot;caption&quot;:&quot;Vogelweide um 1920&quot;,&quot;itemprop&quot;:&quot;image&quot;},{&quot;src&quot;:&quot;https:\\\/\\\/i0.wp.com\\\/www.steenkamper.de\\\/wp-content\\\/uploads\\\/2017\\\/06\\\/IMG_0093.jpg?fit=1024%2C768\\u0026ssl=1&quot;,&quot;id&quot;:&quot;4030&quot;,&quot;title&quot;:&quot;Veit Sto\\u00df Weg&quot;,&quot;alt&quot;:&quot;&quot;,&quot;caption&quot;:&quot;Veit Sto\\u00df Weg&quot;,&quot;itemprop&quot;:&quot;image&quot;},{&quot;src&quot;:&quot;https:\\\/\\\/i0.wp.com\\\/www.steenkamper.de\\\/wp-content\\\/uploads\\\/2015\\\/12\\\/saalbild_2.jpg?fit=406%2C279\\u0026ssl=1&quot;,&quot;id&quot;:&quot;29&quot;,&quot;title&quot;:&quot;saalbild_2&quot;,&quot;alt&quot;:&quot;&quot;,&quot;caption&quot;:&quot;Steenkampsaal&quot;,&quot;itemprop&quot;:&quot;image&quot;},{&quot;src&quot;:&quot;https:\\\/\\\/i0.wp.com\\\/www.steenkamper.de\\\/wp-content\\\/uploads\\\/2022\\\/10\\\/3F1BD513-475E-4777-9B1F-B2246D977825.jpg?fit=1024%2C768\\u0026ssl=1&quot;,&quot;id&quot;:&quot;21244&quot;,&quot;title&quot;:&quot;Sommerfest 2022&quot;,&quot;alt&quot;:&quot;&quot;,&quot;caption&quot;:&quot;Sommerfest 2022&quot;,&quot;itemprop&quot;:&quot;image&quot;},{&quot;src&quot;:&quot;https:\\\/\\\/i0.wp.com\\\/www.steenkamper.de\\\/wp-content\\\/uploads\\\/2020\\\/09\\\/Steenkampsiedlung-1999-Lindenkrug.jpg?fit=1024%2C654\\u0026ssl=1&quot;,&quot;id&quot;:&quot;11629&quot;,&quot;title&quot;:&quot;Steenkampsiedlung, 1999, Lindenkrug&quot;,&quot;alt&quot;:&quot;&quot;,&quot;caption&quot;:&quot;Lindenkrug 1999&quot;,&quot;itemprop&quot;:&quot;image&quot;},{&quot;src&quot;:&quot;https:\\\/\\\/i0.wp.com\\\/www.steenkamper.de\\\/wp-content\\\/uploads\\\/2016\\\/01\\\/DSCN9981.jpg?fit=1024%2C768\\u0026ssl=1&quot;,&quot;id&quot;:&quot;1165&quot;,&quot;title&quot;:&quot;DSCN9981&quot;,&quot;alt&quot;:&quot;&quot;,&quot;caption&quot;:&quot;Weisses Dinner&quot;,&quot;itemprop&quot;:&quot;image&quot;},{&quot;src&quot;:&quot;https:\\\/\\\/i0.wp.com\\\/www.steenkamper.de\\\/wp-content\\\/uploads\\\/2016\\\/10\\\/IMG_2807.jpg?fit=750%2C429\\u0026ssl=1&quot;,&quot;id&quot;:&quot;2605&quot;,&quot;title&quot;:&quot;img_2807&quot;,&quot;alt&quot;:&quot;&quot;,&quot;caption&quot;:&quot;Vogelweide 2016&quot;,&quot;itemprop&quot;:&quot;image&quot;},{&quot;src&quot;:&quot;https:\\\/\\\/i0.wp.com\\\/www.steenkamper.de\\\/wp-content\\\/uploads\\\/2022\\\/10\\\/63F584D4-D879-4208-BDE3-AF442CCC37F6.jpg?fit=1024%2C768\\u0026ssl=1&quot;,&quot;id&quot;:&quot;21238&quot;,&quot;title&quot;:&quot;Sommerfest 2022&quot;,&quot;alt&quot;:&quot;&quot;,&quot;caption&quot;:&quot;Sommerfest 2022&quot;,&quot;itemprop&quot;:&quot;image&quot;},{&quot;src&quot;:&quot;https:\\\/\\\/i0.wp.com\\\/www.steenkamper.de\\\/wp-content\\\/uploads\\\/2021\\\/11\\\/100-Jahre-Steenkamp-3D-Buch-Innenansicht-Seite-38-39-800x533-1.jpg?fit=800%2C533\\u0026ssl=1&quot;,&quot;id&quot;:&quot;18292&quot;,&quot;title&quot;:&quot;Festschrift \\u201e100 Jahre Steenkamp\\u201c&quot;,&quot;alt&quot;:&quot;&quot;,&quot;caption&quot;:&quot;Festschrift \\u201e100 Jahre Steenkamp\\u201c&quot;,&quot;itemprop&quot;:&quot;image&quot;},{&quot;src&quot;:&quot;https:\\\/\\\/i0.wp.com\\\/www.steenkamper.de\\\/wp-content\\\/uploads\\\/2016\\\/01\\\/DSCN0114.jpg?fit=1024%2C768\\u0026ssl=1&quot;,&quot;id&quot;:&quot;1161&quot;,&quot;title&quot;:&quot;DSCN0114&quot;,&quot;alt&quot;:&quot;&quot;,&quot;caption&quot;:&quot;Sommerfest&quot;,&quot;itemprop&quot;:&quot;image&quot;},{&quot;src&quot;:&quot;https:\\\/\\\/i0.wp.com\\\/www.steenkamper.de\\\/wp-content\\\/uploads\\\/2020\\\/09\\\/IMG_6445-1.jpg?fit=768%2C1024\\u0026ssl=1&quot;,&quot;id&quot;:&quot;11663&quot;,&quot;title&quot;:&quot;IMG_6445&quot;,&quot;alt&quot;:&quot;&quot;,&quot;caption&quot;:&quot;Steenkampsaal 2020&quot;,&quot;itemprop&quot;:&quot;image&quot;},{&quot;src&quot;:&quot;https:\\\/\\\/i0.wp.com\\\/www.steenkamper.de\\\/wp-content\\\/uploads\\\/2017\\\/06\\\/IMG_0102.jpg?fit=1024%2C768\\u0026ssl=1&quot;,&quot;id&quot;:&quot;4035&quot;,&quot;title&quot;:&quot;Stutsmoor&quot;,&quot;alt&quot;:&quot;&quot;,&quot;caption&quot;:&quot;Stutsmoor&quot;,&quot;itemprop&quot;:&quot;image&quot;},{&quot;src&quot;:&quot;https:\\\/\\\/i0.wp.com\\\/www.steenkamper.de\\\/wp-content\\\/uploads\\\/2017\\\/06\\\/IMG_0103.jpg?fit=1024%2C768\\u0026ssl=1&quot;,&quot;id&quot;:&quot;4029&quot;,&quot;title&quot;:&quot;Hochfeld&quot;,&quot;alt&quot;:&quot;&quot;,&quot;caption&quot;:&quot;Hochfeld&quot;,&quot;itemprop&quot;:&quot;image&quot;},{&quot;src&quot;:&quot;https:\\\/\\\/i0.wp.com\\\/www.steenkamper.de\\\/wp-content\\\/uploads\\\/2017\\\/06\\\/IMG_0094.jpg?fit=1024%2C768\\u0026ssl=1&quot;,&quot;id&quot;:&quot;4031&quot;,&quot;title&quot;:&quot;R\\u00fcsternkamp&quot;,&quot;alt&quot;:&quot;&quot;,&quot;caption&quot;:&quot;R\\u00fcsternkamp&quot;,&quot;itemprop&quot;:&quot;image&quot;},{&quot;src&quot;:&quot;https:\\\/\\\/i0.wp.com\\\/www.steenkamper.de\\\/wp-content\\\/uploads\\\/2017\\\/09\\\/IMG_0136.jpg?fit=1024%2C768\\u0026ssl=1&quot;,&quot;id&quot;:&quot;4753&quot;,&quot;title&quot;:&quot;IMG_0136&quot;,&quot;alt&quot;:&quot;&quot;,&quot;caption&quot;:&quot;Sommerfest 2017&quot;,&quot;itemprop&quot;:&quot;image&quot;},{&quot;src&quot;:&quot;https:\\\/\\\/i0.wp.com\\\/www.steenkamper.de\\\/wp-content\\\/uploads\\\/2018\\\/04\\\/IMG_7962.jpg?fit=1024%2C578\\u0026ssl=1&quot;,&quot;id&quot;:&quot;6432&quot;,&quot;title&quot;:&quot;IMG_7962&quot;,&quot;alt&quot;:&quot;&quot;,&quot;caption&quot;:&quot;\\u0026#8220;Nacht\\u0026#038;Nebel\\u0026#8221; 20&quot;,&quot;itemprop&quot;:&quot;image&quot;},{&quot;src&quot;:&quot;https:\\\/\\\/i0.wp.com\\\/www.steenkamper.de\\\/wp-content\\\/uploads\\\/2018\\\/01\\\/Osteresch_Reinhard_Schwabroh.jpg?fit=640%2C426\\u0026ssl=1&quot;,&quot;id&quot;:&quot;5860&quot;,&quot;title&quot;:&quot;Osteresch_Reinhard_Schwabroh&quot;,&quot;alt&quot;:&quot;&quot;,&quot;caption&quot;:&quot;Osteresch (Anfang der 70er)\\n \\u00a9 Jochen Kalleicher&quot;,&quot;itemprop&quot;:&quot;image&quot;},{&quot;src&quot;:&quot;https:\\\/\\\/i0.wp.com\\\/www.steenkamper.de\\\/wp-content\\\/uploads\\\/2018\\\/01\\\/TimKulkeSteenkamp21Fruehjr84-e1515491473232.jpg?fit=1024%2C768\\u0026ssl=1&quot;,&quot;id&quot;:&quot;5848&quot;,&quot;title&quot;:&quot;TimKulkeSteenkamp21Fruehjr84&quot;,&quot;alt&quot;:&quot;&quot;,&quot;caption&quot;:&quot;Steenkamp 21 (1984)&quot;,&quot;itemprop&quot;:&quot;image&quot;},{&quot;src&quot;:&quot;https:\\\/\\\/i0.wp.com\\\/www.steenkamper.de\\\/wp-content\\\/uploads\\\/2020\\\/09\\\/1c7e3f54-74ad-400f-86ae-3ab36d0ac8c2.jpg?fit=1024%2C768\\u0026ssl=1&quot;,&quot;id&quot;:&quot;11709&quot;,&quot;title&quot;:&quot;1c7e3f54-74ad-400f-86ae-3ab36d0ac8c2&quot;,&quot;alt&quot;:&quot;&quot;,&quot;caption&quot;:&quot;Open-Air-Gottesdienst 2020&quot;,&quot;itemprop&quot;:&quot;image&quot;},{&quot;src&quot;:&quot;https:\\\/\\\/i0.wp.com\\\/www.steenkamper.de\\\/wp-content\\\/uploads\\\/2016\\\/01\\\/DSCN0275.jpg?fit=1024%2C768\\u0026ssl=1&quot;,&quot;id&quot;:&quot;1163&quot;,&quot;title&quot;:&quot;DSCN0275&quot;,&quot;alt&quot;:&quot;&quot;,&quot;caption&quot;:&quot;Steenkampsaal vor der Renovierung&quot;,&quot;itemprop&quot;:&quot;image&quot;},{&quot;src&quot;:&quot;https:\\\/\\\/i0.wp.com\\\/www.steenkamper.de\\\/wp-content\\\/uploads\\\/2022\\\/10\\\/74BEA878-BF12-4BF8-B988-51878DEB89D6.jpg?fit=1024%2C768\\u0026ssl=1&quot;,&quot;id&quot;:&quot;21237&quot;,&quot;title&quot;:&quot;Sommerfest 2022&quot;,&quot;alt&quot;:&quot;&quot;,&quot;caption&quot;:&quot;Sommerfest 2022&quot;,&quot;itemprop&quot;:&quot;image&quot;},{&quot;src&quot;:&quot;https:\\\/\\\/i0.wp.com\\\/www.steenkamper.de\\\/wp-content\\\/uploads\\\/2021\\\/11\\\/100-Jahre-Steenkamp-3D-Buch-Aussennansicht-1.jpg?fit=800%2C533\\u0026ssl=1&quot;,&quot;id&quot;:&quot;18246&quot;,&quot;title&quot;:&quot;Festschrift \\u201e100 Jahre Steenkamp\\u201c&quot;,&quot;alt&quot;:&quot;&quot;,&quot;caption&quot;:&quot;Festschrift \\u201e100 Jahre Steenkamp\\u201c&quot;,&quot;itemprop&quot;:&quot;image&quot;},{&quot;src&quot;:&quot;https:\\\/\\\/i0.wp.com\\\/www.steenkamper.de\\\/wp-content\\\/uploads\\\/2021\\\/11\\\/100-Jahre-Steenkamp-3D-Buch-Innenansicht-Seite-264-265-800x533-1.jpg?fit=800%2C533\\u0026ssl=1&quot;,&quot;id&quot;:&quot;18300&quot;,&quot;title&quot;:&quot;Festschrift \\u201e100 Jahre Steenkamp\\u201c&quot;,&quot;alt&quot;:&quot;&quot;,&quot;caption&quot;:&quot;Festschrift \\u201e100 Jahre Steenkamp\\u201c&quot;,&quot;itemprop&quot;:&quot;image&quot;},{&quot;src&quot;:&quot;https:\\\/\\\/i0.wp.com\\\/www.steenkamper.de\\\/wp-content\\\/uploads\\\/2022\\\/10\\\/12F86552-0B89-4171-B018-3DFC4F94C915.jpg?fit=1024%2C768\\u0026ssl=1&quot;,&quot;id&quot;:&quot;21239&quot;,&quot;title&quot;:&quot;Sommerfest 2022&quot;,&quot;alt&quot;:&quot;&quot;,&quot;caption&quot;:&quot;Sommerfest 2022&quot;,&quot;itemprop&quot;:&quot;image&quot;},{&quot;src&quot;:&quot;https:\\\/\\\/i0.wp.com\\\/www.steenkamper.de\\\/wp-content\\\/uploads\\\/2016\\\/01\\\/DSCN0132.jpg?fit=1024%2C768\\u0026ssl=1&quot;,&quot;id&quot;:&quot;1162&quot;,&quot;title&quot;:&quot;DSCN0132&quot;,&quot;alt&quot;:&quot;Openair Gottesdienst zum Sommerfest&quot;,&quot;caption&quot;:&quot;openair Gottesdienst auf dem Sommerfest&quot;,&quot;itemprop&quot;:&quot;image&quot;},{&quot;src&quot;:&quot;https:\\\/\\\/i0.wp.com\\\/www.steenkamper.de\\\/wp-content\\\/uploads\\\/2016\\\/10\\\/Vogelweide.png?fit=1024%2C658\\u0026ssl=1&quot;,&quot;id&quot;:&quot;2616&quot;,&quot;title&quot;:&quot;vogelweide&quot;,&quot;alt&quot;:&quot;&quot;,&quot;caption&quot;:&quot;Vogelweide um 1920&quot;,&quot;itemprop&quot;:&quot;image&quot;},{&quot;src&quot;:&quot;https:\\\/\\\/i0.wp.com\\\/www.steenkamper.de\\\/wp-content\\\/uploads\\\/2016\\\/01\\\/IMG_2908.jpg?fit=1024%2C547\\u0026ssl=1&quot;,&quot;id&quot;:&quot;1152&quot;,&quot;title&quot;:&quot;IMG_2908&quot;,&quot;alt&quot;:&quot;&quot;,&quot;caption&quot;:&quot;Zukunftswerkstatt 2017&quot;,&quot;itemprop&quot;:&quot;image&quot;},{&quot;src&quot;:&quot;https:\\\/\\\/i0.wp.com\\\/www.steenkamper.de\\\/wp-content\\\/uploads\\\/2017\\\/06\\\/IMG_0095.jpg?fit=1024%2C768\\u0026ssl=1&quot;,&quot;id&quot;:&quot;4038&quot;,&quot;title&quot;:&quot;Ebertallee&quot;,&quot;alt&quot;:&quot;&quot;,&quot;caption&quot;:&quot;Ebertallee&quot;,&quot;itemprop&quot;:&quot;image&quot;},{&quot;src&quot;:&quot;https:\\\/\\\/i0.wp.com\\\/www.steenkamper.de\\\/wp-content\\\/uploads\\\/2018\\\/01\\\/Fred-Kr%C3%BCgerEbertallee188-e1515491677695.jpg?fit=654%2C1024\\u0026ssl=1&quot;,&quot;id&quot;:&quot;5846&quot;,&quot;title&quot;:&quot;Fred Kr\\u00fcgerEbertallee188&quot;,&quot;alt&quot;:&quot;&quot;,&quot;caption&quot;:&quot;Ebertallee&quot;,&quot;itemprop&quot;:&quot;image&quot;},{&quot;src&quot;:&quot;https:\\\/\\\/i0.wp.com\\\/www.steenkamper.de\\\/wp-content\\\/uploads\\\/2017\\\/07\\\/img_6497.jpg?fit=1024%2C768\\u0026ssl=1&quot;,&quot;id&quot;:&quot;4328&quot;,&quot;title&quot;:&quot;img_6497&quot;,&quot;alt&quot;:&quot;&quot;,&quot;caption&quot;:&quot;Vogelweide zum G20 Treffen&quot;,&quot;itemprop&quot;:&quot;image&quot;},{&quot;src&quot;:&quot;https:\\\/\\\/i0.wp.com\\\/www.steenkamper.de\\\/wp-content\\\/uploads\\\/2022\\\/10\\\/0987A869-0C20-4A21-A2E9-6232E2C663F5.jpg?fit=1024%2C768\\u0026ssl=1&quot;,&quot;id&quot;:&quot;21240&quot;,&quot;title&quot;:&quot;Sommerfest 2022&quot;,&quot;alt&quot;:&quot;&quot;,&quot;caption&quot;:&quot;Sommerfest 2022&quot;,&quot;itemprop&quot;:&quot;image&quot;},{&quot;src&quot;:&quot;https:\\\/\\\/i0.wp.com\\\/www.steenkamper.de\\\/wp-content\\\/uploads\\\/2017\\\/06\\\/IMG_0098.jpg?fit=1024%2C768\\u0026ssl=1&quot;,&quot;id&quot;:&quot;4034&quot;,&quot;title&quot;:&quot;Steenkamp&quot;,&quot;alt&quot;:&quot;&quot;,&quot;caption&quot;:&quot;Steenkamp&quot;,&quot;itemprop&quot;:&quot;image&quot;},{&quot;src&quot;:&quot;https:\\\/\\\/i0.wp.com\\\/www.steenkamper.de\\\/wp-content\\\/uploads\\\/2017\\\/06\\\/IMG_0099.jpg?fit=1024%2C768\\u0026ssl=1&quot;,&quot;id&quot;:&quot;4036&quot;,&quot;title&quot;:&quot;B\\u00f6kenkamp&quot;,&quot;alt&quot;:&quot;&quot;,&quot;caption&quot;:&quot;B\\u00f6kenkamp&quot;,&quot;itemprop&quot;:&quot;image&quot;}]\" itemscope itemtype=\"https:\/\/schema.org\/ImageGallery\"><\/div>\n<p style=\"text-align: center;\">\n","protected":false},"excerpt":{"rendered":"<p>historische Bilder\u00a0 \u00a0 \u00a0 \u00a0die Siedlung &#8220;heute&#8221;<\/p>\n","protected":false},"author":6,"featured_media":0,"parent":0,"menu_order":0,"comment_status":"closed","ping_status":"closed","template":"","meta":{"_acf_changed":false,"site-sidebar-layout":"default","site-content-layout":"","ast-site-content-layout":"default","site-content-style":"default","site-sidebar-style":"default","ast-global-header-display":"","ast-banner-title-visibility":"","ast-main-header-display":"","ast-hfb-above-header-display":"","ast-hfb-below-header-display":"","ast-hfb-mobile-header-display":"","site-post-title":"","ast-breadcrumbs-content":"","ast-featured-img":"","footer-sml-layout":"","ast-disable-related-posts":"","theme-transparent-header-meta":"","adv-header-id-meta":"","stick-header-meta":"","header-above-stick-meta":"","header-main-stick-meta":"","header-below-stick-meta":"","astra-migrate-meta-layouts":"default","ast-page-background-enabled":"default","ast-page-background-meta":{"desktop":{"background-color":"var(--ast-global-color-5)","background-image":"","background-repeat":"repeat","background-position":"center center","background-size":"auto","background-attachment":"scroll","background-type":"","background-media":"","overlay-type":"","overlay-color":"","overlay-opacity":"","overlay-gradient":""},"tablet":{"background-color":"","background-image":"","background-repeat":"repeat","background-position":"center center","background-size":"auto","background-attachment":"scroll","background-type":"","background-media":"","overlay-type":"","overlay-color":"","overlay-opacity":"","overlay-gradient":""},"mobile":{"background-color":"","background-image":"","background-repeat":"repeat","background-position":"center center","background-size":"auto","background-attachment":"scroll","background-type":"","background-media":"","overlay-type":"","overlay-color":"","overlay-opacity":"","overlay-gradient":""}},"ast-content-background-meta":{"desktop":{"background-color":"var(--ast-global-color-4)","background-image":"","background-repeat":"repeat","background-position":"center center","background-size":"auto","background-attachment":"scroll","background-type":"","background-media":"","overlay-type":"","overlay-color":"","overlay-opacity":"","overlay-gradient":""},"tablet":{"background-color":"var(--ast-global-color-4)","background-image":"","background-repeat":"repeat","background-position":"center center","background-size":"auto","background-attachment":"scroll","background-type":"","background-media":"","overlay-type":"","overlay-color":"","overlay-opacity":"","overlay-gradient":""},"mobile":{"background-color":"var(--ast-global-color-4)","background-image":"","background-repeat":"repeat","background-position":"center center","background-size":"auto","background-attachment":"scroll","background-type":"","background-media":"","overlay-type":"","overlay-color":"","overlay-opacity":"","overlay-gradient":""}},"_price":"","_stock":"","_tribe_ticket_header":"","_tribe_default_ticket_provider":"","_tribe_ticket_capacity":"0","_ticket_start_date":"","_ticket_end_date":"","_tribe_ticket_show_description":"","_tribe_ticket_show_not_going":false,"_tribe_ticket_use_global_stock":"","_tribe_ticket_global_stock_level":"","_global_stock_mode":"","_global_stock_cap":"","_tribe_rsvp_for_event":"","_tribe_ticket_going_count":"","_tribe_ticket_not_going_count":"","_tribe_tickets_list":"[]","_tribe_ticket_has_attendee_info_fields":false,"footnotes":"","_tec_slr_enabled":"","_tec_slr_layout":""},"class_list":["post-283","page","type-page","status-publish","hentry"],"acf":[],"jetpack_sharing_enabled":false,"jetpack_shortlink":"https:\/\/wp.me\/P74Wuo-4z","jetpack_likes_enabled":true,"jetpack-related-posts":[{"id":3880,"url":"https:\/\/www.steenkamper.de\/index.php\/fotowettbewerb-2017\/","url_meta":{"origin":283,"position":0},"title":"Fotowettbewerb\u00a02017","author":"Max","date":"12\/07\/2017","format":false,"excerpt":"Wir suchen die\u00a0sch\u00f6nsten Bilder der Steenkampsiedlung von DAMALS\u00a0und\u00a0HEUTE. Durchsuchen Sie ihre Fotosammlung. Die besten Bilder ver\u00f6ffentlichen wir in den Steenkamper Medien und in der Chronik zum 100 j\u00e4hrigen Jubil\u00e4um des Vereines. Zu gewinnen gibt es: 1. - 3. Platz: Steenkamper T-Shirt aus unserem T-Shirt Shop 4. - 10. Platz: Schl\u00fcsselband\u2026","rel":"","context":"\u00c4hnlicher Beitrag","block_context":{"text":"\u00c4hnlicher Beitrag","link":""},"img":{"alt_text":"FotowettbewerbTitel","src":"https:\/\/i0.wp.com\/wp.steenkamper.de\/wp-content\/uploads\/2017\/07\/FotowettbewerbTitel-300x240.jpg?resize=350%2C200","width":350,"height":200},"classes":[]},{"id":250,"url":"https:\/\/www.steenkamper.de\/index.php\/siedlung1\/","url_meta":{"origin":283,"position":1},"title":"Siedlung","author":"Max","date":"15\/12\/2015","format":false,"excerpt":"Steenkampsiedlung in Hamburg-Bahrenfeld Die Steenkampsiedlung Geschichte Siedlungsgeschichten Baulicher Erhalt der Siedlung Stra\u00dfennamen Pressespiegel Bilder \u00a0","rel":"","context":"\u00c4hnlicher Beitrag","block_context":{"text":"\u00c4hnlicher Beitrag","link":""},"img":{"alt_text":"","src":"","width":0,"height":0},"classes":[]},{"id":11679,"url":"https:\/\/www.steenkamper.de\/index.php\/sommerfest-2020\/","url_meta":{"origin":283,"position":2},"title":"Sommerfest 2020","author":"Max","date":"05\/09\/2020","format":false,"excerpt":"Open-Air Gottesdienst Das Sommerfest wurde Corona bedingt abgesagt. Es wurde aber von vielen Nachbarn dann doch klein und mit sicherem Abstand gefeiert. Es gab kleine Flohmarkt-St\u00e4nde, Grillwurst, Getr\u00e4nke, Gespr\u00e4che, Musik, Bilder, Wunderkerzen, Feuerwerk und nat\u00fcrlich am Sonntag den Open-Air Gottesdienst auf der Vogelweide.","rel":"","context":"\u00c4hnlicher Beitrag","block_context":{"text":"\u00c4hnlicher Beitrag","link":""},"img":{"alt_text":"","src":"https:\/\/i0.wp.com\/www.steenkamper.de\/wp-content\/uploads\/2020\/09\/IMG-20200904-WA0006-2.jpg?resize=350%2C200&ssl=1","width":350,"height":200,"srcset":"https:\/\/i0.wp.com\/www.steenkamper.de\/wp-content\/uploads\/2020\/09\/IMG-20200904-WA0006-2.jpg?resize=350%2C200&ssl=1 1x, https:\/\/i0.wp.com\/www.steenkamper.de\/wp-content\/uploads\/2020\/09\/IMG-20200904-WA0006-2.jpg?resize=525%2C300&ssl=1 1.5x, https:\/\/i0.wp.com\/www.steenkamper.de\/wp-content\/uploads\/2020\/09\/IMG-20200904-WA0006-2.jpg?resize=700%2C400&ssl=1 2x"},"classes":[]},{"id":9440,"url":"https:\/\/www.steenkamper.de\/index.php\/erich-hartmann\/","url_meta":{"origin":283,"position":3},"title":"Erich Hartmann","author":"Max","date":"02\/12\/2019","format":false,"excerpt":"Erich Hartmann, Steenkamper K\u00fcnstler der Hamburgischen Sezession Elberfeld \u2013 D\u00fcsseldorf \u2013 M\u00fcnchen \u2013 Paris \u2013 Altona \u2013 Steenkampsiedlung: Dieser Lebensweg f\u00fchrte den K\u00fcnstler Erich Hartmann (geb. 7.01.1886) mit seiner Frau Ida, geborene Jenichen, im August 1922 in das Haus Drosselweg 8\/Grenzstieg (jetzt Torbogen\/Ecke Veit-Sto\u00df-Weg) in die Steenkamp-Siedlung.\u00a0Erich Hartmann geh\u00f6rte zu\u2026","rel":"","context":"\u00c4hnlicher Beitrag","block_context":{"text":"\u00c4hnlicher Beitrag","link":""},"img":{"alt_text":"","src":"","width":0,"height":0},"classes":[]},{"id":8041,"url":"https:\/\/www.steenkamper.de\/index.php\/historischer-rundgang\/","url_meta":{"origin":283,"position":4},"title":"historischer Rundgang","author":"Max","date":"03\/12\/2019","format":false,"excerpt":"Steenkamper (online) RundgangAlle digital verf\u00fcgbaren Steenkamp-Geschichten und Bilder sind in einer Online-Karte miteinander verkn\u00fcpft und laden zu einem Rundgang durch unsere Siedlung. Mit einem Smartphone, einem Tablet oder zuhause am PC kann die Siedlungsgeschichte(n) hautnah erlebet werden.Die\u00a0\u201eGeschichtswerkstatt Steenkamp\u201c hat schon viele alte Geschichten auszugraben. Die Karte wird stetig \u00fcberarbeitet, erweitert\u2026","rel":"","context":"\u00c4hnlicher Beitrag","block_context":{"text":"\u00c4hnlicher Beitrag","link":""},"img":{"alt_text":"","src":"https:\/\/i0.wp.com\/www.steenkamper.de\/wp-content\/uploads\/2019\/12\/logo-steenkamp-jubilaeum-KLEIN.png?resize=350%2C200&ssl=1","width":350,"height":200,"srcset":"https:\/\/i0.wp.com\/www.steenkamper.de\/wp-content\/uploads\/2019\/12\/logo-steenkamp-jubilaeum-KLEIN.png?resize=350%2C200&ssl=1 1x, https:\/\/i0.wp.com\/www.steenkamper.de\/wp-content\/uploads\/2019\/12\/logo-steenkamp-jubilaeum-KLEIN.png?resize=525%2C300&ssl=1 1.5x, https:\/\/i0.wp.com\/www.steenkamper.de\/wp-content\/uploads\/2019\/12\/logo-steenkamp-jubilaeum-KLEIN.png?resize=700%2C400&ssl=1 2x, https:\/\/i0.wp.com\/www.steenkamper.de\/wp-content\/uploads\/2019\/12\/logo-steenkamp-jubilaeum-KLEIN.png?resize=1050%2C600&ssl=1 3x"},"classes":[]},{"id":144,"url":"https:\/\/www.steenkamper.de\/index.php\/vorstand\/","url_meta":{"origin":283,"position":5},"title":"Vorstand","author":"admin","date":"15\/12\/2015","format":false,"excerpt":"Der Vorstand der Heimst\u00e4ttervereinigung Steenkamp e.V. arbeitet ehrenamtlich. Sitzungen finden einmal monatlich statt.\u00a0 Vorstand der Heimst\u00e4ttervereinigung Steenkamp e.V. vorstand(at)steenkamper.de\u00a0(E-Mailverteiler an alle Vorstandsmitglieder)kasse(at)steenkamper.de\u00a0(Kassiererin)redaktion(at)steenkamper.de\u00a0(Redaktion Webseite & \u201eDer Steenkamper\u201c) BILDER: STAND 10.4.2026 Silke Faber, 1. Vorsitzende\u00fcber den Vorstands-E-Mailverteiler Lars Kohlmorgen, 2. VorsitzenderTel.: 432 53 416 Sebastian Buchholz 1. Schriftf\u00fchrerTel.:\u00a02981 25 82steenkamper(at)echo-echo.net Alexander Schwertner,\u00a02.\u2026","rel":"","context":"\u00c4hnlicher Beitrag","block_context":{"text":"\u00c4hnlicher Beitrag","link":""},"img":{"alt_text":"","src":"https:\/\/i0.wp.com\/www.steenkamper.de\/wp-content\/uploads\/2026\/06\/Vorstand2026-e1782555963380.png?resize=350%2C200&ssl=1","width":350,"height":200,"srcset":"https:\/\/i0.wp.com\/www.steenkamper.de\/wp-content\/uploads\/2026\/06\/Vorstand2026-e1782555963380.png?resize=350%2C200&ssl=1 1x, https:\/\/i0.wp.com\/www.steenkamper.de\/wp-content\/uploads\/2026\/06\/Vorstand2026-e1782555963380.png?resize=525%2C300&ssl=1 1.5x"},"classes":[]}],"ticketed":false,"_links":{"self":[{"href":"https:\/\/www.steenkamper.de\/index.php\/wp-json\/wp\/v2\/pages\/283","targetHints":{"allow":["GET"]}}],"collection":[{"href":"https:\/\/www.steenkamper.de\/index.php\/wp-json\/wp\/v2\/pages"}],"about":[{"href":"https:\/\/www.steenkamper.de\/index.php\/wp-json\/wp\/v2\/types\/page"}],"author":[{"embeddable":true,"href":"https:\/\/www.steenkamper.de\/index.php\/wp-json\/wp\/v2\/users\/6"}],"replies":[{"embeddable":true,"href":"https:\/\/www.steenkamper.de\/index.php\/wp-json\/wp\/v2\/comments?post=283"}],"version-history":[{"count":17,"href":"https:\/\/www.steenkamper.de\/index.php\/wp-json\/wp\/v2\/pages\/283\/revisions"}],"predecessor-version":[{"id":21248,"href":"https:\/\/www.steenkamper.de\/index.php\/wp-json\/wp\/v2\/pages\/283\/revisions\/21248"}],"wp:attachment":[{"href":"https:\/\/www.steenkamper.de\/index.php\/wp-json\/wp\/v2\/media?parent=283"}],"curies":[{"name":"wp","href":"https:\/\/api.w.org\/{rel}","templated":true}]}}