{"id":1570,"date":"2016-02-09T15:20:58","date_gmt":"2016-02-09T14:20:58","guid":{"rendered":"http:\/\/wp.steenkamper.de\/?page_id=1570"},"modified":"2017-07-03T12:41:49","modified_gmt":"2017-07-03T10:41:49","slug":"wo-liegt-die-steenkampsiedlung","status":"publish","type":"page","link":"https:\/\/www.steenkamper.de\/index.php\/wo-liegt-die-steenkampsiedlung\/","title":{"rendered":"wo liegt die Steenkampsiedlung?"},"content":{"rendered":"<p>[intergeo id=&#8221;gNwYTM&#8221;][\/intergeo]<\/p>\n<p>In Hamburgs Westen s\u00fcdlich der Bahrenfelder Trabrennbahn.<\/p>\n<p><a href=\"https:\/\/i0.wp.com\/wp.steenkamper.de\/wp-content\/uploads\/2017\/07\/SteenkamperNachbarschaftsPlan.jpg\" rel=\"attachment wp-att-4296\"><img data-recalc-dims=\"1\" fetchpriority=\"high\" decoding=\"async\" data-attachment-id=\"4296\" data-permalink=\"https:\/\/www.steenkamper.de\/index.php\/steenkamper-plan\/steenkampernachbarschaftsplan\/\" data-orig-file=\"https:\/\/i0.wp.com\/www.steenkamper.de\/wp-content\/uploads\/2017\/07\/SteenkamperNachbarschaftsPlan.jpg?fit=2937%2C2077&amp;ssl=1\" data-orig-size=\"2937,2077\" data-comments-opened=\"1\" data-image-meta=\"{&quot;aperture&quot;:&quot;0&quot;,&quot;credit&quot;:&quot;&quot;,&quot;camera&quot;:&quot;&quot;,&quot;caption&quot;:&quot;&quot;,&quot;created_timestamp&quot;:&quot;0&quot;,&quot;copyright&quot;:&quot;&quot;,&quot;focal_length&quot;:&quot;0&quot;,&quot;iso&quot;:&quot;0&quot;,&quot;shutter_speed&quot;:&quot;0&quot;,&quot;title&quot;:&quot;&quot;,&quot;orientation&quot;:&quot;1&quot;}\" data-image-title=\"SteenkamperNachbarschaftsPlan\" data-image-description=\"\" data-image-caption=\"\" data-large-file=\"https:\/\/i0.wp.com\/www.steenkamper.de\/wp-content\/uploads\/2017\/07\/SteenkamperNachbarschaftsPlan.jpg?fit=1024%2C724&amp;ssl=1\" class=\"alignnone size-large wp-image-4296\" src=\"https:\/\/i0.wp.com\/wp.steenkamper.de\/wp-content\/uploads\/2017\/07\/SteenkamperNachbarschaftsPlan-1024x724.jpg?resize=750%2C530\" alt=\"SteenkamperNachbarschaftsPlan\" width=\"750\" height=\"530\" srcset=\"https:\/\/i0.wp.com\/www.steenkamper.de\/wp-content\/uploads\/2017\/07\/SteenkamperNachbarschaftsPlan.jpg?resize=1024%2C724&amp;ssl=1 1024w, https:\/\/i0.wp.com\/www.steenkamper.de\/wp-content\/uploads\/2017\/07\/SteenkamperNachbarschaftsPlan.jpg?resize=300%2C212&amp;ssl=1 300w, https:\/\/i0.wp.com\/www.steenkamper.de\/wp-content\/uploads\/2017\/07\/SteenkamperNachbarschaftsPlan.jpg?resize=768%2C543&amp;ssl=1 768w, https:\/\/i0.wp.com\/www.steenkamper.de\/wp-content\/uploads\/2017\/07\/SteenkamperNachbarschaftsPlan.jpg?resize=500%2C354&amp;ssl=1 500w, https:\/\/i0.wp.com\/www.steenkamper.de\/wp-content\/uploads\/2017\/07\/SteenkamperNachbarschaftsPlan.jpg?resize=450%2C318&amp;ssl=1 450w, https:\/\/i0.wp.com\/www.steenkamper.de\/wp-content\/uploads\/2017\/07\/SteenkamperNachbarschaftsPlan.jpg?w=2000&amp;ssl=1 2000w\" sizes=\"(max-width: 750px) 100vw, 750px\" \/><\/a><\/p>\n<p>&nbsp;<\/p>\n<p>&nbsp;<\/p>\n","protected":false},"excerpt":{"rendered":"<p>[intergeo id=&#8221;gNwYTM&#8221;][\/intergeo] In Hamburgs Westen s\u00fcdlich der Bahrenfelder Trabrennbahn. &nbsp; &nbsp;<\/p>\n","protected":false},"author":6,"featured_media":0,"parent":0,"menu_order":0,"comment_status":"closed","ping_status":"closed","template":"","meta":{"_acf_changed":false,"site-sidebar-layout":"default","site-content-layout":"","ast-site-content-layout":"default","site-content-style":"default","site-sidebar-style":"default","ast-global-header-display":"","ast-banner-title-visibility":"","ast-main-header-display":"","ast-hfb-above-header-display":"","ast-hfb-below-header-display":"","ast-hfb-mobile-header-display":"","site-post-title":"","ast-breadcrumbs-content":"","ast-featured-img":"","footer-sml-layout":"","ast-disable-related-posts":"","theme-transparent-header-meta":"","adv-header-id-meta":"","stick-header-meta":"","header-above-stick-meta":"","header-main-stick-meta":"","header-below-stick-meta":"","astra-migrate-meta-layouts":"default","ast-page-background-enabled":"default","ast-page-background-meta":{"desktop":{"background-color":"var(--ast-global-color-5)","background-image":"","background-repeat":"repeat","background-position":"center center","background-size":"auto","background-attachment":"scroll","background-type":"","background-media":"","overlay-type":"","overlay-color":"","overlay-opacity":"","overlay-gradient":""},"tablet":{"background-color":"","background-image":"","background-repeat":"repeat","background-position":"center center","background-size":"auto","background-attachment":"scroll","background-type":"","background-media":"","overlay-type":"","overlay-color":"","overlay-opacity":"","overlay-gradient":""},"mobile":{"background-color":"","background-image":"","background-repeat":"repeat","background-position":"center center","background-size":"auto","background-attachment":"scroll","background-type":"","background-media":"","overlay-type":"","overlay-color":"","overlay-opacity":"","overlay-gradient":""}},"ast-content-background-meta":{"desktop":{"background-color":"var(--ast-global-color-4)","background-image":"","background-repeat":"repeat","background-position":"center center","background-size":"auto","background-attachment":"scroll","background-type":"","background-media":"","overlay-type":"","overlay-color":"","overlay-opacity":"","overlay-gradient":""},"tablet":{"background-color":"var(--ast-global-color-4)","background-image":"","background-repeat":"repeat","background-position":"center center","background-size":"auto","background-attachment":"scroll","background-type":"","background-media":"","overlay-type":"","overlay-color":"","overlay-opacity":"","overlay-gradient":""},"mobile":{"background-color":"var(--ast-global-color-4)","background-image":"","background-repeat":"repeat","background-position":"center center","background-size":"auto","background-attachment":"scroll","background-type":"","background-media":"","overlay-type":"","overlay-color":"","overlay-opacity":"","overlay-gradient":""}},"_price":"","_stock":"","_tribe_ticket_header":"","_tribe_default_ticket_provider":"","_tribe_ticket_capacity":"0","_ticket_start_date":"","_ticket_end_date":"","_tribe_ticket_show_description":"","_tribe_ticket_show_not_going":false,"_tribe_ticket_use_global_stock":"","_tribe_ticket_global_stock_level":"","_global_stock_mode":"","_global_stock_cap":"","_tribe_rsvp_for_event":"","_tribe_ticket_going_count":"","_tribe_ticket_not_going_count":"","_tribe_tickets_list":"[]","_tribe_ticket_has_attendee_info_fields":false,"jetpack_post_was_ever_published":false,"footnotes":"","_tec_slr_enabled":"","_tec_slr_layout":""},"class_list":["post-1570","page","type-page","status-publish","hentry"],"acf":[],"jetpack_sharing_enabled":true,"jetpack_shortlink":"https:\/\/wp.me\/P74Wuo-pk","jetpack_likes_enabled":true,"jetpack-related-posts":[{"id":19,"url":"https:\/\/www.steenkamper.de\/index.php\/siedlung\/","url_meta":{"origin":1570,"position":0},"title":"Siedlung","author":"admin","date":"14\/12\/2015","format":false,"excerpt":"Geschichte Geschichten Historischer Rundgang Chronik 100Jahre Festschrift Stra\u00dfennamen Pressespiegel Gestaltungs Satzung Die Steenkampsiedlung mit 760 Mietwohnungen und -h\u00e4user wurde in den 1920er Jahren f\u00fcr Kriegsr\u00fcckkehrer errichtet und von dem st\u00e4dtischen Wohnungsunternehmen SAGA verwaltet. Eine Erzeugergenossenschaft, zahlreiche L\u00e4den, \u00c4rzte und die G\u00e4rten sollten eine eigenst\u00e4ndige Versorgung der hier wohnenden Bev\u00f6lkerung erm\u00f6glichen.Eine\u2026","rel":"","context":"\u00c4hnlicher Beitrag","block_context":{"text":"\u00c4hnlicher Beitrag","link":""},"img":{"alt_text":"","src":"https:\/\/i0.wp.com\/www.steenkamper.de\/wp-content\/uploads\/2021\/02\/Nachbarschaftsplan2021-2.jpg?resize=350%2C200&ssl=1","width":350,"height":200,"srcset":"https:\/\/i0.wp.com\/www.steenkamper.de\/wp-content\/uploads\/2021\/02\/Nachbarschaftsplan2021-2.jpg?resize=350%2C200&ssl=1 1x, https:\/\/i0.wp.com\/www.steenkamper.de\/wp-content\/uploads\/2021\/02\/Nachbarschaftsplan2021-2.jpg?resize=525%2C300&ssl=1 1.5x, https:\/\/i0.wp.com\/www.steenkamper.de\/wp-content\/uploads\/2021\/02\/Nachbarschaftsplan2021-2.jpg?resize=700%2C400&ssl=1 2x"},"classes":[]},{"id":382,"url":"https:\/\/www.steenkamper.de\/index.php\/siedlung-3\/","url_meta":{"origin":1570,"position":1},"title":"Die Steenkampsiedlung","author":"Max","date":"14\/12\/2015","format":false,"excerpt":"Die Steenkampsiedlung mit 760 Mietwohnungen und \u2013h\u00e4user wurde in den 1920er Jahren f\u00fcr Kriegsr\u00fcckkehrer errichtet und von dem st\u00e4dtischen Wohnungsunternehmen SAGA verwaltet. Eine Erzeugergenossenschaft, zahlreiche L\u00e4den, \u00c4rzte und die G\u00e4rten sollten eine eigenst\u00e4ndige Versorgung der hier wohnenden Bev\u00f6lkerung erm\u00f6glichen. Eine optimierte Planungsweise hielt die Baukosten niedrig, so verbaute man z.\u2026","rel":"","context":"\u00c4hnlicher Beitrag","block_context":{"text":"\u00c4hnlicher Beitrag","link":""},"img":{"alt_text":"","src":"https:\/\/i0.wp.com\/www.steenkamper.de\/wp-content\/uploads\/2021\/02\/Nachbarschaftsplan2021-2-scaled.jpg?resize=350%2C200&ssl=1","width":350,"height":200,"srcset":"https:\/\/i0.wp.com\/www.steenkamper.de\/wp-content\/uploads\/2021\/02\/Nachbarschaftsplan2021-2-scaled.jpg?resize=350%2C200&ssl=1 1x, https:\/\/i0.wp.com\/www.steenkamper.de\/wp-content\/uploads\/2021\/02\/Nachbarschaftsplan2021-2-scaled.jpg?resize=525%2C300&ssl=1 1.5x, https:\/\/i0.wp.com\/www.steenkamper.de\/wp-content\/uploads\/2021\/02\/Nachbarschaftsplan2021-2-scaled.jpg?resize=700%2C400&ssl=1 2x, https:\/\/i0.wp.com\/www.steenkamper.de\/wp-content\/uploads\/2021\/02\/Nachbarschaftsplan2021-2-scaled.jpg?resize=1050%2C600&ssl=1 3x, https:\/\/i0.wp.com\/www.steenkamper.de\/wp-content\/uploads\/2021\/02\/Nachbarschaftsplan2021-2-scaled.jpg?resize=1400%2C800&ssl=1 4x"},"classes":[]},{"id":15242,"url":"https:\/\/www.steenkamper.de\/index.php\/mit-der-strassenbahn-zum-steenkamp\/","url_meta":{"origin":1570,"position":2},"title":"Mit der Strassenbahn zum Steenkamp?","author":"Max","date":"14\/03\/2021","format":false,"excerpt":"Aus dem Steenkamper 1\/2021 von Rainer Dodt vom Eisenbahnmuseumsvereins VVM www.vvm-museumsbahn.de Ja, nat\u00fcrlich: bis zur Trabrennbahn und dann zu Fu\u00df. So jedenfalls kennen das \u00c4ltere noch, die vor 1975 auf ihrem Weg in die Stadt und zur\u00fcck mit Linie 1 oder 11 fuhren, wenn sie nicht in die andere Richtung\u2026","rel":"","context":"\u00c4hnlicher Beitrag","block_context":{"text":"\u00c4hnlicher Beitrag","link":""},"img":{"alt_text":"","src":"https:\/\/i0.wp.com\/www.steenkamper.de\/wp-content\/uploads\/2019\/10\/HeinzBurmeisterTrabrennbahn-Bahrenfeld-70er-Jahre-1099-Kopie.jpg?fit=1200%2C528&ssl=1&resize=350%2C200","width":350,"height":200,"srcset":"https:\/\/i0.wp.com\/www.steenkamper.de\/wp-content\/uploads\/2019\/10\/HeinzBurmeisterTrabrennbahn-Bahrenfeld-70er-Jahre-1099-Kopie.jpg?fit=1200%2C528&ssl=1&resize=350%2C200 1x, https:\/\/i0.wp.com\/www.steenkamper.de\/wp-content\/uploads\/2019\/10\/HeinzBurmeisterTrabrennbahn-Bahrenfeld-70er-Jahre-1099-Kopie.jpg?fit=1200%2C528&ssl=1&resize=525%2C300 1.5x, https:\/\/i0.wp.com\/www.steenkamper.de\/wp-content\/uploads\/2019\/10\/HeinzBurmeisterTrabrennbahn-Bahrenfeld-70er-Jahre-1099-Kopie.jpg?fit=1200%2C528&ssl=1&resize=700%2C400 2x, https:\/\/i0.wp.com\/www.steenkamper.de\/wp-content\/uploads\/2019\/10\/HeinzBurmeisterTrabrennbahn-Bahrenfeld-70er-Jahre-1099-Kopie.jpg?fit=1200%2C528&ssl=1&resize=1050%2C600 3x"},"classes":[]},{"id":18689,"url":"https:\/\/www.steenkamper.de\/index.php\/oepnv-in-der-steenkampsiedlung\/","url_meta":{"origin":1570,"position":3},"title":"\u00d6PNV in der Steenkampsiedlung","author":"Max","date":"15\/03\/2022","format":false,"excerpt":"Hier die n\u00e4chsten Abfahrten vom Busknotenpunkt \u201eBahrenfeld, Trabrennbahn\u201c. Aktuelle Abfahrten werden mit Versp\u00e4tungen angezeigt. height=\"550\" width=\"90%\" Wer eine andere Haltestelle angezeigt bekommen m\u00f6chte, kann sich einen eigenen Link beim HVV erstellen:https:\/\/www.hvv.de\/de\/abfahrtsmonitor 1975 war es noch etwas beschaulicher\u2026 https:\/\/youtu.be\/tszOnpkyM54","rel":"","context":"\u00c4hnlicher Beitrag","block_context":{"text":"\u00c4hnlicher Beitrag","link":""},"img":{"alt_text":"","src":"https:\/\/i0.wp.com\/www.steenkamper.de\/wp-content\/uploads\/2021\/03\/Strassenbahn.jpg?fit=639%2C451&ssl=1&resize=350%2C200","width":350,"height":200,"srcset":"https:\/\/i0.wp.com\/www.steenkamper.de\/wp-content\/uploads\/2021\/03\/Strassenbahn.jpg?fit=639%2C451&ssl=1&resize=350%2C200 1x, https:\/\/i0.wp.com\/www.steenkamper.de\/wp-content\/uploads\/2021\/03\/Strassenbahn.jpg?fit=639%2C451&ssl=1&resize=525%2C300 1.5x"},"classes":[]},{"id":17778,"url":"https:\/\/www.steenkamper.de\/index.php\/science-city-bahrenfeld\/","url_meta":{"origin":1570,"position":4},"title":"Science City Bahrenfeld","author":"Max","date":"31\/12\/2021","format":false,"excerpt":"Ausschuss \u201eScience City und die Steenkampsiedlung\"Kontakt: Alexander SchwertnerEbertallee 187\u00a0 Email:\u00a0alschwert(at)gmx.de siehe \u201eDer Steenkamper\u201c Ausgabe 1\/2024 Seite 24&25 aus der Mitgliederzeitung \u201eDer Steenkamper\u201c Ausgabe 2\/2022 Seite 18 Bitte nutzt die Kommentarfunktion (unten) um wichtige Punkte noch zu erg\u00e4nzen!Damit unsere Steenkamper-Interessen mit in die Planungen einflie\u00dfen k\u00f6nnen, soll demn\u00e4chst ein Positionspapier an\u2026","rel":"","context":"Mit 1 Kommentar","block_context":{"text":"Mit 1 Kommentar","link":"https:\/\/www.steenkamper.de\/index.php\/science-city-bahrenfeld\/#comments"},"img":{"alt_text":"","src":"https:\/\/i0.wp.com\/www.steenkamper.de\/wp-content\/uploads\/2024\/01\/AusschussScienCity.png?resize=350%2C200&ssl=1","width":350,"height":200,"srcset":"https:\/\/i0.wp.com\/www.steenkamper.de\/wp-content\/uploads\/2024\/01\/AusschussScienCity.png?resize=350%2C200&ssl=1 1x, https:\/\/i0.wp.com\/www.steenkamper.de\/wp-content\/uploads\/2024\/01\/AusschussScienCity.png?resize=525%2C300&ssl=1 1.5x, https:\/\/i0.wp.com\/www.steenkamper.de\/wp-content\/uploads\/2024\/01\/AusschussScienCity.png?resize=700%2C400&ssl=1 2x, https:\/\/i0.wp.com\/www.steenkamper.de\/wp-content\/uploads\/2024\/01\/AusschussScienCity.png?resize=1050%2C600&ssl=1 3x, https:\/\/i0.wp.com\/www.steenkamper.de\/wp-content\/uploads\/2024\/01\/AusschussScienCity.png?resize=1400%2C800&ssl=1 4x"},"classes":[]},{"id":1085,"url":"https:\/\/www.steenkamper.de\/index.php\/hommage-an-steenkamp\/","url_meta":{"origin":1570,"position":5},"title":"Hommage an Steenkamp","author":"Max","date":"06\/01\/2016","format":false,"excerpt":"\"Hommage an Steenkamp\" aus dem Steenkamper Ausgaben 2\/2010,\u00a02\/2010 und\u00a02\/2011 von Erich Riegner (aus: \u201eAuf Umwegen nach Altona\u201c) Die Kinder, mit denen ich spielte, kamen alle aus derselben Ecke, n\u00e4mlich aus Altona, genauer gesagt, Bahrenfeld, oder noch genauer: \u201eSteenkamp\u201c. Letzteres hei\u00dft auf Hochdeutsch \u201eSteinfeld\u201c bzw. \u201eSteinacker\u201c und war noch bis ins\u2026","rel":"","context":"\u00c4hnlicher Beitrag","block_context":{"text":"\u00c4hnlicher Beitrag","link":""},"img":{"alt_text":"","src":"","width":0,"height":0},"classes":[]}],"ticketed":false,"_links":{"self":[{"href":"https:\/\/www.steenkamper.de\/index.php\/wp-json\/wp\/v2\/pages\/1570","targetHints":{"allow":["GET"]}}],"collection":[{"href":"https:\/\/www.steenkamper.de\/index.php\/wp-json\/wp\/v2\/pages"}],"about":[{"href":"https:\/\/www.steenkamper.de\/index.php\/wp-json\/wp\/v2\/types\/page"}],"author":[{"embeddable":true,"href":"https:\/\/www.steenkamper.de\/index.php\/wp-json\/wp\/v2\/users\/6"}],"replies":[{"embeddable":true,"href":"https:\/\/www.steenkamper.de\/index.php\/wp-json\/wp\/v2\/comments?post=1570"}],"version-history":[{"count":5,"href":"https:\/\/www.steenkamper.de\/index.php\/wp-json\/wp\/v2\/pages\/1570\/revisions"}],"predecessor-version":[{"id":4302,"href":"https:\/\/www.steenkamper.de\/index.php\/wp-json\/wp\/v2\/pages\/1570\/revisions\/4302"}],"wp:attachment":[{"href":"https:\/\/www.steenkamper.de\/index.php\/wp-json\/wp\/v2\/media?parent=1570"}],"curies":[{"name":"wp","href":"https:\/\/api.w.org\/{rel}","templated":true}]}}