{"id":138,"date":"2015-12-15T10:19:22","date_gmt":"2015-12-15T09:19:22","guid":{"rendered":"https:\/\/steenkamper.wordpress.com\/?page_id=138"},"modified":"2020-08-04T10:13:46","modified_gmt":"2020-08-04T08:13:46","slug":"kloenschnacktreff","status":"publish","type":"page","link":"https:\/\/www.steenkamper.de\/index.php\/kloenschnacktreff\/","title":{"rendered":"Kl\u00f6nschnacktreff"},"content":{"rendered":"<p><b>Treffen jeden ersten Dienstag im Monat ab 16h im Steenkampsaal<br \/>\n<\/b>Kontakt: Inga Lund-Thiele, Tel.: 8991143 <a href=\"mailto:lund.thiele@posteo.de\">lund.thiele(at)posteo.de<\/a><\/p>\n<p>Zum Kl\u00f6nschnack treffen sich hier Jung und alt, um in gem\u00fctlicher Runde bei Kaffee und Kuchen zusammen zu sitzen. Es gibt keine festen Themen.<br \/>\nFr\u00fcher trafen wir uns beim Einkauf in der Pro, dem Gang zur Post in der Wichmannstra\u00dfe fast t\u00e4glich und hielten ein kurzes Schw\u00e4tzchen. Das geh\u00f6rt leider der Vergangenheit an. Wir nicht. Deswegen treffen wir uns &#8211; generationen\u00fcbergreifend &#8211; an diesem Tag, um uns auszutauschen.<\/p>\n<p>Jeder ist herzlich willkommen.<\/p>\n<hr \/>\n<p><a href=\"https:\/\/i0.wp.com\/www.steenkamper.de\/wp-content\/uploads\/2020\/08\/Kl%C3%B6nschnack.jpg?ssl=1\"><img data-recalc-dims=\"1\" fetchpriority=\"high\" decoding=\"async\" data-attachment-id=\"11114\" data-permalink=\"https:\/\/www.steenkamper.de\/index.php\/kloenschnacktreff\/kloenschnack\/\" data-orig-file=\"https:\/\/i0.wp.com\/www.steenkamper.de\/wp-content\/uploads\/2020\/08\/Kl%C3%B6nschnack.jpg?fit=2364%2C1536&amp;ssl=1\" data-orig-size=\"2364,1536\" data-comments-opened=\"1\" data-image-meta=\"{&quot;aperture&quot;:&quot;2&quot;,&quot;credit&quot;:&quot;&quot;,&quot;camera&quot;:&quot;ALE-L21&quot;,&quot;caption&quot;:&quot;&quot;,&quot;created_timestamp&quot;:&quot;1594131600&quot;,&quot;copyright&quot;:&quot;&quot;,&quot;focal_length&quot;:&quot;3.79&quot;,&quot;iso&quot;:&quot;710&quot;,&quot;shutter_speed&quot;:&quot;0.03030303030303&quot;,&quot;title&quot;:&quot;&quot;,&quot;orientation&quot;:&quot;0&quot;}\" data-image-title=\"Kl\u00f6nschnack\" data-image-description=\"\" data-image-caption=\"&lt;p&gt;\u201eKl\u00f6nschnack\u201c&lt;\/p&gt;\n\" data-large-file=\"https:\/\/i0.wp.com\/www.steenkamper.de\/wp-content\/uploads\/2020\/08\/Kl%C3%B6nschnack.jpg?fit=1024%2C665&amp;ssl=1\" class=\"alignnone wp-image-11114 size-large\" src=\"https:\/\/i0.wp.com\/www.steenkamper.de\/wp-content\/uploads\/2020\/08\/Kl%C3%B6nschnack.jpg?resize=750%2C487&#038;ssl=1\" alt=\"\" width=\"750\" height=\"487\" srcset=\"https:\/\/i0.wp.com\/www.steenkamper.de\/wp-content\/uploads\/2020\/08\/Kl%C3%B6nschnack.jpg?resize=1024%2C665&amp;ssl=1 1024w, https:\/\/i0.wp.com\/www.steenkamper.de\/wp-content\/uploads\/2020\/08\/Kl%C3%B6nschnack.jpg?resize=300%2C195&amp;ssl=1 300w, https:\/\/i0.wp.com\/www.steenkamper.de\/wp-content\/uploads\/2020\/08\/Kl%C3%B6nschnack.jpg?resize=768%2C499&amp;ssl=1 768w, https:\/\/i0.wp.com\/www.steenkamper.de\/wp-content\/uploads\/2020\/08\/Kl%C3%B6nschnack.jpg?resize=500%2C325&amp;ssl=1 500w, https:\/\/i0.wp.com\/www.steenkamper.de\/wp-content\/uploads\/2020\/08\/Kl%C3%B6nschnack.jpg?resize=1536%2C998&amp;ssl=1 1536w, https:\/\/i0.wp.com\/www.steenkamper.de\/wp-content\/uploads\/2020\/08\/Kl%C3%B6nschnack.jpg?resize=2048%2C1331&amp;ssl=1 2048w, https:\/\/i0.wp.com\/www.steenkamper.de\/wp-content\/uploads\/2020\/08\/Kl%C3%B6nschnack.jpg?resize=450%2C292&amp;ssl=1 450w, https:\/\/i0.wp.com\/www.steenkamper.de\/wp-content\/uploads\/2020\/08\/Kl%C3%B6nschnack.jpg?resize=1000%2C650&amp;ssl=1 1000w\" sizes=\"(max-width: 750px) 100vw, 750px\" \/><\/a>7.Juli 2020 &#8211; erster Kl\u00f6nschnack nach vier Monaten Corona-Pause. Alle waren froh, dass es nun wieder m\u00f6glich ist sich zu treffen und zu kl\u00f6nen. Die Verst\u00e4ndigung gestaltete sich etwas schwierig durch die Abstandsregeln, aber trotzdem war es ein sch\u00f6ner Nachmittag. Wir freuen uns schon auf das n\u00e4chste Treffen.<\/p>\n","protected":false},"excerpt":{"rendered":"<p>Treffen jeden ersten Dienstag im Monat ab 16h im Steenkampsaal Kontakt: Inga Lund-Thiele, Tel.: 8991143 lund.thiele(at)posteo.de Zum Kl\u00f6nschnack treffen sich hier Jung und alt, um in gem\u00fctlicher Runde bei Kaffee [&hellip;]<\/p>\n","protected":false},"author":1,"featured_media":0,"parent":0,"menu_order":0,"comment_status":"closed","ping_status":"closed","template":"","meta":{"_acf_changed":false,"site-sidebar-layout":"default","site-content-layout":"","ast-site-content-layout":"default","site-content-style":"default","site-sidebar-style":"default","ast-global-header-display":"","ast-banner-title-visibility":"","ast-main-header-display":"","ast-hfb-above-header-display":"","ast-hfb-below-header-display":"","ast-hfb-mobile-header-display":"","site-post-title":"","ast-breadcrumbs-content":"","ast-featured-img":"","footer-sml-layout":"","ast-disable-related-posts":"","theme-transparent-header-meta":"","adv-header-id-meta":"","stick-header-meta":"","header-above-stick-meta":"","header-main-stick-meta":"","header-below-stick-meta":"","astra-migrate-meta-layouts":"default","ast-page-background-enabled":"default","ast-page-background-meta":{"desktop":{"background-color":"var(--ast-global-color-5)","background-image":"","background-repeat":"repeat","background-position":"center center","background-size":"auto","background-attachment":"scroll","background-type":"","background-media":"","overlay-type":"","overlay-color":"","overlay-opacity":"","overlay-gradient":""},"tablet":{"background-color":"","background-image":"","background-repeat":"repeat","background-position":"center center","background-size":"auto","background-attachment":"scroll","background-type":"","background-media":"","overlay-type":"","overlay-color":"","overlay-opacity":"","overlay-gradient":""},"mobile":{"background-color":"","background-image":"","background-repeat":"repeat","background-position":"center center","background-size":"auto","background-attachment":"scroll","background-type":"","background-media":"","overlay-type":"","overlay-color":"","overlay-opacity":"","overlay-gradient":""}},"ast-content-background-meta":{"desktop":{"background-color":"var(--ast-global-color-4)","background-image":"","background-repeat":"repeat","background-position":"center center","background-size":"auto","background-attachment":"scroll","background-type":"","background-media":"","overlay-type":"","overlay-color":"","overlay-opacity":"","overlay-gradient":""},"tablet":{"background-color":"var(--ast-global-color-4)","background-image":"","background-repeat":"repeat","background-position":"center center","background-size":"auto","background-attachment":"scroll","background-type":"","background-media":"","overlay-type":"","overlay-color":"","overlay-opacity":"","overlay-gradient":""},"mobile":{"background-color":"var(--ast-global-color-4)","background-image":"","background-repeat":"repeat","background-position":"center center","background-size":"auto","background-attachment":"scroll","background-type":"","background-media":"","overlay-type":"","overlay-color":"","overlay-opacity":"","overlay-gradient":""}},"_price":"","_stock":"","_tribe_ticket_header":"","_tribe_default_ticket_provider":"","_tribe_ticket_capacity":"0","_ticket_start_date":"","_ticket_end_date":"","_tribe_ticket_show_description":"","_tribe_ticket_show_not_going":false,"_tribe_ticket_use_global_stock":"","_tribe_ticket_global_stock_level":"","_global_stock_mode":"","_global_stock_cap":"","_tribe_rsvp_for_event":"","_tribe_ticket_going_count":"","_tribe_ticket_not_going_count":"","_tribe_tickets_list":"[]","_tribe_ticket_has_attendee_info_fields":false,"jetpack_post_was_ever_published":false,"footnotes":"","_tec_slr_enabled":"","_tec_slr_layout":""},"class_list":["post-138","page","type-page","status-publish","hentry"],"acf":[],"jetpack_sharing_enabled":false,"jetpack_shortlink":"https:\/\/wp.me\/P74Wuo-2e","jetpack_likes_enabled":true,"jetpack-related-posts":[{"id":1799,"url":"https:\/\/www.steenkamper.de\/index.php\/fluechtlingsarbeit\/ag-wlaninternet\/protokoll-10-2-16\/","url_meta":{"origin":138,"position":0},"title":"Protokoll 10.02.2016","author":"Max","date":"26\/02\/2016","format":false,"excerpt":"Protokoll vom 10.02.2016 Beim dem letzten Treffen der AG im Januar 2016 war Bernd Thielk, Gesch\u00e4ftsf\u00fchrer, willy.tel GmbH zu Gast. Damals wurde vereinbart, dass es unsere Gruppe \u00fcber bereits laufende Gespr\u00e4che mit dem Senat zur Realisierung von WLAN in Fl\u00fcchtlingsunterk\u00fcnften auf dem laufenden h\u00e4lt. Hintergrund ist das Vorhaben des Zentralen\u2026","rel":"","context":"\u00c4hnlicher Beitrag","block_context":{"text":"\u00c4hnlicher Beitrag","link":""},"img":{"alt_text":"","src":"","width":0,"height":0},"classes":[]},{"id":116,"url":"https:\/\/www.steenkamper.de\/index.php\/steenkamp-singers\/","url_meta":{"origin":138,"position":1},"title":"Steenkamp &#8211; Singers","author":"admin","date":"15\/12\/2015","format":false,"excerpt":"Jeden Dienstag ab 19:30 Uhr im Steenkampsaal Leitung und Info: Kristiana G\u00e4rtner, Tel. 899 21 88 Seit 2002 treffen wir uns zumeist regelm\u00e4\u00dfig jeden Dienstag im Steenkampsaal, um zusammen zu singen. Dabei liegt unser Schwerpunkt im Bereich Gospel. Gelegentlich singen wir auch mal etwas anderes - aber eher selten. Wir\u2026","rel":"","context":"\u00c4hnlicher Beitrag","block_context":{"text":"\u00c4hnlicher Beitrag","link":""},"img":{"alt_text":"","src":"","width":0,"height":0},"classes":[]},{"id":1638,"url":"https:\/\/www.steenkamper.de\/index.php\/fluechtlingsarbeit\/ag-wlaninternet\/","url_meta":{"origin":138,"position":2},"title":"AG WLAN\/Internet","author":"Max","date":"13\/02\/2016","format":false,"excerpt":"Protokolle der Treffen der Fl\u00fcchtlingsunterst\u00fctzung AG: Protokoll 10.2.16\u00a0Protokoll 13.1.16 Die AG WLAN\/Internet stellt Ihre Arbeit\/Ziele vor: Hintergrund: \u00dcbersetzungen, Vorbereitungen von Beh\u00f6rdeng\u00e4ngen, Kontakt \u00fcber soziale Medien zu Verwandten und Freunden sowie das Schreiben von Bewerbungen oder Korrespondenz zu Unternehmen ist heutzutage gr\u00f6\u00dftenteils nur noch \u00fcber den Zugang zum Internet m\u00f6glich. Um\u2026","rel":"","context":"\u00c4hnlicher Beitrag","block_context":{"text":"\u00c4hnlicher Beitrag","link":""},"img":{"alt_text":"","src":"","width":0,"height":0},"classes":[]},{"id":3237,"url":"https:\/\/www.steenkamper.de\/index.php\/fluechtlingsarbeit\/cafe-vogelweide\/","url_meta":{"origin":138,"position":3},"title":"Caf\u00e9 Vogelweide","author":"Max","date":"31\/01\/2017","format":false,"excerpt":"Termine 2026 KEIN Caf\u00e9 im Dezember 2025 25.1., 22.2., 29,3., kein Caf\u00e9 im Apr., 31.5., 28.6., kein Caf\u00e9 im Juli, 30.8., 27.9., kein Caf\u00e9 im Okt., 8.11., 13.12. Was machen wir? Kl\u00f6nen, Kuchen verspeisen, spielen, malen, sich austauschen, Mandalas malen, Deutsch reden, neue Kontakte kn\u00fcpfen, lachen, Fotos machen, bei Regen\u2026","rel":"","context":"\u00c4hnlicher Beitrag","block_context":{"text":"\u00c4hnlicher Beitrag","link":""},"img":{"alt_text":"","src":"https:\/\/i0.wp.com\/www.steenkamper.de\/wp-content\/uploads\/2025\/12\/CafeVogelweide_ALLE_TERMINE_2026-220x300.jpg?resize=350%2C200&ssl=1","width":350,"height":200},"classes":[]},{"id":1788,"url":"https:\/\/www.steenkamper.de\/index.php\/fluechtlingsarbeit\/angebote-fuer-frauen\/","url_meta":{"origin":138,"position":4},"title":"Nachbarinnentreff","author":"Gertrud Krapp","date":"26\/02\/2016","format":false,"excerpt":"sagt Tsch\u00fcss! Wiedersehen mit und im und vom Nachbarinnentreff. Am 07. August 2020 um 11:00 Uhr war es noch einmal soweit. Die T\u00fcren des Steenkampsaales gingen wieder und noch einmal f\u00fcr uns auf.\u00a0 Dieser Termin war gleichzeitig auch der letzte f\u00fcr das Nachbarinnentreffen. Damit sagte das Team vom Nachbarinnentreff \"Tsch\u00fcs\".\u2026","rel":"","context":"\u00c4hnlicher Beitrag","block_context":{"text":"\u00c4hnlicher Beitrag","link":""},"img":{"alt_text":"Unser Platz zum Kl\u00f6nen ....","src":"https:\/\/i0.wp.com\/www.steenkamper.de\/wp-content\/uploads\/2017\/10\/fruehst-300x146.jpg?resize=350%2C200&ssl=1","width":350,"height":200},"classes":[]},{"id":14334,"url":"https:\/\/www.steenkamper.de\/index.php\/baecker-roegner\/","url_meta":{"origin":138,"position":5},"title":"B\u00e4cker R\u00f6gner","author":"Max","date":"20\/01\/2021","format":false,"excerpt":"R\u00f6gner Team am 31.12.2020 aus dem Steenkamper 1\/2021 von Jule L\u00fcbke und Anke Zimmermann R\u00f6gner\u00a0\u00a0-\u00a0\u00a0das Ende\u00a0vom Br\u00f6tchenduft in der Ebertallee. R\u00f6gners\u00a0Backstube\u00a0hat am 31.12.2020 mit den letzten Verk\u00e4ufen von\u00a0Berlinern,\u00a0einer kleinen Tr\u00e4ne im Knopfloch\u00a0und Abschiedssekt\u00a0ihren \u00fcber 80j\u00e4hrigen Betrieb eingestellt.Der nun\u00a0mitsamt seiner Familie\u00a0der\u00a0Ebertalle\u00a0228 den R\u00fccken kehrende B\u00e4ckermeister Koslowski hat 1980 bei B\u00e4cker\u00a0R\u00f6gner\u00a0mit einem\u2026","rel":"","context":"\u00c4hnlicher Beitrag","block_context":{"text":"\u00c4hnlicher Beitrag","link":""},"img":{"alt_text":"","src":"https:\/\/i0.wp.com\/www.steenkamper.de\/wp-content\/uploads\/2020\/12\/R%C3%B6gners-scaled.jpg?fit=923%2C1200&ssl=1&resize=350%2C200","width":350,"height":200,"srcset":"https:\/\/i0.wp.com\/www.steenkamper.de\/wp-content\/uploads\/2020\/12\/R%C3%B6gners-scaled.jpg?fit=923%2C1200&ssl=1&resize=350%2C200 1x, https:\/\/i0.wp.com\/www.steenkamper.de\/wp-content\/uploads\/2020\/12\/R%C3%B6gners-scaled.jpg?fit=923%2C1200&ssl=1&resize=525%2C300 1.5x, https:\/\/i0.wp.com\/www.steenkamper.de\/wp-content\/uploads\/2020\/12\/R%C3%B6gners-scaled.jpg?fit=923%2C1200&ssl=1&resize=700%2C400 2x"},"classes":[]}],"ticketed":false,"_links":{"self":[{"href":"https:\/\/www.steenkamper.de\/index.php\/wp-json\/wp\/v2\/pages\/138","targetHints":{"allow":["GET"]}}],"collection":[{"href":"https:\/\/www.steenkamper.de\/index.php\/wp-json\/wp\/v2\/pages"}],"about":[{"href":"https:\/\/www.steenkamper.de\/index.php\/wp-json\/wp\/v2\/types\/page"}],"author":[{"embeddable":true,"href":"https:\/\/www.steenkamper.de\/index.php\/wp-json\/wp\/v2\/users\/1"}],"replies":[{"embeddable":true,"href":"https:\/\/www.steenkamper.de\/index.php\/wp-json\/wp\/v2\/comments?post=138"}],"version-history":[{"count":9,"href":"https:\/\/www.steenkamper.de\/index.php\/wp-json\/wp\/v2\/pages\/138\/revisions"}],"predecessor-version":[{"id":11117,"href":"https:\/\/www.steenkamper.de\/index.php\/wp-json\/wp\/v2\/pages\/138\/revisions\/11117"}],"wp:attachment":[{"href":"https:\/\/www.steenkamper.de\/index.php\/wp-json\/wp\/v2\/media?parent=138"}],"curies":[{"name":"wp","href":"https:\/\/api.w.org\/{rel}","templated":true}]}}